{"id":4256,"date":"2024-01-29T11:32:20","date_gmt":"2024-01-29T10:32:20","guid":{"rendered":"https:\/\/www.kranabstuetzplatten.com\/haallbarhet\/"},"modified":"2025-07-02T08:03:14","modified_gmt":"2025-07-02T06:03:14","slug":"haallbarhet","status":"publish","type":"page","link":"https:\/\/www.kranabstuetzplatten.com\/sv\/haallbarhet\/","title":{"rendered":"H\u00e5llbarhet"},"content":{"rendered":"<p>[et_pb_section fb_built=&#8221;1&#8243; custom_padding_last_edited=&#8221;on|phone&#8221; _builder_version=&#8221;4.24.2&#8243; _module_preset=&#8221;default&#8221; custom_margin=&#8221;||||false|false&#8221; custom_margin_tablet=&#8221;||||false|false&#8221; custom_margin_phone=&#8221;||||false|true&#8221; custom_margin_last_edited=&#8221;on|phone&#8221; custom_padding_tablet=&#8221;||0px||false|false&#8221; custom_padding_phone=&#8221;||0px||false|false&#8221; global_colors_info=&#8221;{}&#8221;][et_pb_row make_equal=&#8221;on&#8221; _builder_version=&#8221;4.24.0&#8243; _module_preset=&#8221;default&#8221; max_width=&#8221;1600px&#8221; min_height=&#8221;400px&#8221; min_height_tablet=&#8221;200px&#8221; min_height_phone=&#8221;&#8221; min_height_last_edited=&#8221;on|tablet&#8221; custom_margin=&#8221;100px||||false|false&#8221; custom_padding=&#8221;25px|0px|25px|0px|true|true&#8221; global_colors_info=&#8221;{}&#8221;][et_pb_column type=&#8221;4_4&#8243; _builder_version=&#8221;4.24.0&#8243; _module_preset=&#8221;default&#8221; custom_css_main_element=&#8221;margin: auto;&#8221; global_colors_info=&#8221;{}&#8221;][et_pb_text _builder_version=&#8221;4.24.0&#8243; _module_preset=&#8221;default&#8221; header_text_color=&#8221;gcid-5ea6f707-7589-495b-ac14-f55a09689654&#8243; global_colors_info=&#8221;{%22gcid-5ea6f707-7589-495b-ac14-f55a09689654%22:%91%22header_text_color%22%93}&#8221;]<\/p>\n<h1 style=\"text-align: center;\">H\u00e5llbarhet<\/h1>\n<p>[\/et_pb_text][et_pb_text _builder_version=&#8221;4.24.0&#8243; _module_preset=&#8221;default&#8221; header_5_text_color=&#8221;gcid-5fff3dbb-f849-4bc0-a4a8-65251b0d45ee&#8221; global_colors_info=&#8221;{%22gcid-5fff3dbb-f849-4bc0-a4a8-65251b0d45ee%22:%91%22header_5_text_color%22%93}&#8221;]<\/p>\n<h5 style=\"text-align: center;\">CO2-besparingar och framtid<\/h5>\n<p>[\/et_pb_text][\/et_pb_column][\/et_pb_row][\/et_pb_section][et_pb_section fb_built=&#8221;1&#8243; _builder_version=&#8221;4.24.2&#8243; _module_preset=&#8221;default&#8221; custom_margin_tablet=&#8221;&#8221; custom_margin_phone=&#8221;||||false|true&#8221; custom_margin_last_edited=&#8221;on|phone&#8221; custom_padding=&#8221;||0px||false|false&#8221; global_colors_info=&#8221;{}&#8221;][et_pb_row column_structure=&#8221;1_2,1_2&#8243; _builder_version=&#8221;4.24.0&#8243; _module_preset=&#8221;default&#8221; max_width=&#8221;1600px&#8221; global_colors_info=&#8221;{}&#8221;][et_pb_column type=&#8221;1_2&#8243; _builder_version=&#8221;4.24.0&#8243; _module_preset=&#8221;default&#8221; custom_css_main_element=&#8221;margin:auto;&#8221; global_colors_info=&#8221;{}&#8221;][et_pb_text _builder_version=&#8221;4.24.0&#8243; _module_preset=&#8221;default&#8221; header_5_text_color=&#8221;gcid-5ea6f707-7589-495b-ac14-f55a09689654&#8243; global_colors_info=&#8221;{%22gcid-5ea6f707-7589-495b-ac14-f55a09689654%22:%91%22header_5_text_color%22%93}&#8221;]<\/p>\n<h2>CO2-besparingar: m\u00e4tbara framg\u00e5ngar<\/h2>\n<p>[\/et_pb_text][\/et_pb_column][et_pb_column type=&#8221;1_2&#8243; _builder_version=&#8221;4.24.0&#8243; _module_preset=&#8221;default&#8221; custom_css_main_element=&#8221;margin:auto;&#8221; global_colors_info=&#8221;{}&#8221;][et_pb_text _builder_version=&#8221;4.24.2&#8243; _module_preset=&#8221;default&#8221; global_colors_info=&#8221;{}&#8221;]<\/p>\n<p>P\u00e5 Feinwerk Technologies m\u00e4ter vi v\u00e5r framg\u00e5ng inte bara med ekonomiska indikatorer, utan ocks\u00e5 med v\u00e5rt bidrag till milj\u00f6skyddet. Genom att utveckla l\u00e4ttare och effektivare kranst\u00f6dplattor bidrar vi aktivt till att minska CO2-utsl\u00e4ppen. V\u00e5ra initiativ f\u00f6r att minska CO2-utsl\u00e4ppen \u00e4r ett tydligt \u00e5tagande gentemot v\u00e5r planet och visar att h\u00f6g prestanda och milj\u00f6m\u00e4ssig h\u00e5llbarhet kan g\u00e5 hand i hand.  <\/p>\n<p>[\/et_pb_text][\/et_pb_column][\/et_pb_row][et_pb_row column_structure=&#8221;1_2,1_2&#8243; use_custom_gutter=&#8221;on&#8221; gutter_width=&#8221;2&#8243; make_equal=&#8221;on&#8221; _builder_version=&#8221;4.24.0&#8243; _module_preset=&#8221;default&#8221; max_width=&#8221;1600px&#8221; global_colors_info=&#8221;{}&#8221;][et_pb_column type=&#8221;1_2&#8243; _builder_version=&#8221;4.24.0&#8243; _module_preset=&#8221;default&#8221; background_color=&#8221;gcid-900d4a25-5d4d-4445-b994-67d8dc7f68c1&#8243; border_radii=&#8221;on|10px|10px|10px|10px&#8221; global_colors_info=&#8221;{%22gcid-900d4a25-5d4d-4445-b994-67d8dc7f68c1%22:%91%22background_color%22%93}&#8221;][et_pb_text content_tablet=&#8221;<\/p>\n<div class=%22kab-details-container%22>\n<h2>St\u00f6dplattor f\u00f6r kranar<\/h2>\n<div class=%22badge-container%22>\n<div class=%22badge badge-white%22><span class=%22feinwerk-icon-feather%22><\/span>Prestanda-variant<\/div>\n<div class=%22badge badge-blue%22>upp till -20% vikt<\/div>\n<div class=%22badge badge-green%22><span class=%22feinwerk-icon-leaf%22><\/span>Minskning av koldioxidutsl\u00e4pp<\/div>\n<\/div>\n<\/div>\n<p>&#8221; content_phone=&#8221;<\/p>\n<div class=%22kab-details-container%22>\n<h2 style=%22text-align: left;%22>St\u00f6dplattor f\u00f6r kranar<\/h2>\n<div class=%22badge-container%22>\n<div class=%22badge badge-white%22 style=%22text-align: left;%22><span class=%22feinwerk-icon-feather%22><\/span>Prestanda-variant<\/div>\n<div class=%22badge badge-blue%22 style=%22text-align: left;%22>upp till -20% vikt<\/div>\n<div class=%22badge badge-green%22 style=%22text-align: left;%22><span class=%22feinwerk-icon-leaf%22><\/span>Minskning av koldioxidutsl\u00e4pp<\/div>\n<\/div>\n<\/div>\n<p>&#8221; content_last_edited=&#8221;on|phone&#8221; _builder_version=&#8221;4.24.2&#8243; _module_preset=&#8221;default&#8221; custom_padding=&#8221;40px|40px|40px|40px|true|true&#8221; custom_css_main_element=&#8221;display:flex;||align-items:center;||justify-content:center;||height: 100%;&#8221; custom_css_free_form=&#8221;.kab-details-container{||  display:grid;||  grid-template-columns: 1fr 1fr;||  align-items: center;||  gap: 20px;||}||||@media(max-width: 1400px){||  .kab-details-container{||    grid-template-columns: 1fr;||  }||}&#8221; global_colors_info=&#8221;{}&#8221;]<\/p>\n<div class=\"kab-details-container\">\n<h2>F\u00f6rdelar<\/h2>\n<div class=\"badge-container\">\n<div class=\"badge badge-white\"><span class=\"feinwerk-icon-feather\"><\/span>Prestanda-variant<\/div>\n<div class=\"badge badge-blue\">upp till -20% vikt<\/div>\n<div class=\"badge badge-green\"><span class=\"feinwerk-icon-leaf\"><\/span>Minskning av koldioxidutsl\u00e4pp<\/div>\n<\/div>\n<\/div>\n<p>[\/et_pb_text][\/et_pb_column][et_pb_column type=&#8221;1_2&#8243; _builder_version=&#8221;4.24.0&#8243; _module_preset=&#8221;default&#8221; background_color=&#8221;gcid-900d4a25-5d4d-4445-b994-67d8dc7f68c1&#8243; border_radii=&#8221;on|10px|10px|10px|10px&#8221; global_colors_info=&#8221;{%22gcid-900d4a25-5d4d-4445-b994-67d8dc7f68c1%22:%91%22background_color%22%93}&#8221;][et_pb_image src=&#8221; https:\/\/www.kranabstuetzplatten.com\/wp-content\/uploads\/2025\/07\/kopfmedia_Feinwerk-Anschalg-3_uebersicht.537.webp&#8221; title_text=&#8221;kopfmedia_feinwerk_kranabstuezplatten_A3_\u00fcbersicht.36&#8243; _builder_version=&#8221;4.27.4&#8243; _module_preset=&#8221;default&#8221; dvmd_acat_aria_label=&#8221;Produktabbildung einer wei\u00dfen Kranabst\u00fctzplatte der Feinwerk Group mit blauem Anschlagpunkt. Daneben werden drei Vorteile hervorgehoben: Performance-Variante, bis zu 20 Prozent Gewichtsreduktion und CO2-Reduzierung.&#8221; global_colors_info=&#8221;{}&#8221;][\/et_pb_image][\/et_pb_column][\/et_pb_row][et_pb_row _builder_version=&#8221;4.24.0&#8243; _module_preset=&#8221;default&#8221; max_width=&#8221;1600px&#8221; global_colors_info=&#8221;{}&#8221;][et_pb_column type=&#8221;4_4&#8243; _builder_version=&#8221;4.24.0&#8243; _module_preset=&#8221;default&#8221; custom_css_main_element=&#8221;margin:auto;&#8221; global_colors_info=&#8221;{}&#8221;][et_pb_code _builder_version=&#8221;4.27.4&#8243; _module_preset=&#8221;default&#8221; background_image=&#8221;https:\/\/www.kranabstuetzplatten.com\/wp-content\/uploads\/2024\/02\/feinwerk_nachhaltigkeit-min.jpg&#8221; min_height=&#8221;500px&#8221; dvmd_acat_aria_label=&#8221;Panoramaaufnahme eines bewaldeten Mittelgebirges mit nebelverhangenen H\u00fcgeln. Symbolisiert die Umweltfreundlichkeit und Nachhaltigkeit der Produkte von Feinwerk Technologies.&#8221; border_radii=&#8221;on|10px|10px|10px|10px&#8221; global_colors_info=&#8221;{}&#8221;][\/et_pb_code][\/et_pb_column][\/et_pb_row][\/et_pb_section][et_pb_section fb_built=&#8221;1&#8243; _builder_version=&#8221;4.24.2&#8243; _module_preset=&#8221;default&#8221; custom_margin_tablet=&#8221;&#8221; custom_margin_phone=&#8221;||||false|true&#8221; custom_margin_last_edited=&#8221;on|phone&#8221; global_colors_info=&#8221;{}&#8221;][et_pb_row column_structure=&#8221;1_3,2_3&#8243; _builder_version=&#8221;4.24.2&#8243; _module_preset=&#8221;default&#8221; background_color=&#8221;gcid-900d4a25-5d4d-4445-b994-67d8dc7f68c1&#8243; max_width=&#8221;1600px&#8221; custom_padding=&#8221;50px|50px|50px|50px|true|true&#8221; border_radii=&#8221;on|10px|10px|10px|10px&#8221; global_colors_info=&#8221;{%22gcid-900d4a25-5d4d-4445-b994-67d8dc7f68c1%22:%91%22background_color%22%93}&#8221;][et_pb_column type=&#8221;1_3&#8243; _builder_version=&#8221;4.24.0&#8243; _module_preset=&#8221;default&#8221; custom_css_main_element=&#8221;margin:auto;&#8221; global_colors_info=&#8221;{}&#8221;][et_pb_text _builder_version=&#8221;4.24.0&#8243; _module_preset=&#8221;default&#8221; header_2_text_color=&#8221;gcid-5ea6f707-7589-495b-ac14-f55a09689654&#8243; header_5_text_color=&#8221;gcid-5ea6f707-7589-495b-ac14-f55a09689654&#8243; custom_margin=&#8221;||20px||false|false&#8221; global_colors_info=&#8221;{%22gcid-5ea6f707-7589-495b-ac14-f55a09689654%22:%91%22header_5_text_color%22,%22header_2_text_color%22%93}&#8221;]<\/p>\n<h2>V\u00e5r v\u00e4g fram\u00e5t: h\u00e5llbarhet som en p\u00e5g\u00e5ende resa<\/h2>\n<p>[\/et_pb_text][et_pb_text _builder_version=&#8221;4.24.0&#8243; _module_preset=&#8221;default&#8221; header_4_text_color=&#8221;gcid-5ea6f707-7589-495b-ac14-f55a09689654&#8243; custom_margin_tablet=&#8221;||30px||false|false&#8221; custom_margin_phone=&#8221;||30px||false|false&#8221; custom_margin_last_edited=&#8221;on|tablet&#8221; global_colors_info=&#8221;{%22gcid-5ea6f707-7589-495b-ac14-f55a09689654%22:%91%22header_4_text_color%22%93}&#8221;]<\/p>\n<h4 class=\"feinwerk-icon-feinwerk-logo\"><\/h4>\n<p>[\/et_pb_text][\/et_pb_column][et_pb_column type=&#8221;2_3&#8243; _builder_version=&#8221;4.24.0&#8243; _module_preset=&#8221;default&#8221; custom_css_main_element=&#8221;margin:auto;&#8221; global_colors_info=&#8221;{}&#8221;][et_pb_text _builder_version=&#8221;4.24.2&#8243; _module_preset=&#8221;default&#8221; global_colors_info=&#8221;{}&#8221;]<\/p>\n<p>H\u00e5llbarhet p\u00e5 Feinwerk Technologies \u00e4r en p\u00e5g\u00e5ende process. Vi str\u00e4var alltid efter att ytterligare f\u00f6rb\u00e4ttra v\u00e5ra produkter, processer och metoder f\u00f6r att minska v\u00e5rt ekologiska fotavtryck. V\u00e5r vision f\u00f6r framtiden omfattar innovativa projekt och initiativ som syftar till att flytta fram gr\u00e4nserna f\u00f6r vad som \u00e4r m\u00f6jligt n\u00e4r det g\u00e4ller h\u00e5llbarhet. Vi bjuder in v\u00e5ra kunder och samarbetspartners att f\u00f6lja med oss p\u00e5 den h\u00e4r resan och arbeta tillsammans f\u00f6r att skapa en mer h\u00e5llbar framtid.   <\/p>\n<p>[\/et_pb_text][\/et_pb_column][\/et_pb_row][\/et_pb_section]<\/p>\n","protected":false},"excerpt":{"rendered":"<p>H\u00e5llbarhetCO2-besparingar och framtidCO2-besparingar: m\u00e4tbara framg\u00e5ngarP\u00e5 Feinwerk Technologies m\u00e4ter vi v\u00e5r framg\u00e5ng inte bara med ekonomiska indikatorer, utan ocks\u00e5 med v\u00e5rt bidrag till milj\u00f6skyddet. Genom att utveckla l\u00e4ttare och effektivare kranst\u00f6dplattor bidrar vi aktivt till att minska CO2-utsl\u00e4ppen. V\u00e5ra initiativ f\u00f6r att minska CO2-utsl\u00e4ppen \u00e4r ett tydligt \u00e5tagande gentemot v\u00e5r planet och visar att h\u00f6g prestanda [&hellip;]<\/p>\n","protected":false},"author":1,"featured_media":4257,"parent":0,"menu_order":0,"comment_status":"closed","ping_status":"closed","template":"","meta":{"_acf_changed":false,"_et_pb_use_builder":"on","_et_pb_old_content":"","_et_gb_content_width":"","inline_featured_image":false,"footnotes":""},"class_list":["post-4256","page","type-page","status-publish","has-post-thumbnail","hentry"],"acf":[],"tag_names":[],"category_names":[],"thumbnail":"https:\/\/www.kranabstuetzplatten.com\/wp-content\/uploads\/2024\/02\/feinwerk_nachhaltigkeit-min.jpg","_links":{"self":[{"href":"https:\/\/www.kranabstuetzplatten.com\/sv\/wp-json\/wp\/v2\/pages\/4256","targetHints":{"allow":["GET"]}}],"collection":[{"href":"https:\/\/www.kranabstuetzplatten.com\/sv\/wp-json\/wp\/v2\/pages"}],"about":[{"href":"https:\/\/www.kranabstuetzplatten.com\/sv\/wp-json\/wp\/v2\/types\/page"}],"author":[{"embeddable":true,"href":"https:\/\/www.kranabstuetzplatten.com\/sv\/wp-json\/wp\/v2\/users\/1"}],"replies":[{"embeddable":true,"href":"https:\/\/www.kranabstuetzplatten.com\/sv\/wp-json\/wp\/v2\/comments?post=4256"}],"version-history":[{"count":10,"href":"https:\/\/www.kranabstuetzplatten.com\/sv\/wp-json\/wp\/v2\/pages\/4256\/revisions"}],"predecessor-version":[{"id":6621,"href":"https:\/\/www.kranabstuetzplatten.com\/sv\/wp-json\/wp\/v2\/pages\/4256\/revisions\/6621"}],"wp:featuredmedia":[{"embeddable":true,"href":"https:\/\/www.kranabstuetzplatten.com\/sv\/wp-json\/wp\/v2\/media\/4257"}],"wp:attachment":[{"href":"https:\/\/www.kranabstuetzplatten.com\/sv\/wp-json\/wp\/v2\/media?parent=4256"}],"curies":[{"name":"wp","href":"https:\/\/api.w.org\/{rel}","templated":true}]}}