{"id":5585,"date":"2024-01-29T11:32:20","date_gmt":"2024-01-29T10:32:20","guid":{"rendered":"https:\/\/www.kranabstuetzplatten.com\/sustainability\/"},"modified":"2025-07-02T07:49:40","modified_gmt":"2025-07-02T05:49:40","slug":"sustainability","status":"publish","type":"page","link":"https:\/\/www.kranabstuetzplatten.com\/sk\/sustainability\/","title":{"rendered":"Udr\u017eate\u013enos\u0165"},"content":{"rendered":"<p>[et_pb_section fb_built=&#8221;1&#8243; custom_padding_last_edited=&#8221;on|phone&#8221; _builder_version=&#8221;4.24.2&#8243; _module_preset=&#8221;default&#8221; custom_margin=&#8221;||||false|false&#8221; custom_margin_tablet=&#8221;||||false|false&#8221; custom_margin_phone=&#8221;||||false|true&#8221; custom_margin_last_edited=&#8221;on|phone&#8221; custom_padding_tablet=&#8221;||0px||false|false&#8221; custom_padding_phone=&#8221;||0px||false|false&#8221; global_colors_info=&#8221;{}&#8221;][et_pb_row make_equal=&#8221;on&#8221; _builder_version=&#8221;4.24.0&#8243; _module_preset=&#8221;default&#8221; max_width=&#8221;1600px&#8221; min_height=&#8221;400px&#8221; min_height_tablet=&#8221;200px&#8221; min_height_phone=&#8221;&#8221; min_height_last_edited=&#8221;on|tablet&#8221; custom_margin=&#8221;100px||||false|false&#8221; custom_padding=&#8221;25px|0px|25px|0px|true|true&#8221; global_colors_info=&#8221;{}&#8221;][et_pb_column type=&#8221;4_4&#8243; _builder_version=&#8221;4.24.0&#8243; _module_preset=&#8221;default&#8221; custom_css_main_element=&#8221;margin: auto;&#8221; global_colors_info=&#8221;{}&#8221;][et_pb_text _builder_version=&#8221;4.24.0&#8243; _module_preset=&#8221;default&#8221; header_text_color=&#8221;gcid-5ea6f707-7589-495b-ac14-f55a09689654&#8243; global_colors_info=&#8221;{%22gcid-5ea6f707-7589-495b-ac14-f55a09689654%22:%91%22header_text_color%22%93}&#8221;]<\/p>\n<h1 style=\"text-align: center;\">Udr\u017eate\u013enos\u0165<\/h1>\n<p>[\/et_pb_text][et_pb_text _builder_version=&#8221;4.24.0&#8243; _module_preset=&#8221;default&#8221; header_5_text_color=&#8221;gcid-5fff3dbb-f849-4bc0-a4a8-65251b0d45ee&#8221; global_colors_info=&#8221;{%22gcid-5fff3dbb-f849-4bc0-a4a8-65251b0d45ee%22:%91%22header_5_text_color%22%93}&#8221;]<\/p>\n<h5 style=\"text-align: center;\">\u00daspory CO2 a bud\u00facnos\u0165<\/h5>\n<p>[\/et_pb_text][\/et_pb_column][\/et_pb_row][\/et_pb_section][et_pb_section fb_built=&#8221;1&#8243; _builder_version=&#8221;4.24.2&#8243; _module_preset=&#8221;default&#8221; custom_margin_tablet=&#8221;&#8221; custom_margin_phone=&#8221;||||false|true&#8221; custom_margin_last_edited=&#8221;on|phone&#8221; custom_padding=&#8221;||0px||false|false&#8221; global_colors_info=&#8221;{}&#8221;][et_pb_row column_structure=&#8221;1_2,1_2&#8243; _builder_version=&#8221;4.24.0&#8243; _module_preset=&#8221;default&#8221; max_width=&#8221;1600px&#8221; global_colors_info=&#8221;{}&#8221;][et_pb_column type=&#8221;1_2&#8243; _builder_version=&#8221;4.24.0&#8243; _module_preset=&#8221;default&#8221; custom_css_main_element=&#8221;margin:auto;&#8221; global_colors_info=&#8221;{}&#8221;][et_pb_text _builder_version=&#8221;4.24.0&#8243; _module_preset=&#8221;default&#8221; header_5_text_color=&#8221;gcid-5ea6f707-7589-495b-ac14-f55a09689654&#8243; global_colors_info=&#8221;{%22gcid-5ea6f707-7589-495b-ac14-f55a09689654%22:%91%22header_5_text_color%22%93}&#8221;]<\/p>\n<h2>\u00daspory CO2: merate\u013en\u00e9 \u00faspechy<\/h2>\n<p>[\/et_pb_text][\/et_pb_column][et_pb_column type=&#8221;1_2&#8243; _builder_version=&#8221;4.24.0&#8243; _module_preset=&#8221;default&#8221; custom_css_main_element=&#8221;margin:auto;&#8221; global_colors_info=&#8221;{}&#8221;][et_pb_text _builder_version=&#8221;4.24.2&#8243; _module_preset=&#8221;default&#8221; global_colors_info=&#8221;{}&#8221;]<\/p>\n<p>V spolo\u010dnosti Feinwerk Technologies meriame svoj \u00faspech nielen pod\u013ea ekonomick\u00fdch ukazovate\u013eov, ale aj pod\u013ea n\u00e1\u0161ho pr\u00edspevku k ochrane \u017eivotn\u00e9ho prostredia. V\u00fdvojom \u013eah\u0161\u00edch a \u00fa\u010dinnej\u0161\u00edch \u017eeriavov\u00fdch nosn\u00fdch dosiek akt\u00edvne prispievame k zni\u017eovaniu emisi\u00ed CO2. Na\u0161e iniciat\u00edvy na zn\u00ed\u017eenie emisi\u00ed CO2 s\u00fa jasn\u00fdm z\u00e1v\u00e4zkom vo\u010di na\u0161ej plan\u00e9te a ukazuj\u00fa, \u017ee vysok\u00fd v\u00fdkon a udr\u017eate\u013enos\u0165 \u017eivotn\u00e9ho prostredia m\u00f4\u017eu \u00eds\u0165 ruka v ruke.  <\/p>\n<p>[\/et_pb_text][\/et_pb_column][\/et_pb_row][et_pb_row column_structure=&#8221;1_2,1_2&#8243; use_custom_gutter=&#8221;on&#8221; gutter_width=&#8221;2&#8243; make_equal=&#8221;on&#8221; _builder_version=&#8221;4.24.0&#8243; _module_preset=&#8221;default&#8221; max_width=&#8221;1600px&#8221; global_colors_info=&#8221;{}&#8221;][et_pb_column type=&#8221;1_2&#8243; _builder_version=&#8221;4.24.0&#8243; _module_preset=&#8221;default&#8221; background_color=&#8221;gcid-900d4a25-5d4d-4445-b994-67d8dc7f68c1&#8243; border_radii=&#8221;on|10px|10px|10px|10px&#8221; global_colors_info=&#8221;{%22gcid-900d4a25-5d4d-4445-b994-67d8dc7f68c1%22:%91%22background_color%22%93}&#8221;][et_pb_text content_tablet=&#8221;<\/p>\n<div class=%22kab-details-container%22>\n<h2>Podporn\u00e9 dosky \u017eeriavov<\/h2>\n<div class=%22badge-container%22>\n<div class=%22badge badge-white%22><span class=%22feinwerk-icon-feather%22><\/span>V\u00fdkonnostn\u00fd variant<\/div>\n<div class=%22badge badge-blue%22>a\u017e do -20 % hmotnosti<\/div>\n<div class=%22badge badge-green%22><span class=%22feinwerk-icon-leaf%22><\/span>Zn\u00ed\u017eenie emisi\u00ed CO2<\/div>\n<\/div>\n<\/div>\n<p>&#8221; content_phone=&#8221;<\/p>\n<div class=%22kab-details-container%22>\n<h2 style=%22text-align: left;%22>Podporn\u00e9 dosky \u017eeriavov<\/h2>\n<div class=%22badge-container%22>\n<div class=%22badge badge-white%22 style=%22text-align: left;%22><span class=%22feinwerk-icon-feather%22><\/span>V\u00fdkonnostn\u00fd variant<\/div>\n<div class=%22badge badge-blue%22 style=%22text-align: left;%22>a\u017e do -20 % hmotnosti<\/div>\n<div class=%22badge badge-green%22 style=%22text-align: left;%22><span class=%22feinwerk-icon-leaf%22><\/span>Zn\u00ed\u017eenie emisi\u00ed CO2<\/div>\n<\/div>\n<\/div>\n<p>&#8221; content_last_edited=&#8221;on|phone&#8221; _builder_version=&#8221;4.24.2&#8243; _module_preset=&#8221;default&#8221; custom_padding=&#8221;40px|40px|40px|40px|true|true&#8221; custom_css_main_element=&#8221;display:flex;||align-items:center;||justify-content:center;||height: 100%;&#8221; custom_css_free_form=&#8221;.kab-details-container{||  display:grid;||  grid-template-columns: 1fr 1fr;||  align-items: center;||  gap: 20px;||}||||@media(max-width: 1400px){||  .kab-details-container{||    grid-template-columns: 1fr;||  }||}&#8221; global_colors_info=&#8221;{}&#8221;]<\/p>\n<div class=\"kab-details-container\">\n<h2>V\u00fdhody<\/h2>\n<div class=\"badge-container\">\n<div class=\"badge badge-white\"><span class=\"feinwerk-icon-feather\"><\/span>V\u00fdkonnostn\u00fd variant<\/div>\n<div class=\"badge badge-blue\">a\u017e do -20 % hmotnosti<\/div>\n<div class=\"badge badge-green\"><span class=\"feinwerk-icon-leaf\"><\/span>Zn\u00ed\u017eenie emisi\u00ed CO2<\/div>\n<\/div>\n<\/div>\n<p>[\/et_pb_text][\/et_pb_column][et_pb_column type=&#8221;1_2&#8243; _builder_version=&#8221;4.24.0&#8243; _module_preset=&#8221;default&#8221; background_color=&#8221;gcid-900d4a25-5d4d-4445-b994-67d8dc7f68c1&#8243; border_radii=&#8221;on|10px|10px|10px|10px&#8221; global_colors_info=&#8221;{%22gcid-900d4a25-5d4d-4445-b994-67d8dc7f68c1%22:%91%22background_color%22%93}&#8221;][et_pb_image src=&#8221; https:\/\/www.kranabstuetzplatten.com\/wp-content\/uploads\/2025\/07\/kopfmedia_Feinwerk-Anschalg-3_uebersicht.537.webp&#8221; title_text=&#8221;head_media_fine_work_crane_support_plates_A3_overview.36&#8243; _builder_version=&#8221;4.27.4&#8243; _module_preset=&#8221;default&#8221; hover_enabled=&#8221;0&#8243; global_colors_info=&#8221;{}&#8221; dvmd_acat_aria_label=&#8221;Product image of a white crane support plate from the Feinwerk Group with a blue attachment point. Three advantages are also highlighted: performance variant, up to 20 percent weight reduction and CO2 reduction.&#8221; sticky_enabled=&#8221;0&#8243;][\/et_pb_image][\/et_pb_column][\/et_pb_row][et_pb_row _builder_version=&#8221;4.24.0&#8243; _module_preset=&#8221;default&#8221; max_width=&#8221;1600px&#8221; global_colors_info=&#8221;{}&#8221;][et_pb_column type=&#8221;4_4&#8243; _builder_version=&#8221;4.24.0&#8243; _module_preset=&#8221;default&#8221; custom_css_main_element=&#8221;margin:auto;&#8221; global_colors_info=&#8221;{}&#8221;][et_pb_code _builder_version=&#8221;4.27.4&#8243; _module_preset=&#8221;default&#8221; background_image=&#8221;https:\/\/www.kranabstuetzplatten.com\/wp-content\/uploads\/2024\/02\/feinwerk_nachhaltigkeit-min.jpg&#8221; min_height=&#8221;500px&#8221; hover_enabled=&#8221;0&#8243; border_radii=&#8221;on|10px|10px|10px|10px&#8221; global_colors_info=&#8221;{}&#8221; dvmd_acat_aria_label=&#8221;Panoramic shot of a wooded low mountain range with fog-covered hills. Symbolizes the environmental friendliness and sustainability of Feinwerk Technologies&#8217; products.&#8221; sticky_enabled=&#8221;0&#8243;][\/et_pb_code][\/et_pb_column][\/et_pb_row][\/et_pb_section][et_pb_section fb_built=&#8221;1&#8243; _builder_version=&#8221;4.24.2&#8243; _module_preset=&#8221;default&#8221; custom_margin_tablet=&#8221;&#8221; custom_margin_phone=&#8221;||||false|true&#8221; custom_margin_last_edited=&#8221;on|phone&#8221; global_colors_info=&#8221;{}&#8221;][et_pb_row column_structure=&#8221;1_3,2_3&#8243; _builder_version=&#8221;4.24.2&#8243; _module_preset=&#8221;default&#8221; background_color=&#8221;gcid-900d4a25-5d4d-4445-b994-67d8dc7f68c1&#8243; max_width=&#8221;1600px&#8221; custom_padding=&#8221;50px|50px|50px|50px|true|true&#8221; border_radii=&#8221;on|10px|10px|10px|10px&#8221; global_colors_info=&#8221;{%22gcid-900d4a25-5d4d-4445-b994-67d8dc7f68c1%22:%91%22background_color%22%93}&#8221;][et_pb_column type=&#8221;1_3&#8243; _builder_version=&#8221;4.24.0&#8243; _module_preset=&#8221;default&#8221; custom_css_main_element=&#8221;margin:auto;&#8221; global_colors_info=&#8221;{}&#8221;][et_pb_text _builder_version=&#8221;4.24.0&#8243; _module_preset=&#8221;default&#8221; header_2_text_color=&#8221;gcid-5ea6f707-7589-495b-ac14-f55a09689654&#8243; header_5_text_color=&#8221;gcid-5ea6f707-7589-495b-ac14-f55a09689654&#8243; custom_margin=&#8221;||20px||false|false&#8221; global_colors_info=&#8221;{%22gcid-5ea6f707-7589-495b-ac14-f55a09689654%22:%91%22header_5_text_color%22,%22header_2_text_color%22%93}&#8221;]<\/p>\n<h2>Na\u0161a cesta vpred: udr\u017eate\u013enos\u0165 ako trval\u00e1 cesta<\/h2>\n<p>[\/et_pb_text][et_pb_text _builder_version=&#8221;4.24.0&#8243; _module_preset=&#8221;default&#8221; header_4_text_color=&#8221;gcid-5ea6f707-7589-495b-ac14-f55a09689654&#8243; custom_margin_tablet=&#8221;||30px||false|false&#8221; custom_margin_phone=&#8221;||30px||false|false&#8221; custom_margin_last_edited=&#8221;on|tablet&#8221; global_colors_info=&#8221;{%22gcid-5ea6f707-7589-495b-ac14-f55a09689654%22:%91%22header_4_text_color%22%93}&#8221;]<\/p>\n<h4 class=\"feinwerk-icon-feinwerk-logo\"><\/h4>\n<p>[\/et_pb_text][\/et_pb_column][et_pb_column type=&#8221;2_3&#8243; _builder_version=&#8221;4.24.0&#8243; _module_preset=&#8221;default&#8221; custom_css_main_element=&#8221;margin:auto;&#8221; global_colors_info=&#8221;{}&#8221;][et_pb_text _builder_version=&#8221;4.24.2&#8243; _module_preset=&#8221;default&#8221; global_colors_info=&#8221;{}&#8221;]<\/p>\n<p>Udr\u017eate\u013enos\u0165 v spolo\u010dnosti Feinwerk Technologies je nepretr\u017eit\u00fd proces. Neust\u00e1le sa sna\u017e\u00edme \u010falej zlep\u0161ova\u0165 na\u0161e v\u00fdrobky, procesy a postupy s cie\u013eom zn\u00ed\u017ei\u0165 na\u0161u ekologick\u00fa stopu. Na\u0161a v\u00edzia do bud\u00facnosti zah\u0155\u0148a inovat\u00edvne projekty a iniciat\u00edvy, ktor\u00fdch cie\u013eom je pos\u00fava\u0165 hranice mo\u017enost\u00ed v oblasti udr\u017eate\u013enosti. Poz\u00fdvame na\u0161ich z\u00e1kazn\u00edkov a partnerov, aby sa k n\u00e1m na tejto ceste pridali a spolo\u010dne s nami formovali udr\u017eate\u013enej\u0161iu bud\u00facnos\u0165.   <\/p>\n<p>[\/et_pb_text][\/et_pb_column][\/et_pb_row][\/et_pb_section]<\/p>\n","protected":false},"excerpt":{"rendered":"<p>Udr\u017eate\u013enos\u0165\u00daspory CO2 a bud\u00facnos\u0165\u00daspory CO2: merate\u013en\u00e9 \u00faspechyV spolo\u010dnosti Feinwerk Technologies meriame svoj \u00faspech nielen pod\u013ea ekonomick\u00fdch ukazovate\u013eov, ale aj pod\u013ea n\u00e1\u0161ho pr\u00edspevku k ochrane \u017eivotn\u00e9ho prostredia. V\u00fdvojom \u013eah\u0161\u00edch a \u00fa\u010dinnej\u0161\u00edch \u017eeriavov\u00fdch nosn\u00fdch dosiek akt\u00edvne prispievame k zni\u017eovaniu emisi\u00ed CO2. Na\u0161e iniciat\u00edvy na zn\u00ed\u017eenie emisi\u00ed CO2 s\u00fa jasn\u00fdm z\u00e1v\u00e4zkom vo\u010di na\u0161ej plan\u00e9te a ukazuj\u00fa, \u017ee vysok\u00fd [&hellip;]<\/p>\n","protected":false},"author":1,"featured_media":5586,"parent":0,"menu_order":0,"comment_status":"closed","ping_status":"closed","template":"","meta":{"_acf_changed":false,"_et_pb_use_builder":"on","_et_pb_old_content":"","_et_gb_content_width":"","inline_featured_image":false,"footnotes":""},"class_list":["post-5585","page","type-page","status-publish","has-post-thumbnail","hentry"],"acf":[],"tag_names":[],"category_names":[],"thumbnail":"https:\/\/www.kranabstuetzplatten.com\/wp-content\/uploads\/2024\/02\/feinwerk_nachhaltigkeit-min.jpg","_links":{"self":[{"href":"https:\/\/www.kranabstuetzplatten.com\/sk\/wp-json\/wp\/v2\/pages\/5585","targetHints":{"allow":["GET"]}}],"collection":[{"href":"https:\/\/www.kranabstuetzplatten.com\/sk\/wp-json\/wp\/v2\/pages"}],"about":[{"href":"https:\/\/www.kranabstuetzplatten.com\/sk\/wp-json\/wp\/v2\/types\/page"}],"author":[{"embeddable":true,"href":"https:\/\/www.kranabstuetzplatten.com\/sk\/wp-json\/wp\/v2\/users\/1"}],"replies":[{"embeddable":true,"href":"https:\/\/www.kranabstuetzplatten.com\/sk\/wp-json\/wp\/v2\/comments?post=5585"}],"version-history":[{"count":8,"href":"https:\/\/www.kranabstuetzplatten.com\/sk\/wp-json\/wp\/v2\/pages\/5585\/revisions"}],"predecessor-version":[{"id":6570,"href":"https:\/\/www.kranabstuetzplatten.com\/sk\/wp-json\/wp\/v2\/pages\/5585\/revisions\/6570"}],"wp:featuredmedia":[{"embeddable":true,"href":"https:\/\/www.kranabstuetzplatten.com\/sk\/wp-json\/wp\/v2\/media\/5586"}],"wp:attachment":[{"href":"https:\/\/www.kranabstuetzplatten.com\/sk\/wp-json\/wp\/v2\/media?parent=5585"}],"curies":[{"name":"wp","href":"https:\/\/api.w.org\/{rel}","templated":true}]}}