{"id":5583,"date":"2024-01-29T11:32:20","date_gmt":"2024-01-29T10:32:20","guid":{"rendered":"https:\/\/www.kranabstuetzplatten.com\/sustainability\/"},"modified":"2025-07-02T08:10:55","modified_gmt":"2025-07-02T06:10:55","slug":"sustainability","status":"publish","type":"page","link":"https:\/\/www.kranabstuetzplatten.com\/pl\/sustainability\/","title":{"rendered":"Zr\u00f3wnowa\u017cony rozw\u00f3j"},"content":{"rendered":"<p>[et_pb_section fb_built=&#8221;1&#8243; custom_padding_last_edited=&#8221;on|phone&#8221; _builder_version=&#8221;4.24.2&#8243; _module_preset=&#8221;default&#8221; custom_margin=&#8221;||||false|false&#8221; custom_margin_tablet=&#8221;||||false|false&#8221; custom_margin_phone=&#8221;||||false|true&#8221; custom_margin_last_edited=&#8221;on|phone&#8221; custom_padding_tablet=&#8221;||0px||false|false&#8221; custom_padding_phone=&#8221;||0px||false|false&#8221; global_colors_info=&#8221;{}&#8221;][et_pb_row make_equal=&#8221;on&#8221; _builder_version=&#8221;4.24.0&#8243; _module_preset=&#8221;default&#8221; max_width=&#8221;1600px&#8221; min_height=&#8221;400px&#8221; min_height_tablet=&#8221;200px&#8221; min_height_phone=&#8221;&#8221; min_height_last_edited=&#8221;on|tablet&#8221; custom_margin=&#8221;100px||||false|false&#8221; custom_padding=&#8221;25px|0px|25px|0px|true|true&#8221; global_colors_info=&#8221;{}&#8221;][et_pb_column type=&#8221;4_4&#8243; _builder_version=&#8221;4.24.0&#8243; _module_preset=&#8221;default&#8221; custom_css_main_element=&#8221;margin: auto;&#8221; global_colors_info=&#8221;{}&#8221;][et_pb_text _builder_version=&#8221;4.24.0&#8243; _module_preset=&#8221;default&#8221; header_text_color=&#8221;gcid-5ea6f707-7589-495b-ac14-f55a09689654&#8243; global_colors_info=&#8221;{%22gcid-5ea6f707-7589-495b-ac14-f55a09689654%22:%91%22header_text_color%22%93}&#8221;]<\/p>\n<h1 style=\"text-align: center;\">Zr\u00f3wnowa\u017cony rozw\u00f3j<\/h1>\n<p>[\/et_pb_text][et_pb_text _builder_version=&#8221;4.24.0&#8243; _module_preset=&#8221;default&#8221; header_5_text_color=&#8221;gcid-5fff3dbb-f849-4bc0-a4a8-65251b0d45ee&#8221; global_colors_info=&#8221;{%22gcid-5fff3dbb-f849-4bc0-a4a8-65251b0d45ee%22:%91%22header_5_text_color%22%93}&#8221;]<\/p>\n<h5 style=\"text-align: center;\">Oszcz\u0119dno\u015bci CO2 i przysz\u0142o\u015b\u0107<\/h5>\n<p>[\/et_pb_text][\/et_pb_column][\/et_pb_row][\/et_pb_section][et_pb_section fb_built=&#8221;1&#8243; _builder_version=&#8221;4.24.2&#8243; _module_preset=&#8221;default&#8221; custom_margin_tablet=&#8221;&#8221; custom_margin_phone=&#8221;||||false|true&#8221; custom_margin_last_edited=&#8221;on|phone&#8221; custom_padding=&#8221;||0px||false|false&#8221; global_colors_info=&#8221;{}&#8221;][et_pb_row column_structure=&#8221;1_2,1_2&#8243; _builder_version=&#8221;4.24.0&#8243; _module_preset=&#8221;default&#8221; max_width=&#8221;1600px&#8221; global_colors_info=&#8221;{}&#8221;][et_pb_column type=&#8221;1_2&#8243; _builder_version=&#8221;4.24.0&#8243; _module_preset=&#8221;default&#8221; custom_css_main_element=&#8221;margin:auto;&#8221; global_colors_info=&#8221;{}&#8221;][et_pb_text _builder_version=&#8221;4.24.0&#8243; _module_preset=&#8221;default&#8221; header_5_text_color=&#8221;gcid-5ea6f707-7589-495b-ac14-f55a09689654&#8243; global_colors_info=&#8221;{%22gcid-5ea6f707-7589-495b-ac14-f55a09689654%22:%91%22header_5_text_color%22%93}&#8221;]<\/p>\n<h2>Oszcz\u0119dno\u015bci CO2: wymierne sukcesy<\/h2>\n<p>[\/et_pb_text][\/et_pb_column][et_pb_column type=&#8221;1_2&#8243; _builder_version=&#8221;4.24.0&#8243; _module_preset=&#8221;default&#8221; custom_css_main_element=&#8221;margin:auto;&#8221; global_colors_info=&#8221;{}&#8221;][et_pb_text _builder_version=&#8221;4.24.2&#8243; _module_preset=&#8221;default&#8221; global_colors_info=&#8221;{}&#8221;]<\/p>\n<p>W Feinwerk Technologies mierzymy nasz sukces nie tylko wska\u017anikami ekonomicznymi, ale tak\u017ce naszym wk\u0142adem w ochron\u0119 \u015brodowiska. Opracowuj\u0105c l\u017cejsze i bardziej wydajne p\u0142yty no\u015bne d\u017awig\u00f3w, aktywnie przyczyniamy si\u0119 do redukcji emisji CO2. Nasze inicjatywy redukcji emisji CO2 s\u0105 wyra\u017anym zobowi\u0105zaniem wobec naszej planety i pokazuj\u0105, \u017ce wysoka wydajno\u015b\u0107 i zr\u00f3wnowa\u017cony rozw\u00f3j \u015brodowiska mog\u0105 i\u015b\u0107 w parze.  <\/p>\n<p>[\/et_pb_text][\/et_pb_column][\/et_pb_row][et_pb_row column_structure=&#8221;1_2,1_2&#8243; use_custom_gutter=&#8221;on&#8221; gutter_width=&#8221;2&#8243; make_equal=&#8221;on&#8221; _builder_version=&#8221;4.24.0&#8243; _module_preset=&#8221;default&#8221; max_width=&#8221;1600px&#8221; global_colors_info=&#8221;{}&#8221;][et_pb_column type=&#8221;1_2&#8243; _builder_version=&#8221;4.24.0&#8243; _module_preset=&#8221;default&#8221; background_color=&#8221;gcid-900d4a25-5d4d-4445-b994-67d8dc7f68c1&#8243; border_radii=&#8221;on|10px|10px|10px|10px&#8221; global_colors_info=&#8221;{%22gcid-900d4a25-5d4d-4445-b994-67d8dc7f68c1%22:%91%22background_color%22%93}&#8221;][et_pb_text content_tablet=&#8221;<\/p>\n<div class=%22kab-details-container%22>\n<h2>P\u0142yty no\u015bne d\u017awigu<\/h2>\n<div class=%22badge-container%22>\n<div class=%22badge badge-white%22><span class=%22feinwerk-icon-feather%22><\/span>Wariant wydajno\u015bci<\/div>\n<div class=%22badge badge-blue%22>do -20% wagi<\/div>\n<div class=%22badge badge-green%22><span class=%22feinwerk-icon-leaf%22><\/span>Redukcja emisji CO2<\/div>\n<\/div>\n<\/div>\n<p>&#8221; content_phone=&#8221;<\/p>\n<div class=%22kab-details-container%22>\n<h2 style=%22text-align: left;%22>P\u0142yty no\u015bne d\u017awigu<\/h2>\n<div class=%22badge-container%22>\n<div class=%22badge badge-white%22 style=%22text-align: left;%22><span class=%22feinwerk-icon-feather%22><\/span>Wariant wydajno\u015bci<\/div>\n<div class=%22badge badge-blue%22 style=%22text-align: left;%22>do -20% wagi<\/div>\n<div class=%22badge badge-green%22 style=%22text-align: left;%22><span class=%22feinwerk-icon-leaf%22><\/span>Redukcja emisji CO2<\/div>\n<\/div>\n<\/div>\n<p>&#8221; content_last_edited=&#8221;on|phone&#8221; _builder_version=&#8221;4.24.2&#8243; _module_preset=&#8221;default&#8221; custom_padding=&#8221;40px|40px|40px|40px|true|true&#8221; custom_css_main_element=&#8221;display:flex;||align-items:center;||justify-content:center;||height: 100%;&#8221; custom_css_free_form=&#8221;.kab-details-container{||  display:grid;||  grid-template-columns: 1fr 1fr;||  align-items: center;||  gap: 20px;||}||||@media(max-width: 1400px){||  .kab-details-container{||    grid-template-columns: 1fr;||  }||}&#8221; global_colors_info=&#8221;{}&#8221;]<\/p>\n<div class=\"kab-details-container\">\n<h2>Zalety<\/h2>\n<div class=\"badge-container\">\n<div class=\"badge badge-white\"><span class=\"feinwerk-icon-feather\"><\/span>Wariant wydajno\u015bci<\/div>\n<div class=\"badge badge-blue\">do -20% wagi<\/div>\n<div class=\"badge badge-green\"><span class=\"feinwerk-icon-leaf\"><\/span>Redukcja emisji CO2<\/div>\n<\/div>\n<\/div>\n<p>[\/et_pb_text][\/et_pb_column][et_pb_column type=&#8221;1_2&#8243; _builder_version=&#8221;4.24.0&#8243; _module_preset=&#8221;default&#8221; background_color=&#8221;gcid-900d4a25-5d4d-4445-b994-67d8dc7f68c1&#8243; border_radii=&#8221;on|10px|10px|10px|10px&#8221; global_colors_info=&#8221;{%22gcid-900d4a25-5d4d-4445-b994-67d8dc7f68c1%22:%91%22background_color%22%93}&#8221;][et_pb_image src=&#8221; https:\/\/www.kranabstuetzplatten.com\/wp-content\/uploads\/2025\/07\/kopfmedia_Feinwerk-Anschalg-3_uebersicht.537.webp&#8221; title_text=&#8221;head_media_fine_work_crane_support_plates_A3_overview.36&#8243; _builder_version=&#8221;4.27.4&#8243; _module_preset=&#8221;default&#8221; hover_enabled=&#8221;0&#8243; global_colors_info=&#8221;{}&#8221; dvmd_acat_aria_label=&#8221;Product image of a white crane support plate from the Feinwerk Group with a blue attachment point. Three advantages are also highlighted: performance variant, up to 20 percent weight reduction and CO2 reduction.&#8221; sticky_enabled=&#8221;0&#8243;][\/et_pb_image][\/et_pb_column][\/et_pb_row][et_pb_row _builder_version=&#8221;4.24.0&#8243; _module_preset=&#8221;default&#8221; max_width=&#8221;1600px&#8221; global_colors_info=&#8221;{}&#8221;][et_pb_column type=&#8221;4_4&#8243; _builder_version=&#8221;4.24.0&#8243; _module_preset=&#8221;default&#8221; custom_css_main_element=&#8221;margin:auto;&#8221; global_colors_info=&#8221;{}&#8221;][et_pb_code _builder_version=&#8221;4.27.4&#8243; _module_preset=&#8221;default&#8221; background_image=&#8221;https:\/\/www.kranabstuetzplatten.com\/wp-content\/uploads\/2024\/02\/feinwerk_nachhaltigkeit-min.jpg&#8221; min_height=&#8221;500px&#8221; hover_enabled=&#8221;0&#8243; border_radii=&#8221;on|10px|10px|10px|10px&#8221; global_colors_info=&#8221;{}&#8221; dvmd_acat_aria_label=&#8221;Panoramic shot of a wooded low mountain range with fog-covered hills. Symbolizes the environmental friendliness and sustainability of Feinwerk Technologies&#8217; products.&#8221; sticky_enabled=&#8221;0&#8243;][\/et_pb_code][\/et_pb_column][\/et_pb_row][\/et_pb_section][et_pb_section fb_built=&#8221;1&#8243; _builder_version=&#8221;4.24.2&#8243; _module_preset=&#8221;default&#8221; custom_margin_tablet=&#8221;&#8221; custom_margin_phone=&#8221;||||false|true&#8221; custom_margin_last_edited=&#8221;on|phone&#8221; global_colors_info=&#8221;{}&#8221;][et_pb_row column_structure=&#8221;1_3,2_3&#8243; _builder_version=&#8221;4.24.2&#8243; _module_preset=&#8221;default&#8221; background_color=&#8221;gcid-900d4a25-5d4d-4445-b994-67d8dc7f68c1&#8243; max_width=&#8221;1600px&#8221; custom_padding=&#8221;50px|50px|50px|50px|true|true&#8221; border_radii=&#8221;on|10px|10px|10px|10px&#8221; global_colors_info=&#8221;{%22gcid-900d4a25-5d4d-4445-b994-67d8dc7f68c1%22:%91%22background_color%22%93}&#8221;][et_pb_column type=&#8221;1_3&#8243; _builder_version=&#8221;4.24.0&#8243; _module_preset=&#8221;default&#8221; custom_css_main_element=&#8221;margin:auto;&#8221; global_colors_info=&#8221;{}&#8221;][et_pb_text _builder_version=&#8221;4.24.0&#8243; _module_preset=&#8221;default&#8221; header_2_text_color=&#8221;gcid-5ea6f707-7589-495b-ac14-f55a09689654&#8243; header_5_text_color=&#8221;gcid-5ea6f707-7589-495b-ac14-f55a09689654&#8243; custom_margin=&#8221;||20px||false|false&#8221; global_colors_info=&#8221;{%22gcid-5ea6f707-7589-495b-ac14-f55a09689654%22:%91%22header_5_text_color%22,%22header_2_text_color%22%93}&#8221;]<\/p>\n<h2>Nasza droga naprz\u00f3d: zr\u00f3wnowa\u017cony rozw\u00f3j jako ci\u0105g\u0142a podr\u00f3\u017c<\/h2>\n<p>[\/et_pb_text][et_pb_text _builder_version=&#8221;4.24.0&#8243; _module_preset=&#8221;default&#8221; header_4_text_color=&#8221;gcid-5ea6f707-7589-495b-ac14-f55a09689654&#8243; custom_margin_tablet=&#8221;||30px||false|false&#8221; custom_margin_phone=&#8221;||30px||false|false&#8221; custom_margin_last_edited=&#8221;on|tablet&#8221; global_colors_info=&#8221;{%22gcid-5ea6f707-7589-495b-ac14-f55a09689654%22:%91%22header_4_text_color%22%93}&#8221;]<\/p>\n<h4 class=\"feinwerk-icon-feinwerk-logo\"><\/h4>\n<p>[\/et_pb_text][\/et_pb_column][et_pb_column type=&#8221;2_3&#8243; _builder_version=&#8221;4.24.0&#8243; _module_preset=&#8221;default&#8221; custom_css_main_element=&#8221;margin:auto;&#8221; global_colors_info=&#8221;{}&#8221;][et_pb_text _builder_version=&#8221;4.24.2&#8243; _module_preset=&#8221;default&#8221; global_colors_info=&#8221;{}&#8221;]<\/p>\n<p>Zr\u00f3wnowa\u017cony rozw\u00f3j w Feinwerk Technologies jest procesem ci\u0105g\u0142ym. Nieustannie d\u0105\u017cymy do dalszego ulepszania naszych produkt\u00f3w, proces\u00f3w i praktyk w celu zmniejszenia naszego wp\u0142ywu na \u015brodowisko. Nasza wizja przysz\u0142o\u015bci obejmuje innowacyjne projekty i inicjatywy, kt\u00f3re maj\u0105 na celu przesuni\u0119cie granic tego, co jest mo\u017cliwe w zakresie zr\u00f3wnowa\u017conego rozwoju. Zapraszamy naszych klient\u00f3w i partner\u00f3w do przy\u0142\u0105czenia si\u0119 do nas w tej podr\u00f3\u017cy i wsp\u00f3lnego kszta\u0142towania bardziej zr\u00f3wnowa\u017conej przysz\u0142o\u015bci.   <\/p>\n<p>[\/et_pb_text][\/et_pb_column][\/et_pb_row][\/et_pb_section]<\/p>\n","protected":false},"excerpt":{"rendered":"<p>Zr\u00f3wnowa\u017cony rozw\u00f3jOszcz\u0119dno\u015bci CO2 i przysz\u0142o\u015b\u0107Oszcz\u0119dno\u015bci CO2: wymierne sukcesyW Feinwerk Technologies mierzymy nasz sukces nie tylko wska\u017anikami ekonomicznymi, ale tak\u017ce naszym wk\u0142adem w ochron\u0119 \u015brodowiska. Opracowuj\u0105c l\u017cejsze i bardziej wydajne p\u0142yty no\u015bne d\u017awig\u00f3w, aktywnie przyczyniamy si\u0119 do redukcji emisji CO2. Nasze inicjatywy redukcji emisji CO2 s\u0105 wyra\u017anym zobowi\u0105zaniem wobec naszej planety i pokazuj\u0105, \u017ce wysoka wydajno\u015b\u0107 [&hellip;]<\/p>\n","protected":false},"author":1,"featured_media":5584,"parent":0,"menu_order":0,"comment_status":"closed","ping_status":"closed","template":"","meta":{"_acf_changed":false,"_et_pb_use_builder":"on","_et_pb_old_content":"","_et_gb_content_width":"","inline_featured_image":false,"footnotes":""},"class_list":["post-5583","page","type-page","status-publish","has-post-thumbnail","hentry"],"acf":[],"tag_names":[],"category_names":[],"thumbnail":"https:\/\/www.kranabstuetzplatten.com\/wp-content\/uploads\/2024\/02\/feinwerk_nachhaltigkeit-min.jpg","_links":{"self":[{"href":"https:\/\/www.kranabstuetzplatten.com\/pl\/wp-json\/wp\/v2\/pages\/5583","targetHints":{"allow":["GET"]}}],"collection":[{"href":"https:\/\/www.kranabstuetzplatten.com\/pl\/wp-json\/wp\/v2\/pages"}],"about":[{"href":"https:\/\/www.kranabstuetzplatten.com\/pl\/wp-json\/wp\/v2\/types\/page"}],"author":[{"embeddable":true,"href":"https:\/\/www.kranabstuetzplatten.com\/pl\/wp-json\/wp\/v2\/users\/1"}],"replies":[{"embeddable":true,"href":"https:\/\/www.kranabstuetzplatten.com\/pl\/wp-json\/wp\/v2\/comments?post=5583"}],"version-history":[{"count":5,"href":"https:\/\/www.kranabstuetzplatten.com\/pl\/wp-json\/wp\/v2\/pages\/5583\/revisions"}],"predecessor-version":[{"id":6666,"href":"https:\/\/www.kranabstuetzplatten.com\/pl\/wp-json\/wp\/v2\/pages\/5583\/revisions\/6666"}],"wp:featuredmedia":[{"embeddable":true,"href":"https:\/\/www.kranabstuetzplatten.com\/pl\/wp-json\/wp\/v2\/media\/5584"}],"wp:attachment":[{"href":"https:\/\/www.kranabstuetzplatten.com\/pl\/wp-json\/wp\/v2\/media?parent=5583"}],"curies":[{"name":"wp","href":"https:\/\/api.w.org\/{rel}","templated":true}]}}