{"id":6005,"date":"2024-01-29T11:32:20","date_gmt":"2024-01-29T10:32:20","guid":{"rendered":"https:\/\/www.kranabstuetzplatten.com\/assortment\/"},"modified":"2025-12-04T14:54:17","modified_gmt":"2025-12-04T13:54:17","slug":"assortment","status":"publish","type":"page","link":"https:\/\/www.kranabstuetzplatten.com\/no\/assortment\/","title":{"rendered":"Sortiment"},"content":{"rendered":"<p>[et_pb_section fb_built=&#8221;1&#8243; _builder_version=&#8221;4.24.0&#8243; _module_preset=&#8221;default&#8221; custom_margin=&#8221;||||false|false&#8221; global_colors_info=&#8221;{}&#8221;][et_pb_row make_equal=&#8221;on&#8221; custom_padding_last_edited=&#8221;on|phone&#8221; _builder_version=&#8221;4.24.2&#8243; _module_preset=&#8221;default&#8221; max_width=&#8221;1600px&#8221; min_height=&#8221;400px&#8221; min_height_tablet=&#8221;200px&#8221; min_height_phone=&#8221;&#8221; min_height_last_edited=&#8221;on|tablet&#8221; custom_margin=&#8221;100px||||false|false&#8221; custom_padding=&#8221;25px|0px|25px|0px|true|true&#8221; custom_padding_tablet=&#8221;25px|0px|25px|0px|true|true&#8221; custom_padding_phone=&#8221;||0px||false|true&#8221; global_colors_info=&#8221;{}&#8221;][et_pb_column type=&#8221;4_4&#8243; _builder_version=&#8221;4.24.0&#8243; _module_preset=&#8221;default&#8221; custom_css_main_element=&#8221;margin: auto;&#8221; global_colors_info=&#8221;{}&#8221;][et_pb_text _builder_version=&#8221;4.24.0&#8243; _module_preset=&#8221;default&#8221; header_text_color=&#8221;gcid-5ea6f707-7589-495b-ac14-f55a09689654&#8243; global_colors_info=&#8221;{%22gcid-5ea6f707-7589-495b-ac14-f55a09689654%22:%91%22header_text_color%22%93}&#8221;]<\/p>\n<h1 style=\"text-align: center;\">Sortiment<\/h1>\n<p>[\/et_pb_text][et_pb_text _builder_version=&#8221;4.24.0&#8243; _module_preset=&#8221;default&#8221; header_5_text_color=&#8221;gcid-5fff3dbb-f849-4bc0-a4a8-65251b0d45ee&#8221; global_colors_info=&#8221;{%22gcid-5fff3dbb-f849-4bc0-a4a8-65251b0d45ee%22:%91%22header_5_text_color%22%93}&#8221;]<\/p>\n<h5 style=\"text-align: center;\">Kranplater for mobilkran \/ beltekran<\/h5>\n<p>[\/et_pb_text][\/et_pb_column][\/et_pb_row][\/et_pb_section][et_pb_section fb_built=&#8221;1&#8243; _builder_version=&#8221;4.24.2&#8243; _module_preset=&#8221;default&#8221; custom_margin_tablet=&#8221;&#8221; custom_margin_phone=&#8221;||||false|true&#8221; custom_margin_last_edited=&#8221;on|phone&#8221; global_colors_info=&#8221;{}&#8221;][et_pb_row column_structure=&#8221;1_2,1_2&#8243; make_equal=&#8221;on&#8221; custom_padding_last_edited=&#8221;on|phone&#8221; _builder_version=&#8221;4.24.2&#8243; _module_preset=&#8221;default&#8221; max_width=&#8221;1600px&#8221; custom_padding_tablet=&#8221;&#8221; custom_padding_phone=&#8221;0px||0px||false|false&#8221; global_colors_info=&#8221;{}&#8221;][et_pb_column type=&#8221;1_2&#8243; _builder_version=&#8221;4.24.0&#8243; _module_preset=&#8221;default&#8221; custom_css_main_element=&#8221;margin:auto;&#8221; global_colors_info=&#8221;{}&#8221;][et_pb_text _builder_version=&#8221;4.24.2&#8243; _module_preset=&#8221;default&#8221; global_colors_info=&#8221;{}&#8221;]<\/p>\n<h2>V\u00e5rt standardutvalg for mobilkraner<\/h2>\n<p>[\/et_pb_text][et_pb_code _builder_version=&#8221;4.24.2&#8243; _module_preset=&#8221;default&#8221; custom_padding_tablet=&#8221;&#8221; custom_padding_phone=&#8221;||12px||false|false&#8221; custom_padding_last_edited=&#8221;on|phone&#8221; global_colors_info=&#8221;{}&#8221;]<\/p>\n<div class=\"badge-container\"><!-- [et_pb_line_break_holder] -->    <\/p>\n<div class=\"badge badge-transparent badge-text-highlight\"><!-- [et_pb_line_break_holder] -->        <span class=\"feinwerk-icon-arrow-up\"><\/span><!-- [et_pb_line_break_holder] -->        <span>opp til 250 tonn<\/span><!-- [et_pb_line_break_holder] -->    <\/div>\n<p><!-- [et_pb_line_break_holder] -->    <\/p>\n<div class=\"badge badge-transparent badge-text-highlight\"><!-- [et_pb_line_break_holder] -->        <span class=\"feinwerk-icon-expand\"><\/span><!-- [et_pb_line_break_holder] -->        <span>1,2 x 1,0 til 3,5 x 2,4 m<\/span><!-- [et_pb_line_break_holder] -->    <\/div>\n<p><!-- [et_pb_line_break_holder] -->    <\/p>\n<div class=\"badge badge-transparent badge-text-highlight\"><!-- [et_pb_line_break_holder] -->        <span class=\"feinwerk-icon-checkbox\"><\/span><!-- [et_pb_line_break_holder] -->        <span>Spesialst\u00f8rrelser mulig<\/span><!-- [et_pb_line_break_holder] -->    <\/div>\n<p><!-- [et_pb_line_break_holder] -->    <\/p>\n<div><\/div>\n<p><!-- [et_pb_line_break_holder] --><\/div>\n<p>[\/et_pb_code][\/et_pb_column][et_pb_column type=&#8221;1_2&#8243; _builder_version=&#8221;4.24.0&#8243; _module_preset=&#8221;default&#8221; custom_css_main_element=&#8221;margin:auto;&#8221; global_colors_info=&#8221;{}&#8221;][et_pb_text _builder_version=&#8221;4.24.0&#8243; _module_preset=&#8221;default&#8221; global_colors_info=&#8221;{}&#8221;]<\/p>\n<p>Unser Standartsortiment reicht von den Ma\u00dfen 1,2*1,0m zu 2,2*3,5m. Dabei erreichen wir ein maximal Gewicht von 250 Tonnen. Durch unsere hohe Flexibilit\u00e4t sind wir in der Lage schnell auf Ihre Anforderungen zu reagieren. Keine passende Gr\u00f6\u00dfe gefunden? Kein Problem, wir berechnen, konstruieren und fertigen die Kranabst\u00fctzplatte entsprechend Ihrer Anforderung.    <\/p>\n<p>[\/et_pb_text][\/et_pb_column][\/et_pb_row][\/et_pb_section][et_pb_section fb_built=&#8221;1&#8243; _builder_version=&#8221;4.24.2&#8243; _module_preset=&#8221;default&#8221; custom_margin_tablet=&#8221;&#8221; custom_margin_phone=&#8221;||||false|true&#8221; custom_margin_last_edited=&#8221;on|phone&#8221; global_colors_info=&#8221;{}&#8221;][et_pb_row custom_padding_last_edited=&#8221;on|phone&#8221; _builder_version=&#8221;4.24.2&#8243; _module_preset=&#8221;default&#8221; max_width=&#8221;1600px&#8221; custom_padding_tablet=&#8221;&#8221; custom_padding_phone=&#8221;0px||||false|false&#8221; global_colors_info=&#8221;{}&#8221;][et_pb_column type=&#8221;4_4&#8243; _builder_version=&#8221;4.24.0&#8243; _module_preset=&#8221;default&#8221; global_colors_info=&#8221;{}&#8221;][et_pb_code _builder_version=&#8221;4.27.4&#8243; _module_preset=&#8221;default&#8221; hover_enabled=&#8221;0&#8243; dvmd_acat_aria_label=&#8221;Tabelle mit maximaler Tragkraft in Tonnen f\u00fcr Standard-Kranabst\u00fctzplatten. Spalten zeigen Breite in Metern von 1 Meter bis 3,5 Meter. Zeilen zeigen L\u00e4nge in Metern von 1,2 Meter bis 2,4 Meter.&#8221; global_colors_info=&#8221;{}&#8221; sticky_enabled=&#8221;0&#8243;]<div id=\"vue-wordpress-app-db5a130f-85f0-4042-a5e0-8f36090d6ec2\" data-app-url=\"https:\/\/www.kranabstuetzplatten.com\" data-fcaptcha-sitekey=\"FCMHA65IB64SV3PL\" data-component=\"crane-support-table\" data-lang=\"no\" data-cranesupporttable=\"{&quot;configuratorPath&quot;:&quot;\/konfigurator\/&quot;,&quot;url&quot;:&quot;\/wp-content\/uploads\/2024\/03\/cranesupport_table_data_1.0.6.json&quot;}\"><\/div>[\/et_pb_code][\/et_pb_column][\/et_pb_row][et_pb_row column_structure=&#8221;1_2,1_4,1_4&#8243; custom_padding_last_edited=&#8221;on|phone&#8221; _builder_version=&#8221;4.24.2&#8243; _module_preset=&#8221;default&#8221; max_width=&#8221;1600px&#8221; custom_padding_tablet=&#8221;&#8221; custom_padding_phone=&#8221;||0px||false|false&#8221; global_colors_info=&#8221;{}&#8221;][et_pb_column type=&#8221;1_2&#8243; _builder_version=&#8221;4.24.0&#8243; _module_preset=&#8221;default&#8221; global_colors_info=&#8221;{}&#8221;][et_pb_text _builder_version=&#8221;4.24.0&#8243; _module_preset=&#8221;default&#8221; global_colors_info=&#8221;{}&#8221;]<\/p>\n<p>F\u00f8lgende nedlastingslenker tar deg til brosjyrene v\u00e5re med en oversikt over de individuelle tekniske dataene for v\u00e5rt standardsortiment. Her finner du all informasjon om st\u00f8ttetrykkverdier, totalh\u00f8yde og egenvekt for hver enkelt kranst\u00f8tteplate. <\/p>\n<p>[\/et_pb_text][\/et_pb_column][et_pb_column type=&#8221;1_4&#8243; _builder_version=&#8221;4.24.0&#8243; _module_preset=&#8221;default&#8221; global_colors_info=&#8221;{}&#8221;][et_pb_code _builder_version=&#8221;4.24.2&#8243; _module_preset=&#8221;default&#8221; global_colors_info=&#8221;{}&#8221;]<a class=\"btn-link\" href=\"https:\/\/www.kranabstuetzplatten.com\/no\/contact\/\">Be om et tilbud <!-- [et_pb_line_break_holder] -->      <span class=\"feinwerk-icon-arrow-right\"><\/span><!-- [et_pb_line_break_holder] -->    <\/a>[\/et_pb_code][\/et_pb_column][et_pb_column type=&#8221;1_4&#8243; _builder_version=&#8221;4.24.2&#8243; _module_preset=&#8221;default&#8221; global_colors_info=&#8221;{}&#8221;][et_pb_code disabled_on=&#8221;on|on|on&#8221; _builder_version=&#8221;4.24.2&#8243; _module_preset=&#8221;default&#8221; disabled=&#8221;on&#8221; global_colors_info=&#8221;{}&#8221;]<a class=\"btn-link\" href=\"\/404\">Last ned brosjyre <!-- [et_pb_line_break_holder] -->      <span class=\"feinwerk-icon-download\"><\/span><!-- [et_pb_line_break_holder] -->    <\/a>[\/et_pb_code][\/et_pb_column][\/et_pb_row][\/et_pb_section][et_pb_section fb_built=&#8221;1&#8243; _builder_version=&#8221;4.24.2&#8243; _module_preset=&#8221;default&#8221; global_colors_info=&#8221;{}&#8221;][et_pb_row _builder_version=&#8221;4.24.2&#8243; _module_preset=&#8221;default&#8221; max_width=&#8221;1600px&#8221; locked=&#8221;off&#8221; global_colors_info=&#8221;{}&#8221;][et_pb_column type=&#8221;4_4&#8243; _builder_version=&#8221;4.24.2&#8243; _module_preset=&#8221;default&#8221; global_colors_info=&#8221;{}&#8221;][et_pb_code _builder_version=&#8221;4.27.4&#8243; _module_preset=&#8221;default&#8221; dvmd_acat_aria_label=&#8221;3D-Darstellung einer Abst\u00fctzplatte unter einem Mobilkran \u2013 Kranabst\u00fctzplatte f\u00fcr Mobilkr\u00e4ne mit kompakter Bauform und hoher Stabilit\u00e4t&#8221; global_colors_info=&#8221;{}&#8221;]<\/p>\n<div class=\"purpose-preview-row\"><!-- [et_pb_line_break_holder] -->  <\/p>\n<div class=\"purpose-preview\"><!-- [et_pb_line_break_holder] -->  <\/p>\n<div class=\"preview-image\"><!-- [et_pb_line_break_holder] -->    <img decoding=\"async\" src=\"https:\/\/www.kranabstuetzplatten.com\/wp-content\/uploads\/2024\/02\/kopfmedia_feinwerk_mobilkran_1.webp\"><!-- [et_pb_line_break_holder] -->  <\/div>\n<p><!-- [et_pb_line_break_holder] -->  <\/p>\n<div class=\"preview-body\"><!-- [et_pb_line_break_holder] -->    <\/p>\n<h2><!-- [et_pb_line_break_holder] --> Kranst\u00f8tteplater for mobilkraner<!-- [et_pb_line_break_holder] -->    <\/h2>\n<p><!-- [et_pb_line_break_holder] -->    <a class=\"btn-link\" href=\"https:\/\/www.kranabstuetzplatten.com\/no\/crane-support-plates-for-the-mobile-crane\/\">Mer informasjon <!-- [et_pb_line_break_holder] -->      <span class=\"feinwerk-icon-arrow-right\"><\/span><!-- [et_pb_line_break_holder] -->    <\/a><!-- [et_pb_line_break_holder] -->  <\/div>\n<p><!-- [et_pb_line_break_holder] --><\/div>\n<p><!-- [et_pb_line_break_holder] --><\/p>\n<div class=\"purpose-preview\"><!-- [et_pb_line_break_holder] -->  <\/p>\n<div class=\"preview-image\"><!-- [et_pb_line_break_holder] -->    <img decoding=\"async\" src=\"https:\/\/www.kranabstuetzplatten.com\/wp-content\/uploads\/2024\/02\/kopfmedia_feinwerk_raupenkran_1.webp\"><!-- [et_pb_line_break_holder] -->  <\/div>\n<p><!-- [et_pb_line_break_holder] -->  <\/p>\n<div class=\"preview-body\"><!-- [et_pb_line_break_holder] -->    <\/p>\n<h2><!-- [et_pb_line_break_holder] --> Kranst\u00f8tteplater for beltekraner<!-- [et_pb_line_break_holder] -->    <\/h2>\n<p><!-- [et_pb_line_break_holder] -->    <a class=\"btn-link\" href=\"https:\/\/www.kranabstuetzplatten.com\/no\/crane-support-plates-for-the-crawler-crane\/\">Mer informasjon <!-- [et_pb_line_break_holder] -->      <span class=\"feinwerk-icon-arrow-right\"><\/span><!-- [et_pb_line_break_holder] -->    <\/a><!-- [et_pb_line_break_holder] -->  <\/div>\n<p><!-- [et_pb_line_break_holder] --><\/div>\n<p><!-- [et_pb_line_break_holder] --><\/div>\n<p>[\/et_pb_code][\/et_pb_column][\/et_pb_row][\/et_pb_section][et_pb_section fb_built=&#8221;1&#8243; _builder_version=&#8221;4.24.2&#8243; _module_preset=&#8221;default&#8221; custom_margin_tablet=&#8221;&#8221; custom_margin_phone=&#8221;||||false|true&#8221; custom_margin_last_edited=&#8221;on|phone&#8221; global_colors_info=&#8221;{}&#8221;][et_pb_row _builder_version=&#8221;4.24.2&#8243; _module_preset=&#8221;default&#8221; background_color=&#8221;gcid-900d4a25-5d4d-4445-b994-67d8dc7f68c1&#8243; max_width=&#8221;1600px&#8221; custom_padding=&#8221;100px|50px|100px|50px|true|true&#8221; border_radii=&#8221;on|10px|10px|10px|10px&#8221; global_colors_info=&#8221;{%22gcid-900d4a25-5d4d-4445-b994-67d8dc7f68c1%22:%91%22background_color%22%93}&#8221;][et_pb_column type=&#8221;4_4&#8243; _builder_version=&#8221;4.24.2&#8243; _module_preset=&#8221;default&#8221; custom_css_main_element=&#8221;margin:auto;&#8221; global_colors_info=&#8221;{}&#8221;][et_pb_text _builder_version=&#8221;4.24.2&#8243; _module_preset=&#8221;default&#8221; header_2_text_color=&#8221;gcid-5ea6f707-7589-495b-ac14-f55a09689654&#8243; header_5_text_color=&#8221;gcid-5ea6f707-7589-495b-ac14-f55a09689654&#8243; custom_margin=&#8221;||20px||false|false&#8221; global_colors_info=&#8221;{%22gcid-5ea6f707-7589-495b-ac14-f55a09689654%22:%91%22header_5_text_color%22,%22header_2_text_color%22%93}&#8221;]<\/p>\n<h2 style=\"text-align: center;\"><a href=\"https:\/\/www.feinwerk-technologies.de\/zertifikate\/\" target=\"_blank\" rel=\"noopener\">Vi er sertifisert for internasjonale standarder<\/a><\/h2>\n<p>[\/et_pb_text][et_pb_code _builder_version=&#8221;4.24.2&#8243; _module_preset=&#8221;default&#8221; global_colors_info=&#8221;{}&#8221;]<div id=\"vue-wordpress-app-92c62d0d-3cc4-417d-b7e6-0909a93fe189\" data-app-url=\"https:\/\/www.feinwerk-technologies.de\" data-fcaptcha-sitekey=\"FCMHA65IB64SV3PL\" data-lang=\"no\" data-component=\"certificate-section\" data-certificatesection=\"{&quot;variant&quot;:&quot;badge&quot;}\" ><\/div>[\/et_pb_code][\/et_pb_column][\/et_pb_row][\/et_pb_section][et_pb_section fb_built=&#8221;1&#8243; _builder_version=&#8221;4.24.2&#8243; _module_preset=&#8221;default&#8221; custom_margin=&#8221;||||false|false&#8221; custom_margin_tablet=&#8221;||||false|false&#8221; custom_margin_phone=&#8221;||||false|true&#8221; custom_margin_last_edited=&#8221;on|phone&#8221; global_colors_info=&#8221;{}&#8221;][et_pb_row column_structure=&#8221;1_2,1_2&#8243; make_equal=&#8221;on&#8221; _builder_version=&#8221;4.24.0&#8243; _module_preset=&#8221;default&#8221; background_color=&#8221;gcid-900d4a25-5d4d-4445-b994-67d8dc7f68c1&#8243; max_width=&#8221;1600px&#8221; custom_margin=&#8221;||||false|false&#8221; custom_padding=&#8221;40px|45px|40px|45px|true|true&#8221; border_radii=&#8221;on|10px|10px|10px|10px&#8221; global_colors_info=&#8221;{%22gcid-900d4a25-5d4d-4445-b994-67d8dc7f68c1%22:%91%22background_color%22%93}&#8221;][et_pb_column type=&#8221;1_2&#8243; _builder_version=&#8221;4.24.0&#8243; _module_preset=&#8221;default&#8221; custom_css_main_element=&#8221;margin: auto;&#8221; global_colors_info=&#8221;{}&#8221;][et_pb_text content_tablet=&#8221;<\/p>\n<h2>FEM-beregning av st\u00f8tteplater til kraner<\/h2>\n<p>Feinwerk Group beregner alle kranst\u00f8tteplater internt ved hjelp av finite element-metoden. Dette gj\u00f8r det ogs\u00e5 mulig \u00e5 vurdere spesielle lasttilfeller raskt. <\/p>\n<p>&#8221; content_phone=&#8221;<\/p>\n<h2>FEM-beregning av st\u00f8tteplater til kraner<\/h2>\n<p>Feinwerk Group beregner alle kranst\u00f8tteplater internt ved hjelp av finite element-metoden. Dette gj\u00f8r det ogs\u00e5 mulig \u00e5 vurdere spesielle lasttilfeller raskt. <\/p>\n<p>&#8221; content_last_edited=&#8221;on|phone&#8221; _builder_version=&#8221;4.24.2&#8243; _module_preset=&#8221;default&#8221; header_text_color=&#8221;gcid-5ea6f707-7589-495b-ac14-f55a09689654&#8243; global_colors_info=&#8221;{%22gcid-5ea6f707-7589-495b-ac14-f55a09689654%22:%91%22header_text_color%22%93}&#8221;]<\/p>\n<h2>FEM-beregning av st\u00f8tteplater til kraner<\/h2>\n<p>Feinwerk Group beregner alle kranst\u00f8tteplater internt ved hjelp av finite element-metoden. Dette gj\u00f8r det ogs\u00e5 mulig \u00e5 vurdere spesielle lasttilfeller raskt. <\/p>\n<p>[\/et_pb_text][et_pb_text _builder_version=&#8221;4.24.0&#8243; _module_preset=&#8221;default&#8221; custom_margin=&#8221;||50px||false|false&#8221; global_colors_info=&#8221;{}&#8221;]<\/p>\n<p><a class=\"btn-link dark\" href=\"https:\/\/www.kranabstuetzplatten.com\/no\/configurator\/\">Be om beregning <span class=\"feinwerk-icon-arrow-right\"><\/span><\/a><\/p>\n<p>[\/et_pb_text][\/et_pb_column][et_pb_column type=&#8221;1_2&#8243; _builder_version=&#8221;4.24.0&#8243; _module_preset=&#8221;default&#8221; custom_css_main_element=&#8221;margin: auto;&#8221; global_colors_info=&#8221;{}&#8221;][et_pb_image src=&#8221;https:\/\/www.kranabstuetzplatten.com\/wp-content\/uploads\/2024\/02\/kranabstuetzplatten-feinwerk-fem-individuelle-berechnung.webp&#8221; title_text=&#8221;kranabstuetzplatten-feinwerk-fem-individuelle-berechnung&#8221; _builder_version=&#8221;4.27.4&#8243; _module_preset=&#8221;default&#8221; dvmd_acat_aria_label=&#8221;Visualisierung der Lastverteilung auf einer Kranabst\u00fctzplatte. Farbverlauf von hellblau bis dunkelblau zeigt Druckintensit\u00e4t, wobei die mittleren Bereiche die h\u00f6chste Belastung tragen.&#8221; global_colors_info=&#8221;{}&#8221;][\/et_pb_image][\/et_pb_column][\/et_pb_row][\/et_pb_section][et_pb_section fb_built=&#8221;1&#8243; _builder_version=&#8221;4.24.2&#8243; _module_preset=&#8221;default&#8221; custom_margin_tablet=&#8221;&#8221; custom_margin_phone=&#8221;||||false|true&#8221; custom_margin_last_edited=&#8221;on|phone&#8221; global_colors_info=&#8221;{}&#8221;][et_pb_row _builder_version=&#8221;4.24.0&#8243; _module_preset=&#8221;default&#8221; global_colors_info=&#8221;{}&#8221;][et_pb_column type=&#8221;4_4&#8243; _builder_version=&#8221;4.24.0&#8243; _module_preset=&#8221;default&#8221; global_colors_info=&#8221;{}&#8221;][et_pb_text _builder_version=&#8221;4.24.0&#8243; _module_preset=&#8221;default&#8221; header_2_text_color=&#8221;gcid-5ea6f707-7589-495b-ac14-f55a09689654&#8243; global_colors_info=&#8221;{%22gcid-5ea6f707-7589-495b-ac14-f55a09689654%22:%91%22header_2_text_color%22%93}&#8221;]<\/p>\n<h2 style=\"text-align: center;\">Konfigurer din individuelle <br \/>kranst\u00f8tteplate med en lastekapasitet p\u00e5 opptil 300 tonn n\u00e5<\/h2>\n<p>[\/et_pb_text][et_pb_text _builder_version=&#8221;4.24.0&#8243; _module_preset=&#8221;default&#8221; custom_margin=&#8221;||50px||false|false&#8221; global_colors_info=&#8221;{}&#8221;]<\/p>\n<p style=\"text-align: center;\"><a class=\"btn-link\" href=\"https:\/\/www.kranabstuetzplatten.com\/no\/configurator\/\">Konfigurer n\u00e5<\/a><\/p>\n<p>[\/et_pb_text][\/et_pb_column][\/et_pb_row][\/et_pb_section]<\/p>\n","protected":false},"excerpt":{"rendered":"<p>SortimentKranplater for mobilkran \/ beltekranV\u00e5rt standardutvalg for mobilkranerUnser Standartsortiment reicht von den Ma\u00dfen 1,2*1,0m zu 2,2*3,5m. Dabei erreichen wir ein maximal Gewicht von 250 Tonnen. Durch unsere hohe Flexibilit\u00e4t sind wir in der Lage schnell auf Ihre Anforderungen zu reagieren. Keine passende Gr\u00f6\u00dfe gefunden? Kein Problem, wir berechnen, konstruieren und fertigen die Kranabst\u00fctzplatte entsprechend Ihrer [&hellip;]<\/p>\n","protected":false},"author":1,"featured_media":6006,"parent":0,"menu_order":0,"comment_status":"closed","ping_status":"closed","template":"","meta":{"_acf_changed":false,"_et_pb_use_builder":"on","_et_pb_old_content":"","_et_gb_content_width":"","inline_featured_image":false,"footnotes":""},"class_list":["post-6005","page","type-page","status-publish","has-post-thumbnail","hentry"],"acf":[],"tag_names":[],"category_names":[],"thumbnail":"https:\/\/www.kranabstuetzplatten.com\/wp-content\/uploads\/2024\/02\/kopfmedia_feinwerk-group-kranabstuetzplatten-2000px-20.webp","_links":{"self":[{"href":"https:\/\/www.kranabstuetzplatten.com\/no\/wp-json\/wp\/v2\/pages\/6005","targetHints":{"allow":["GET"]}}],"collection":[{"href":"https:\/\/www.kranabstuetzplatten.com\/no\/wp-json\/wp\/v2\/pages"}],"about":[{"href":"https:\/\/www.kranabstuetzplatten.com\/no\/wp-json\/wp\/v2\/types\/page"}],"author":[{"embeddable":true,"href":"https:\/\/www.kranabstuetzplatten.com\/no\/wp-json\/wp\/v2\/users\/1"}],"replies":[{"embeddable":true,"href":"https:\/\/www.kranabstuetzplatten.com\/no\/wp-json\/wp\/v2\/comments?post=6005"}],"version-history":[{"count":5,"href":"https:\/\/www.kranabstuetzplatten.com\/no\/wp-json\/wp\/v2\/pages\/6005\/revisions"}],"predecessor-version":[{"id":7453,"href":"https:\/\/www.kranabstuetzplatten.com\/no\/wp-json\/wp\/v2\/pages\/6005\/revisions\/7453"}],"wp:featuredmedia":[{"embeddable":true,"href":"https:\/\/www.kranabstuetzplatten.com\/no\/wp-json\/wp\/v2\/media\/6006"}],"wp:attachment":[{"href":"https:\/\/www.kranabstuetzplatten.com\/no\/wp-json\/wp\/v2\/media?parent=6005"}],"curies":[{"name":"wp","href":"https:\/\/api.w.org\/{rel}","templated":true}]}}