{"id":2870,"date":"2024-01-29T11:32:20","date_gmt":"2024-01-29T10:32:20","guid":{"rendered":"https:\/\/next.kranabstuetzplatten.com\/durabilite\/"},"modified":"2025-05-20T10:27:41","modified_gmt":"2025-05-20T08:27:41","slug":"durabilite","status":"publish","type":"page","link":"https:\/\/www.kranabstuetzplatten.com\/fr\/durabilite\/","title":{"rendered":"Durabilit\u00e9"},"content":{"rendered":"<p>[et_pb_section fb_built=&#8221;1&#8243; custom_padding_last_edited=&#8221;on|phone&#8221; _builder_version=&#8221;4.24.2&#8243; _module_preset=&#8221;default&#8221; custom_margin=&#8221;||||false|false&#8221; custom_margin_tablet=&#8221;||||false|false&#8221; custom_margin_phone=&#8221;||||false|true&#8221; custom_margin_last_edited=&#8221;on|phone&#8221; custom_padding_tablet=&#8221;||0px||false|false&#8221; custom_padding_phone=&#8221;||0px||false|false&#8221; global_colors_info=&#8221;{}&#8221;][et_pb_row make_equal=&#8221;on&#8221; _builder_version=&#8221;4.24.0&#8243; _module_preset=&#8221;default&#8221; max_width=&#8221;1600px&#8221; min_height=&#8221;400px&#8221; min_height_tablet=&#8221;200px&#8221; min_height_phone=&#8221;&#8221; min_height_last_edited=&#8221;on|tablet&#8221; custom_margin=&#8221;100px||||false|false&#8221; custom_padding=&#8221;25px|0px|25px|0px|true|true&#8221; global_colors_info=&#8221;{}&#8221;][et_pb_column type=&#8221;4_4&#8243; _builder_version=&#8221;4.24.0&#8243; _module_preset=&#8221;default&#8221; custom_css_main_element=&#8221;margin: auto;&#8221; global_colors_info=&#8221;{}&#8221;][et_pb_text _builder_version=&#8221;4.24.0&#8243; _module_preset=&#8221;default&#8221; header_text_color=&#8221;gcid-5ea6f707-7589-495b-ac14-f55a09689654&#8243; global_colors_info=&#8221;{%22gcid-5ea6f707-7589-495b-ac14-f55a09689654%22:%91%22header_text_color%22%93}&#8221;]<\/p>\n<h1 style=\"text-align: center;\">Durabilit\u00e9<\/h1>\n<p>[\/et_pb_text][et_pb_text _builder_version=&#8221;4.24.0&#8243; _module_preset=&#8221;default&#8221; header_5_text_color=&#8221;gcid-5fff3dbb-f849-4bc0-a4a8-65251b0d45ee&#8221; global_colors_info=&#8221;{%22gcid-5fff3dbb-f849-4bc0-a4a8-65251b0d45ee%22:%91%22header_5_text_color%22%93}&#8221;]<\/p>\n<h5 style=\"text-align: center;\">Economies de CO2 et avenir<\/h5>\n<p>[\/et_pb_text][\/et_pb_column][\/et_pb_row][\/et_pb_section][et_pb_section fb_built=&#8221;1&#8243; _builder_version=&#8221;4.24.2&#8243; _module_preset=&#8221;default&#8221; custom_margin_tablet=&#8221;&#8221; custom_margin_phone=&#8221;||||false|true&#8221; custom_margin_last_edited=&#8221;on|phone&#8221; custom_padding=&#8221;||0px||false|false&#8221; global_colors_info=&#8221;{}&#8221;][et_pb_row column_structure=&#8221;1_2,1_2&#8243; _builder_version=&#8221;4.24.0&#8243; _module_preset=&#8221;default&#8221; max_width=&#8221;1600px&#8221; global_colors_info=&#8221;{}&#8221;][et_pb_column type=&#8221;1_2&#8243; _builder_version=&#8221;4.24.0&#8243; _module_preset=&#8221;default&#8221; custom_css_main_element=&#8221;margin:auto;&#8221; global_colors_info=&#8221;{}&#8221;][et_pb_text _builder_version=&#8221;4.24.0&#8243; _module_preset=&#8221;default&#8221; header_5_text_color=&#8221;gcid-5ea6f707-7589-495b-ac14-f55a09689654&#8243; global_colors_info=&#8221;{%22gcid-5ea6f707-7589-495b-ac14-f55a09689654%22:%91%22header_5_text_color%22%93}&#8221;]<\/p>\n<h2>Economie de CO2 : des succ\u00e8s mesurables<\/h2>\n<p>[\/et_pb_text][\/et_pb_column][et_pb_column type=&#8221;1_2&#8243; _builder_version=&#8221;4.24.0&#8243; _module_preset=&#8221;default&#8221; custom_css_main_element=&#8221;margin:auto;&#8221; global_colors_info=&#8221;{}&#8221;][et_pb_text _builder_version=&#8221;4.24.2&#8243; _module_preset=&#8221;default&#8221; global_colors_info=&#8221;{}&#8221;]<\/p>\n<p>Chez Feinwerk Technologies, nous ne mesurons pas seulement notre succ\u00e8s \u00e0 l&#8217;aube des indicateurs \u00e9conomiques, mais aussi \u00e0 notre contribution \u00e0 la protection de l&#8217;environnement. En d\u00e9veloppant des plagues r\u00e9partiton plus l\u00e9g\u00e8res et plus efficaces, nous contribuons activement \u00e0 la r\u00e9duction des \u00e9missions de CO2. Nos initiatives en mati\u00e8re d&#8217;\u00e9conomie de CO2 sont un engagement clair envers notre plan\u00e8te et montrent qu&#8217;une performance \u00e9lev\u00e9e et le respect de l&#8217;environnement peuvent aller de pair.<\/p>\n<p>[\/et_pb_text][\/et_pb_column][\/et_pb_row][et_pb_row column_structure=&#8221;1_2,1_2&#8243; use_custom_gutter=&#8221;on&#8221; gutter_width=&#8221;2&#8243; make_equal=&#8221;on&#8221; _builder_version=&#8221;4.24.0&#8243; _module_preset=&#8221;default&#8221; max_width=&#8221;1600px&#8221; global_colors_info=&#8221;{}&#8221;][et_pb_column type=&#8221;1_2&#8243; _builder_version=&#8221;4.24.0&#8243; _module_preset=&#8221;default&#8221; background_color=&#8221;gcid-900d4a25-5d4d-4445-b994-67d8dc7f68c1&#8243; border_radii=&#8221;on|10px|10px|10px|10px&#8221; global_colors_info=&#8221;{%22gcid-900d4a25-5d4d-4445-b994-67d8dc7f68c1%22:%91%22background_color%22%93}&#8221;][et_pb_text content_tablet=&#8221;<\/p>\n<div class=%22kab-details-container%22>\n<h2>Plaques de calage \/ r\u00e9partition<\/h2>\n<div class=%22badge-container%22>\n<div class=%22badge badge-white%22><span class=%22feinwerk-icon-feather%22><\/span>Variante de performance<\/div>\n<div class=%22badge badge-blue%22>R\u00e9duction du poids jusqu&apos;\u00e0 -20%<\/div>\n<div class=%22badge badge-green%22><span class=%22feinwerk-icon-leaf%22><\/span>R\u00e9duction des \u00e9mmissions de CO2<\/div>\n<\/div>\n<\/div>\n<p>&#8221; content_phone=&#8221;<\/p>\n<div class=%22kab-details-container%22>\n<h2 style=%22text-align: left;%22>Plaques de calage \/ r\u00e9partition<\/h2>\n<div class=%22badge-container%22>\n<div class=%22badge badge-white%22 style=%22text-align: left;%22><span class=%22feinwerk-icon-feather%22><\/span>Variante de performance<\/div>\n<div class=%22badge badge-blue%22 style=%22text-align: left;%22>R\u00e9duction du poids jusqu&apos;\u00e0 -20%<\/div>\n<div class=%22badge badge-green%22 style=%22text-align: left;%22><span class=%22feinwerk-icon-leaf%22><\/span>R\u00e9duction des \u00e9mmissions de CO2<\/div>\n<\/div>\n<\/div>\n<p>&#8221; content_last_edited=&#8221;on|phone&#8221; _builder_version=&#8221;4.24.2&#8243; _module_preset=&#8221;default&#8221; custom_padding=&#8221;40px|40px|40px|40px|true|true&#8221; custom_css_main_element=&#8221;display:flex;||align-items:center;||justify-content:center;||height: 100%;&#8221; custom_css_free_form=&#8221;.kab-details-container{||  display:grid;||  grid-template-columns: 1fr 1fr;||  align-items: center;||  gap: 20px;||}||||@media(max-width: 1400px){||  .kab-details-container{||    grid-template-columns: 1fr;||  }||}&#8221; global_colors_info=&#8221;{}&#8221;]<\/p>\n<div class=\"kab-details-container\">\n<h2>Avantages<\/h2>\n<div class=\"badge-container\">\n<div class=\"badge badge-white\"><span class=\"feinwerk-icon-feather\"><\/span>Variante performance<\/div>\n<div class=\"badge badge-blue\">R\u00e9duction du poids jusqu&#8217;\u00e0 -20%<\/div>\n<div class=\"badge badge-green\"><span class=\"feinwerk-icon-leaf\"><\/span>R\u00e9duction des \u00e9mmissions de CO2<\/div>\n<\/div>\n<\/div>\n<p>[\/et_pb_text][\/et_pb_column][et_pb_column type=&#8221;1_2&#8243; _builder_version=&#8221;4.24.0&#8243; _module_preset=&#8221;default&#8221; background_color=&#8221;gcid-900d4a25-5d4d-4445-b994-67d8dc7f68c1&#8243; border_radii=&#8221;on|10px|10px|10px|10px&#8221; global_colors_info=&#8221;{%22gcid-900d4a25-5d4d-4445-b994-67d8dc7f68c1%22:%91%22background_color%22%93}&#8221;][et_pb_image src=&#8221; https:\/\/www.kranabstuetzplatten.com\/wp-content\/uploads\/2025\/07\/kopfmedia_Feinwerk-Anschalg-3_uebersicht.537.webp&#8221; title_text=&#8221;kopfmedia_feinwerk_kranabstuezplatten_A3_\u00fcbersicht.36&#8243; _builder_version=&#8221;4.27.4&#8243; _module_preset=&#8221;default&#8221; hover_enabled=&#8221;0&#8243; dvmd_acat_aria_label=&#8221;Illustration de produit d&#8217;une plaque d&#8217;appui de grue blanche du Feinwerk Group avec un point d&#8217;ancrage bleu. \u00c0 c\u00f4t\u00e9 de cela, trois avantages sont mis en avant : variante performance, r\u00e9duction du poids jusqu&#8217;\u00e0 20 % et r\u00e9duction des \u00e9missions de CO2.&#8221; global_colors_info=&#8221;{}&#8221; sticky_enabled=&#8221;0&#8243;][\/et_pb_image][\/et_pb_column][\/et_pb_row][et_pb_row _builder_version=&#8221;4.24.0&#8243; _module_preset=&#8221;default&#8221; max_width=&#8221;1600px&#8221; global_colors_info=&#8221;{}&#8221;][et_pb_column type=&#8221;4_4&#8243; _builder_version=&#8221;4.24.0&#8243; _module_preset=&#8221;default&#8221; custom_css_main_element=&#8221;margin:auto;&#8221; global_colors_info=&#8221;{}&#8221;][et_pb_code _builder_version=&#8221;4.27.4&#8243; _module_preset=&#8221;default&#8221; background_image=&#8221;https:\/\/www.kranabstuetzplatten.com\/wp-content\/uploads\/2024\/02\/feinwerk_nachhaltigkeit-min.jpg&#8221; min_height=&#8221;500px&#8221; hover_enabled=&#8221;0&#8243; dvmd_acat_aria_label=&#8221;Vue panoramique d&#8217;une moyenne montagne bois\u00e9e avec des collines couvertes de brume. Symbolise le respect de l&#8217;environnement et la durabilit\u00e9 des produits de Feinwerk Technologies.&#8221; border_radii=&#8221;on|10px|10px|10px|10px&#8221; global_colors_info=&#8221;{}&#8221; sticky_enabled=&#8221;0&#8243;][\/et_pb_code][\/et_pb_column][\/et_pb_row][\/et_pb_section][et_pb_section fb_built=&#8221;1&#8243; _builder_version=&#8221;4.24.2&#8243; _module_preset=&#8221;default&#8221; custom_margin_tablet=&#8221;&#8221; custom_margin_phone=&#8221;||||false|true&#8221; custom_margin_last_edited=&#8221;on|phone&#8221; global_colors_info=&#8221;{}&#8221;][et_pb_row column_structure=&#8221;1_3,2_3&#8243; _builder_version=&#8221;4.24.2&#8243; _module_preset=&#8221;default&#8221; background_color=&#8221;gcid-900d4a25-5d4d-4445-b994-67d8dc7f68c1&#8243; max_width=&#8221;1600px&#8221; custom_padding=&#8221;50px|50px|50px|50px|true|true&#8221; border_radii=&#8221;on|10px|10px|10px|10px&#8221; global_colors_info=&#8221;{%22gcid-900d4a25-5d4d-4445-b994-67d8dc7f68c1%22:%91%22background_color%22%93}&#8221;][et_pb_column type=&#8221;1_3&#8243; _builder_version=&#8221;4.24.0&#8243; _module_preset=&#8221;default&#8221; custom_css_main_element=&#8221;margin:auto;&#8221; global_colors_info=&#8221;{}&#8221;][et_pb_text _builder_version=&#8221;4.24.0&#8243; _module_preset=&#8221;default&#8221; header_2_text_color=&#8221;gcid-5ea6f707-7589-495b-ac14-f55a09689654&#8243; header_5_text_color=&#8221;gcid-5ea6f707-7589-495b-ac14-f55a09689654&#8243; custom_margin=&#8221;||20px||false|false&#8221; global_colors_info=&#8221;{%22gcid-5ea6f707-7589-495b-ac14-f55a09689654%22:%91%22header_5_text_color%22,%22header_2_text_color%22%93}&#8221;]<\/p>\n<h2>Notre chemin vers l&#8217;avenir : la durabilit\u00e9 comme voyage<\/h2>\n<p>[\/et_pb_text][et_pb_text _builder_version=&#8221;4.24.0&#8243; _module_preset=&#8221;default&#8221; header_4_text_color=&#8221;gcid-5ea6f707-7589-495b-ac14-f55a09689654&#8243; custom_margin_tablet=&#8221;||30px||false|false&#8221; custom_margin_phone=&#8221;||30px||false|false&#8221; custom_margin_last_edited=&#8221;on|tablet&#8221; global_colors_info=&#8221;{%22gcid-5ea6f707-7589-495b-ac14-f55a09689654%22:%91%22header_4_text_color%22%93}&#8221;]<\/p>\n<h4 class=\"feinwerk-icon-feinwerk-logo\"><\/h4>\n<p>[\/et_pb_text][\/et_pb_column][et_pb_column type=&#8221;2_3&#8243; _builder_version=&#8221;4.24.0&#8243; _module_preset=&#8221;default&#8221; custom_css_main_element=&#8221;margin:auto;&#8221; global_colors_info=&#8221;{}&#8221;][et_pb_text _builder_version=&#8221;4.24.2&#8243; _module_preset=&#8221;default&#8221; global_colors_info=&#8221;{}&#8221;]<\/p>\n<p>Chez Feinwerk Technologies, la durabilit\u00e9 est un processus continu. Nous nous effor\u00e7ons toujours d&#8217;am\u00e9liorer nos produits, nos processus et nos pratiques afin de r\u00e9duire notre empreinte \u00e9cologique. Notre vision de l&#8217;avenir comprend des projets et des initiatives innovants qui visent \u00e0 repousser les limites du possible en mati\u00e8re de durabilit\u00e9. Nous invitons nos clients et partenaires \u00e0 nous rejoindre dans ce voyage et \u00e0 construire ensemble un avenir plus durable.<\/p>\n<p>[\/et_pb_text][\/et_pb_column][\/et_pb_row][\/et_pb_section]<\/p>\n","protected":false},"excerpt":{"rendered":"<p>Durabilit\u00e9Economies de CO2 et avenirEconomie de CO2 : des succ\u00e8s mesurablesChez Feinwerk Technologies, nous ne mesurons pas seulement notre succ\u00e8s \u00e0 l&#8217;aube des indicateurs \u00e9conomiques, mais aussi \u00e0 notre contribution \u00e0 la protection de l&#8217;environnement. En d\u00e9veloppant des plagues r\u00e9partiton plus l\u00e9g\u00e8res et plus efficaces, nous contribuons activement \u00e0 la r\u00e9duction des \u00e9missions de CO2. [&hellip;]<\/p>\n","protected":false},"author":1,"featured_media":1827,"parent":0,"menu_order":0,"comment_status":"closed","ping_status":"closed","template":"","meta":{"_acf_changed":false,"_et_pb_use_builder":"on","_et_pb_old_content":"","_et_gb_content_width":"","inline_featured_image":false,"footnotes":""},"class_list":["post-2870","page","type-page","status-publish","has-post-thumbnail","hentry"],"acf":[],"tag_names":[],"category_names":[],"thumbnail":"https:\/\/www.kranabstuetzplatten.com\/wp-content\/uploads\/2024\/02\/feinwerk_nachhaltigkeit-min.jpg","_links":{"self":[{"href":"https:\/\/www.kranabstuetzplatten.com\/fr\/wp-json\/wp\/v2\/pages\/2870","targetHints":{"allow":["GET"]}}],"collection":[{"href":"https:\/\/www.kranabstuetzplatten.com\/fr\/wp-json\/wp\/v2\/pages"}],"about":[{"href":"https:\/\/www.kranabstuetzplatten.com\/fr\/wp-json\/wp\/v2\/types\/page"}],"author":[{"embeddable":true,"href":"https:\/\/www.kranabstuetzplatten.com\/fr\/wp-json\/wp\/v2\/users\/1"}],"replies":[{"embeddable":true,"href":"https:\/\/www.kranabstuetzplatten.com\/fr\/wp-json\/wp\/v2\/comments?post=2870"}],"version-history":[{"count":13,"href":"https:\/\/www.kranabstuetzplatten.com\/fr\/wp-json\/wp\/v2\/pages\/2870\/revisions"}],"predecessor-version":[{"id":5217,"href":"https:\/\/www.kranabstuetzplatten.com\/fr\/wp-json\/wp\/v2\/pages\/2870\/revisions\/5217"}],"wp:featuredmedia":[{"embeddable":true,"href":"https:\/\/www.kranabstuetzplatten.com\/fr\/wp-json\/wp\/v2\/media\/1827"}],"wp:attachment":[{"href":"https:\/\/www.kranabstuetzplatten.com\/fr\/wp-json\/wp\/v2\/media?parent=2870"}],"curies":[{"name":"wp","href":"https:\/\/api.w.org\/{rel}","templated":true}]}}