{"id":2751,"date":"2024-01-29T10:54:27","date_gmt":"2024-01-29T09:54:27","guid":{"rendered":"https:\/\/next.kranabstuetzplatten.com\/accueil\/"},"modified":"2025-12-03T09:45:29","modified_gmt":"2025-12-03T08:45:29","slug":"accueil","status":"publish","type":"page","link":"https:\/\/www.kranabstuetzplatten.com\/fr\/","title":{"rendered":"Accueil"},"content":{"rendered":"<p>[et_pb_section fb_built=&#8221;1&#8243; _builder_version=&#8221;4.24.2&#8243; custom_margin_tablet=&#8221;&#8221; custom_margin_phone=&#8221;&#8221; custom_margin_last_edited=&#8221;on|phone&#8221; global_colors_info=&#8221;{}&#8221;][et_pb_row column_structure=&#8221;1_2,1_2&#8243; make_equal=&#8221;on&#8221; _builder_version=&#8221;4.24.2&#8243; background_size=&#8221;initial&#8221; background_position=&#8221;top_left&#8221; background_repeat=&#8221;repeat&#8221; max_width=&#8221;1600px&#8221; custom_padding=&#8221;100px||20px||false|false&#8221; custom_css_main_element=&#8221;align-items: center;&#8221; global_colors_info=&#8221;{}&#8221;][et_pb_column type=&#8221;1_2&#8243; _builder_version=&#8221;4.24.2&#8243; custom_padding=&#8221;|0px|||false|false&#8221; global_colors_info=&#8221;{}&#8221; custom_padding__hover=&#8221;|||&#8221;][et_pb_text _builder_version=&#8221;4.24.2&#8243; _module_preset=&#8221;default&#8221; header_text_color=&#8221;gcid-52d948b6-e042-4cc0-80cc-f3a688effea0&#8243; max_width=&#8221;100%&#8221; custom_margin=&#8221;|0px|||false|false&#8221; custom_padding=&#8221;|0px|||false|false&#8221; global_colors_info=&#8221;{%22gcid-52d948b6-e042-4cc0-80cc-f3a688effea0%22:%91%22header_text_color%22%93}&#8221;]<\/p>\n<h1>Des plaques de calage \/ r\u00e9partition de qualit\u00e9 superieure pour une s\u00e9curit\u00e9 maximale<\/h1>\n<h5>De Feinwerk Group<\/h5>\n<p>[\/et_pb_text][et_pb_text _builder_version=&#8221;4.24.0&#8243; _module_preset=&#8221;default&#8221; global_colors_info=&#8221;{}&#8221;]<\/p>\n<p>Les plaques sont mises en oeuvre lors du d\u00e9ploiement de grues sur des sols de mauvaises qualit\u00e9s. Elles permettent de saugarder le sol et delivrent une securite accrue lors du levage Feinwerk est votre fabricant de plaques de calage \/ r\u00e9partition de qualit\u00e9. Gr\u00e2ce aux dalles, le sous-sol est \u00e9pargn\u00e9 et le compactage du sol est r\u00e9duit. Feinwerk est votre fabricant de plaques de support de grue de haute qualit\u00e9.  <\/p>\n<p>[\/et_pb_text][et_pb_text _builder_version=&#8221;4.24.2&#8243; _module_preset=&#8221;default&#8221; global_colors_info=&#8221;{}&#8221;]<\/p>\n<p><a href=\"https:\/\/www.kranabstuetzplatten.com\/fr\/configurateur\/\" class=\"btn-link\">Configurer maintenant<\/a><\/p>\n<p>[\/et_pb_text][\/et_pb_column][et_pb_column type=&#8221;1_2&#8243; _builder_version=&#8221;4.16&#8243; custom_padding=&#8221;|||&#8221; global_colors_info=&#8221;{}&#8221; custom_padding__hover=&#8221;|||&#8221;][et_pb_code _builder_version=&#8221;4.27.4&#8243; _module_preset=&#8221;default&#8221; background_enable_image=&#8221;off&#8221; background_video_mp4=&#8221;https:\/\/www.kranabstuetzplatten.com\/wp-content\/uploads\/2024\/03\/feinwerk_kranabstuetzplatten-showcase-4k-v4-comp-1.mp4&#8243; min_height=&#8221;800px&#8221; min_height_tablet=&#8221;400px&#8221; min_height_phone=&#8221;400px&#8221; min_height_last_edited=&#8221;on|tablet&#8221; custom_padding=&#8221;20px|20px|20px|20px|true|true&#8221; custom_css_free_form=&#8221;.et_pb_code_inner .badge{||    color:#004B93;||  max-width: 80%;||}||||.et_pb_code_inner .badge h5{||  max-width: initial;||  color:#004B93;||}&#8221; dvmd_acat_aria_label=&#8221;Video \u00fcber Kranabst\u00fctzplatten mit innovativer Wabenstruktur \u2013 Demonstration der Produkteigenschaften wie Stapelbarkeit, Tragegriff, Antirutschbeschichtung und Leichtbauweise mit bis zu 20\u202f% geringerem Gewicht im Vergleich zu herk\u00f6mmlichen Kranabst\u00fctzplatten&#8221; border_radii=&#8221;on|10px|10px|10px|10px&#8221; global_colors_info=&#8221;{}&#8221;]<\/p>\n<div class=\"badge\"><!-- [et_pb_line_break_holder] -->\t<\/p>\n<div class=\"feinwerk-icon-feather\"><\/div>\n<p><!-- [et_pb_line_break_holder] -->  <\/p>\n<h5><!-- [et_pb_line_break_holder] --> Nous d\u00e9finisons de nouveaux standards! Le poids des plaques est r\u00e9duit de 20% par rapport aux plaques traditionnelles! <!-- [et_pb_line_break_holder] -->  <\/h5>\n<p><!-- [et_pb_line_break_holder] --><\/div>\n<p>[\/et_pb_code][\/et_pb_column][\/et_pb_row][\/et_pb_section][et_pb_section fb_built=&#8221;1&#8243; _builder_version=&#8221;4.24.2&#8243; _module_preset=&#8221;default&#8221; custom_margin_tablet=&#8221;&#8221; custom_margin_phone=&#8221;&#8221; custom_margin_last_edited=&#8221;on|desktop&#8221; custom_padding=&#8221;20px||20px||false|false&#8221; global_colors_info=&#8221;{}&#8221;][et_pb_row column_structure=&#8221;1_2,1_2&#8243; _builder_version=&#8221;4.24.0&#8243; _module_preset=&#8221;default&#8221; max_width=&#8221;1600px&#8221; global_colors_info=&#8221;{}&#8221;][et_pb_column type=&#8221;1_2&#8243; _builder_version=&#8221;4.24.0&#8243; _module_preset=&#8221;default&#8221; global_colors_info=&#8221;{}&#8221;][et_pb_text _builder_version=&#8221;4.24.0&#8243; _module_preset=&#8221;default&#8221; custom_margin=&#8221;||20px||false|false&#8221; global_colors_info=&#8221;{}&#8221;]<\/p>\n<h2>100% made in Germany: Qualit\u00e9 et precision pour des plaques de calage \/ repartition<\/h2>\n<p>[\/et_pb_text][et_pb_code _builder_version=&#8221;4.24.2&#8243; _module_preset=&#8221;default&#8221; custom_padding=&#8221;||||false|false&#8221; custom_css_free_form=&#8221;.badge {|| padding: 20px 40px;||}||||.badge h5{||  padding-bottom: 0;||  max-width: 260px;||}||||.feinwerk-icon-kit-logo{||  font-size: 30px;||}&#8221; global_colors_info=&#8221;{}&#8221;]<\/p>\n<div class=\"badge badge-fullwidth\"><!-- [et_pb_line_break_holder] -->  <\/p>\n<h5><!-- [et_pb_line_break_holder] --> Tests de charges intensifs r\u00e9alis\u00e9s par la KIT<!-- [et_pb_line_break_holder] -->  <\/h5>\n<p><!-- [et_pb_line_break_holder] -->  <\/p>\n<div class=\"feinwerk-icon-kit-logo\"><span class=\"path1\"><\/span><span class=\"path2\"><\/span><span class=\"path3\"><\/span><span class=\"path4\"><\/span><span class=\"path5\"><\/span><span class=\"path6\"><\/span><\/div>\n<p><!-- [et_pb_line_break_holder] --><\/div>\n<p>[\/et_pb_code][\/et_pb_column][et_pb_column type=&#8221;1_2&#8243; _builder_version=&#8221;4.24.0&#8243; _module_preset=&#8221;default&#8221; global_colors_info=&#8221;{}&#8221;][et_pb_text _builder_version=&#8221;4.24.0&#8243; _module_preset=&#8221;default&#8221; global_colors_info=&#8221;{}&#8221;]<\/p>\n<p>Nos plaques de calage \/ r\u00e9partition sont synonymes de qualit\u00e9 sup\u00e9rieure et de pr\u00e9cision, ce que vous attendez d&#8217;un produit enti\u00e8rement fabriqu\u00e9 en Allemagne. Chaque panneau est fabriqu\u00e9 avec le plus grand soin et avec des mat\u00e9riaux de qualit\u00e9 sup\u00e9rieure afin de garantir une stabilit\u00e9 et une durabilit\u00e9 maximales. Avec une capacit\u00e9 de charge allant jusqu&#8217;\u00e0 300 tonnes, nos plaques d&#8217;appui pour grues offrent non seulement des performances exceptionnelles, mais \u00e9tablissent \u00e9galement de nouvelles normes en mati\u00e8re de s\u00e9curit\u00e9 et de fiabilit\u00e9. Faites confiance \u00e0 l&#8217;ing\u00e9nierie allemande pour soutenir vos charges les plus pr\u00e9cieuses.   <\/p>\n<p>[\/et_pb_text][\/et_pb_column][\/et_pb_row][\/et_pb_section][et_pb_section fb_built=&#8221;1&#8243; custom_padding_last_edited=&#8221;on|phone&#8221; _builder_version=&#8221;4.24.2&#8243; _module_preset=&#8221;default&#8221; custom_padding_tablet=&#8221;&#8221; custom_padding_phone=&#8221;20px||20px||false|false&#8221; global_colors_info=&#8221;{}&#8221;][et_pb_row column_structure=&#8221;1_2,1_2&#8243; _builder_version=&#8221;4.24.2&#8243; _module_preset=&#8221;default&#8221; max_width=&#8221;1600px&#8221; global_colors_info=&#8221;{}&#8221;][et_pb_column type=&#8221;1_2&#8243; _builder_version=&#8221;4.24.0&#8243; _module_preset=&#8221;default&#8221; global_colors_info=&#8221;{}&#8221;][et_pb_text _builder_version=&#8221;4.27.4&#8243; _module_preset=&#8221;default&#8221; header_2_text_color=&#8221;gcid-5ea6f707-7589-495b-ac14-f55a09689654&#8243; header_4_text_color=&#8221;gcid-5ea6f707-7589-495b-ac14-f55a09689654&#8243; hover_enabled=&#8221;0&#8243; custom_css_free_form=&#8221;.badge-heading{||  display:flex;||  flex-wrap:wrap;||  gap: 20px;||}||||.badge {|| padding: 20px 40px;||}||||.badge h4{||  padding-bottom: 0;||  max-width: 260px;||}&#8221; global_colors_info=&#8221;{%22gcid-5ea6f707-7589-495b-ac14-f55a09689654%22:%91%22header_2_text_color%22,%22header_4_text_color%22%93}&#8221; sticky_enabled=&#8221;0&#8243;]<\/p>\n<div class=\"badge-heading\">\n<h2>Plaques de calage<\/h2>\n<div class=\"badge\">\n<h4 class=\"feinwerk-icon-feather\"><\/h4>\n<h4>Variante de performance<\/h4>\n<\/div>\n<\/div>\n<p>[\/et_pb_text][et_pb_code _builder_version=&#8221;4.27.4&#8243; _module_preset=&#8221;default&#8221; background_color=&#8221;gcid-900d4a25-5d4d-4445-b994-67d8dc7f68c1&#8243; background_image=&#8221;  https:\/\/www.kranabstuetzplatten.com\/wp-content\/uploads\/2025\/07\/kopfmedia_Feinwerk-Anschalg-3_uebersicht.537.webp&#8221; background_size=&#8221;contain&#8221; height=&#8221;400px&#8221; custom_padding=&#8221;20px|20px|20px|20px|true|true&#8221; dvmd_acat_aria_label=&#8221;Kranabst\u00fctzplatte in Performance-Ausf\u00fchrung mit optimierter Bauh\u00f6he und Gewicht \u2013 20\u202f% leichter als herk\u00f6mmliche Modelle, besonders geeignet f\u00fcr anspruchsvolle Anwendungen mit Fokus auf Gewichtseinsparung und Transporteffizienz&#8221; border_radii=&#8221;on|20px|20px|20px|20px&#8221; global_colors_info=&#8221;{%22gcid-900d4a25-5d4d-4445-b994-67d8dc7f68c1%22:%91%22background_color%22%93}&#8221;]<\/p>\n<div class=\"badge flex-wrap\"><!-- [et_pb_line_break_holder] -->  <span>1200kg<\/span> <span class=\"crossed-out\">1500kg<\/span><!-- [et_pb_line_break_holder] --><\/p>\n<div class=\"badge badge-blue\"><!-- [et_pb_line_break_holder] --> <span class=\"feinwerk-icon-feather\"><\/span>  -20%<!-- [et_pb_line_break_holder] -->  <\/div>\n<p><!-- [et_pb_line_break_holder] --><\/div>\n<p>[\/et_pb_code][et_pb_code _builder_version=&#8221;4.24.2&#8243; _module_preset=&#8221;default&#8221; global_colors_info=&#8221;{}&#8221;]<\/p>\n<div class=\"badge-container\"><!-- [et_pb_line_break_holder] --><\/p>\n<div class=\"badge\"><span class=\"feinwerk-icon-check\"><\/span>auteur r\u00e9duite = poids r\u00e9duit<\/div>\n<p><!-- [et_pb_line_break_holder] --><\/p>\n<div class=\"badge\"><span class=\"feinwerk-icon-check\"><\/span>plus l\u00e9g\u00e8res que celles de la concurrence<\/div>\n<p><!-- [et_pb_line_break_holder] --><\/div>\n<p>[\/et_pb_code][\/et_pb_column][et_pb_column type=&#8221;1_2&#8243; _builder_version=&#8221;4.24.0&#8243; _module_preset=&#8221;default&#8221; global_colors_info=&#8221;{}&#8221;][et_pb_text _builder_version=&#8221;4.27.4&#8243; _module_preset=&#8221;default&#8221; header_2_text_color=&#8221;gcid-5ea6f707-7589-495b-ac14-f55a09689654&#8243; header_4_text_color=&#8221;gcid-5ea6f707-7589-495b-ac14-f55a09689654&#8243; custom_css_free_form=&#8221;.badge-heading{||  display:flex;||  flex-wrap:wrap;||  gap: 20px;||}||||.badge {|| padding: 20px 40px;||}||||.badge h4{||  padding-bottom: 0;||  max-width: 260px;||}&#8221; global_colors_info=&#8221;{%22gcid-5ea6f707-7589-495b-ac14-f55a09689654%22:%91%22header_2_text_color%22,%22header_4_text_color%22%93}&#8221;]<\/p>\n<div class=\"badge-heading\">\n<h2>Plaques de calage<\/h2>\n<div class=\"badge\">\n<h4 class=\"feinwerk-icon-check\"><\/h4>\n<h4>Variant lourde<\/h4>\n<\/div>\n<\/div>\n<p>[\/et_pb_text][et_pb_code _builder_version=&#8221;4.27.4&#8243; _module_preset=&#8221;default&#8221; background_color=&#8221;gcid-900d4a25-5d4d-4445-b994-67d8dc7f68c1&#8243; background_image=&#8221;  https:\/\/www.kranabstuetzplatten.com\/wp-content\/uploads\/2025\/07\/kopfmedia_Feinwerk-Anschalg-3_uebersicht.537.webp&#8221; background_size=&#8221;contain&#8221; height=&#8221;400px&#8221; custom_padding=&#8221;20px|20px|20px|20px|true|true&#8221; dvmd_acat_aria_label=&#8221;Standard-Kranabst\u00fctzplatte f\u00fcr universelle Anwendungen \u2013 robuster Aufbau und geeignet f\u00fcr alle Belastungsf\u00e4lle im Baustellen- oder Kranbetrieb&#8221; border_radii=&#8221;on|20px|20px|20px|20px&#8221; global_colors_info=&#8221;{%22gcid-900d4a25-5d4d-4445-b994-67d8dc7f68c1%22:%91%22background_color%22%93}&#8221;][\/et_pb_code][et_pb_code _builder_version=&#8221;4.24.2&#8243; _module_preset=&#8221;default&#8221; global_colors_info=&#8221;{}&#8221;]<\/p>\n<div class=\"badge-container\"><!-- [et_pb_line_break_holder] --><\/p>\n<div class=\"badge\"><span class=\"feinwerk-icon-check\"><\/span>peut importe la charge<\/div>\n<p><!-- [et_pb_line_break_holder] --><\/div>\n<p>[\/et_pb_code][\/et_pb_column][\/et_pb_row][\/et_pb_section][et_pb_section fb_built=&#8221;1&#8243; _builder_version=&#8221;4.24.2&#8243; _module_preset=&#8221;default&#8221; global_colors_info=&#8221;{}&#8221;][et_pb_row _builder_version=&#8221;4.24.2&#8243; _module_preset=&#8221;default&#8221; max_width=&#8221;1600px&#8221; global_colors_info=&#8221;{}&#8221;][et_pb_column type=&#8221;4_4&#8243; _builder_version=&#8221;4.24.2&#8243; _module_preset=&#8221;default&#8221; global_colors_info=&#8221;{}&#8221;][et_pb_code _builder_version=&#8221;4.27.4&#8243; _module_preset=&#8221;default&#8221; dvmd_acat_aria_label=&#8221;3D-Darstellung einer Abst\u00fctzplatte unter einem Mobilkran \u2013 Kranabst\u00fctzplatte f\u00fcr Mobilkr\u00e4ne mit kompakter Bauform und hoher Stabilit\u00e4t&#8221; global_colors_info=&#8221;{}&#8221;]<\/p>\n<div class=\"purpose-preview-row\"><!-- [et_pb_line_break_holder] -->  <\/p>\n<div class=\"purpose-preview\"><!-- [et_pb_line_break_holder] -->  <\/p>\n<div class=\"preview-image\"><!-- [et_pb_line_break_holder] -->    <img decoding=\"async\" src=\"https:\/\/www.kranabstuetzplatten.com\/wp-content\/uploads\/2024\/02\/kopfmedia_feinwerk_mobilkran_1.webp\"><!-- [et_pb_line_break_holder] -->  <\/div>\n<p><!-- [et_pb_line_break_holder] -->  <\/p>\n<div class=\"preview-body\"><!-- [et_pb_line_break_holder] -->    <\/p>\n<h2><!-- [et_pb_line_break_holder] --> Plaques de calage \/ r\u00e9partition pour grues mobiles<!-- [et_pb_line_break_holder] -->    <\/h2>\n<p><!-- [et_pb_line_break_holder] -->    <a class=\"btn-link\" href=\"https:\/\/www.kranabstuetzplatten.com\/fr\/plaques-de-calage-repartition-pour-grues-mobiles-2\/\">plus d\u00b4informations <!-- [et_pb_line_break_holder] -->      <span class=\"feinwerk-icon-arrow-right\"><\/span><!-- [et_pb_line_break_holder] -->    <\/a><!-- [et_pb_line_break_holder] -->  <\/div>\n<p><!-- [et_pb_line_break_holder] --><\/div>\n<p><!-- [et_pb_line_break_holder] --><\/p>\n<div class=\"purpose-preview\"><!-- [et_pb_line_break_holder] -->  <\/p>\n<div class=\"preview-image\"><!-- [et_pb_line_break_holder] -->    <img decoding=\"async\" src=\"https:\/\/www.kranabstuetzplatten.com\/wp-content\/uploads\/2024\/02\/kopfmedia_feinwerk_raupenkran_1.webp\"><!-- [et_pb_line_break_holder] -->  <\/div>\n<p><!-- [et_pb_line_break_holder] -->  <\/p>\n<div class=\"preview-body\"><!-- [et_pb_line_break_holder] -->    <\/p>\n<h2><!-- [et_pb_line_break_holder] --> Plaques de calage \/ r\u00e9partition pour grues \u00e0 chenilles<!-- [et_pb_line_break_holder] -->    <\/h2>\n<p><!-- [et_pb_line_break_holder] -->    <a class=\"btn-link\" href=\"https:\/\/www.kranabstuetzplatten.com\/fr\/plaques-de-calage-repartition-pour-grues-a-chenilles\/\">plus d\u00b4informations <!-- [et_pb_line_break_holder] -->      <span class=\"feinwerk-icon-arrow-right\"><\/span><!-- [et_pb_line_break_holder] -->    <\/a><!-- [et_pb_line_break_holder] -->  <\/div>\n<p><!-- [et_pb_line_break_holder] --><\/div>\n<p><!-- [et_pb_line_break_holder] --><\/div>\n<p>[\/et_pb_code][\/et_pb_column][\/et_pb_row][\/et_pb_section][et_pb_section fb_built=&#8221;1&#8243; _builder_version=&#8221;4.24.2&#8243; _module_preset=&#8221;default&#8221; global_colors_info=&#8221;{}&#8221;][et_pb_row column_structure=&#8221;1_2,1_2&#8243; make_equal=&#8221;on&#8221; custom_padding_last_edited=&#8221;on|phone&#8221; _builder_version=&#8221;4.24.2&#8243; _module_preset=&#8221;default&#8221; max_width=&#8221;1600px&#8221; custom_padding_tablet=&#8221;&#8221; custom_padding_phone=&#8221;0px||||false|false&#8221; global_colors_info=&#8221;{}&#8221;][et_pb_column type=&#8221;1_2&#8243; _builder_version=&#8221;4.24.0&#8243; _module_preset=&#8221;default&#8221; global_colors_info=&#8221;{}&#8221;][et_pb_text _builder_version=&#8221;4.24.0&#8243; _module_preset=&#8221;default&#8221; header_2_text_color=&#8221;gcid-5ea6f707-7589-495b-ac14-f55a09689654&#8243; global_colors_info=&#8221;{%22gcid-5ea6f707-7589-495b-ac14-f55a09689654%22:%91%22header_2_text_color%22%93}&#8221;]<\/p>\n<h2>Les avantages de nos plaques<\/h2>\n<p>[\/et_pb_text][et_pb_text _builder_version=&#8221;4.24.2&#8243; _module_preset=&#8221;default&#8221; global_colors_info=&#8221;{}&#8221;]<\/p>\n<div class=\"badge-container\">\n<div class=\"badge\"><span class=\"feinwerk-icon-check\"><\/span>100 % fabriqu\u00e9es en Allemagne par Feinwerk Group<\/div>\n<div class=\"badge\"><span class=\"feinwerk-icon-check\"><\/span>Poids minimum pour charges maximales grace \u00e0 une structure interne sp\u00e9cifique<\/div>\n<div class=\"badge\"><span class=\"feinwerk-icon-check\"><\/span>une exp\u00e9rience de plus de 40 ans dans la construction m\u00e9canique<\/div>\n<div class=\"badge\"><span class=\"feinwerk-icon-check\"><\/span>Certifications d\u00b4apr\u00e8s les standard internationaux<\/div>\n<div class=\"badge\"><span class=\"feinwerk-icon-check\"><\/span>Livraison avec mode d\u00b4emploi et certification CELivraison avec mode d\u00b4emploi et certification CE <\/div>\n<div class=\"badge\"><span class=\"feinwerk-icon-check\"><\/span>Toutes les teintes RAL disponibles<\/div>\n<div class=\"badge\"><span class=\"feinwerk-icon-check\"><\/span>Personnalisation individuelle de la couleur et de la taille sur demande<\/div>\n<div class=\"badge\"><span class=\"feinwerk-icon-check\"><\/span>Calcul statique des plaques<\/div>\n<\/div>\n<p>[\/et_pb_text][\/et_pb_column][et_pb_column type=&#8221;1_2&#8243; _builder_version=&#8221;4.24.0&#8243; _module_preset=&#8221;default&#8221; custom_css_main_element=&#8221;margin:auto;&#8221; global_colors_info=&#8221;{}&#8221;][et_pb_image src=&#8221;https:\/\/www.kranabstuetzplatten.com\/wp-content\/uploads\/2024\/02\/feinwerk-kranabstuetzplatten_showcase_2000px-29.webp&#8221; title_text=&#8221;feinwerk-kranabtsplatten_showcase_2000px-29&#8243; _builder_version=&#8221;4.27.4&#8243; _module_preset=&#8221;default&#8221; dvmd_acat_aria_label=&#8221; gestapelte gr\u00fcne Kranabst\u00fctzplatten&#8221; border_radii=&#8221;on|10px|10px|10px|10px&#8221; global_colors_info=&#8221;{}&#8221;][\/et_pb_image][\/et_pb_column][\/et_pb_row][\/et_pb_section][et_pb_section fb_built=&#8221;1&#8243; module_id=&#8221;order-process&#8221; _builder_version=&#8221;4.24.2&#8243; _module_preset=&#8221;default&#8221; global_colors_info=&#8221;{}&#8221;][et_pb_row _builder_version=&#8221;4.24.2&#8243; _module_preset=&#8221;default&#8221; background_color=&#8221;gcid-900d4a25-5d4d-4445-b994-67d8dc7f68c1&#8243; max_width=&#8221;1600px&#8221; custom_padding=&#8221;40px|20px|40px|20px|true|true&#8221; border_radii=&#8221;on|10px|10px|10px|10px&#8221; global_colors_info=&#8221;{%22gcid-900d4a25-5d4d-4445-b994-67d8dc7f68c1%22:%91%22background_color%22%93}&#8221;][et_pb_column type=&#8221;4_4&#8243; _builder_version=&#8221;4.24.2&#8243; _module_preset=&#8221;default&#8221; global_colors_info=&#8221;{}&#8221;][et_pb_text _builder_version=&#8221;4.24.2&#8243; _module_preset=&#8221;default&#8221; header_2_text_color=&#8221;gcid-5ea6f707-7589-495b-ac14-f55a09689654&#8243; custom_margin=&#8221;||80px||false|false&#8221; global_colors_info=&#8221;{%22gcid-5ea6f707-7589-495b-ac14-f55a09689654%22:%91%22header_2_text_color%22%93}&#8221;]<\/p>\n<h2>Notre processus de commande<br \/>vers vos plaques d&#8217;appui de grue<\/h2>\n<p>[\/et_pb_text][et_pb_code _builder_version=&#8221;4.27.4&#8243; _module_preset=&#8221;default&#8221; dvmd_acat_aria_label=&#8221;Konfigurationsprozess f\u00fcr Kranabst\u00fctzplatten mit f\u00fcnf Schritten: 1. Konfiguration der Kranabst\u00fctzplatte, 2. Expertenberatung durch Feinwerk, 3. Angebot mit Spezifikation in 3-5 Werktagen, 4. Fertigung nach pr\u00e4zisen Vorgaben, 5. Weltweite Lieferung der individuellen Kranabst\u00fctzplatten&#8221; global_colors_info=&#8221;{}&#8221;]<\/p>\n<div class=\"process-wrap\"><!-- [et_pb_line_break_holder] -->  <\/p>\n<div class=\"process-steps\"><!-- [et_pb_line_break_holder] -->    <\/p>\n<div class=\"process-step\"><!-- [et_pb_line_break_holder] -->      <\/p>\n<div class=\"step-dot-wrap\"><!-- [et_pb_line_break_holder] -->        <\/p>\n<div class=\"step-dot\"><\/div>\n<p><!-- [et_pb_line_break_holder] -->      <\/div>\n<p><!-- [et_pb_line_break_holder] -->      <\/p>\n<div class=\"step-content\"><!-- [et_pb_line_break_holder] -->        <span class=\"feinwerk-icon-edit\"><!-- [et_pb_line_break_holder] -->        <\/span><!-- [et_pb_line_break_holder] -->        <pee class=\"step-title\"><!-- [et_pb_line_break_holder] --> Configuration de vos plaques<!-- [et_pb_line_break_holder] -->        <\/pee><!-- [et_pb_line_break_holder] -->        <pee><!-- [et_pb_line_break_holder] --> Configurez vos plaques d\u00b4apr\u00e8s vos besoins o\u00f9 envies<!-- [et_pb_line_break_holder] -->        <\/pee><!-- [et_pb_line_break_holder] -->      <\/div>\n<p><!-- [et_pb_line_break_holder] -->    <\/div>\n<p><!-- [et_pb_line_break_holder] -->        <\/p>\n<div class=\"process-step\"><!-- [et_pb_line_break_holder] -->      <\/p>\n<div class=\"step-dot-wrap\"><!-- [et_pb_line_break_holder] -->        <\/p>\n<div class=\"step-dot\"><\/div>\n<p><!-- [et_pb_line_break_holder] -->      <\/div>\n<p><!-- [et_pb_line_break_holder] -->      <\/p>\n<div class=\"step-content\"><!-- [et_pb_line_break_holder] -->        <span class=\"feinwerk-icon-user\"><!-- [et_pb_line_break_holder] -->        <\/span><!-- [et_pb_line_break_holder] -->        <pee class=\"step-title\"><!-- [et_pb_line_break_holder] --> Conseils par nos soins<!-- [et_pb_line_break_holder] -->        <\/pee><!-- [et_pb_line_break_holder] -->        <pee><!-- [et_pb_line_break_holder] --> Profitez de nos conseils d&#8217;experts pour trouver la solution optimale \u00e0 vos besoins.<!-- [et_pb_line_break_holder] -->        <\/pee><!-- [et_pb_line_break_holder] -->      <\/div>\n<p><!-- [et_pb_line_break_holder] -->    <\/div>\n<p><!-- [et_pb_line_break_holder] -->    <\/p>\n<div class=\"process-step\"><!-- [et_pb_line_break_holder] -->      <\/p>\n<div class=\"step-dot-wrap\"><!-- [et_pb_line_break_holder] -->        <\/p>\n<div class=\"step-dot\"><\/div>\n<p><!-- [et_pb_line_break_holder] -->      <\/div>\n<p><!-- [et_pb_line_break_holder] -->      <\/p>\n<div class=\"step-content\"><!-- [et_pb_line_break_holder] -->        <span class=\"feinwerk-icon-document\"><!-- [et_pb_line_break_holder] -->        <\/span><!-- [et_pb_line_break_holder] -->        <pee class=\"step-title\"><!-- [et_pb_line_break_holder] --> Devis sous 3-5 jours avec les specifications* <!-- [et_pb_line_break_holder] -->        <\/pee><!-- [et_pb_line_break_holder] -->        <pee><!-- [et_pb_line_break_holder] --> Recevez rapidement votre offre d\u00e9taill\u00e9e, en standard dans les 3 \u00e0 5 jours ouvrables *Valable pour notre gamme standard de plaques d&#8217;appui pour grues mobiles.<!-- [et_pb_line_break_holder] -->        <\/pee><!-- [et_pb_line_break_holder] -->      <\/div>\n<p><!-- [et_pb_line_break_holder] -->    <\/div>\n<p><!-- [et_pb_line_break_holder] -->    <\/p>\n<div class=\"process-step\"><!-- [et_pb_line_break_holder] -->      <\/p>\n<div class=\"step-dot-wrap\"><!-- [et_pb_line_break_holder] -->        <\/p>\n<div class=\"step-dot\"><\/div>\n<p><!-- [et_pb_line_break_holder] -->      <\/div>\n<p><!-- [et_pb_line_break_holder] -->      <\/p>\n<div class=\"step-content\"><!-- [et_pb_line_break_holder] -->        <span class=\"feinwerk-icon-welding\"><!-- [et_pb_line_break_holder] -->        <\/span><!-- [et_pb_line_break_holder] -->        <pee class=\"step-title\"><!-- [et_pb_line_break_holder] --> Fabrication de vos plaques<!-- [et_pb_line_break_holder] -->        <\/pee><!-- [et_pb_line_break_holder] -->        <pee><!-- [et_pb_line_break_holder] --> Comptez sur notre fabrication pr\u00e9cise pour obtenir des plaques de haute qualit\u00e9 selon vos sp\u00e9cifications.<!-- [et_pb_line_break_holder] -->        <\/pee><!-- [et_pb_line_break_holder] -->      <\/div>\n<p><!-- [et_pb_line_break_holder] -->    <\/div>\n<p><!-- [et_pb_line_break_holder] -->    <\/p>\n<div class=\"process-step\"><!-- [et_pb_line_break_holder] -->      <\/p>\n<div class=\"step-dot-wrap\"><!-- [et_pb_line_break_holder] -->        <\/p>\n<div class=\"step-dot\"><\/div>\n<p><!-- [et_pb_line_break_holder] -->      <\/div>\n<p><!-- [et_pb_line_break_holder] -->      <\/p>\n<div class=\"step-content\"><!-- [et_pb_line_break_holder] -->        <span class=\"feinwerk-icon-truck-side\"><!-- [et_pb_line_break_holder] -->        <\/span><!-- [et_pb_line_break_holder] -->        <pee class=\"step-title\"><!-- [et_pb_line_break_holder] --> Livraison<!-- [et_pb_line_break_holder] -->        <\/pee><!-- [et_pb_line_break_holder] -->        <pee><!-- [et_pb_line_break_holder] -->Sur votre demande, Feinwerk organise la livraison fiable et mondiale de vos plaques d&#8217;appui de grue sur mesure.<!-- [et_pb_line_break_holder] -->        <\/pee><!-- [et_pb_line_break_holder] -->      <\/div>\n<p><!-- [et_pb_line_break_holder] -->    <\/div>\n<p><!-- [et_pb_line_break_holder] -->  <\/div>\n<p><!-- [et_pb_line_break_holder] --><\/div>\n<p>[\/et_pb_code][et_pb_text _builder_version=&#8221;4.24.2&#8243; _module_preset=&#8221;default&#8221; global_colors_info=&#8221;{}&#8221;]<\/p>\n<p><a href=\"https:\/\/www.kranabstuetzplatten.com\/fr\/configurateur\/\" class=\"btn-link\">Configurer maintenant<\/a><\/p>\n<p>[\/et_pb_text][\/et_pb_column][\/et_pb_row][\/et_pb_section][et_pb_section fb_built=&#8221;1&#8243; _builder_version=&#8221;4.27.0&#8243; _module_preset=&#8221;default&#8221; global_colors_info=&#8221;{}&#8221;][et_pb_row column_structure=&#8221;1_2,1_2&#8243; make_equal=&#8221;on&#8221; custom_padding_last_edited=&#8221;on|phone&#8221; _builder_version=&#8221;4.24.2&#8243; _module_preset=&#8221;default&#8221; max_width=&#8221;1600px&#8221; custom_padding_tablet=&#8221;&#8221; custom_padding_phone=&#8221;0px||||false|false&#8221; global_colors_info=&#8221;{}&#8221;][et_pb_column type=&#8221;1_2&#8243; _builder_version=&#8221;4.24.0&#8243; _module_preset=&#8221;default&#8221; global_colors_info=&#8221;{}&#8221;][et_pb_text _builder_version=&#8221;4.27.0&#8243; _module_preset=&#8221;default&#8221; global_colors_info=&#8221;{}&#8221;]<\/p>\n<h2>Nos plaques d&#8217;appui pour grue en action<\/h2>\n<p>[\/et_pb_text][et_pb_text _builder_version=&#8221;4.27.0&#8243; _module_preset=&#8221;default&#8221; global_colors_info=&#8221;{}&#8221;]<\/p>\n<p>D\u00e9couvrez la polyvalence et la fiabilit\u00e9 de nos plaques d&#8217;appui pour grue dans la pratique. Que ce soit sur un terrain accident\u00e9 ou dans des conditions de chantier exigeantes, nos plaques offrent la stabilit\u00e9 et la s\u00e9curit\u00e9 n\u00e9cessaires pour soulever et d\u00e9placer efficacement des charges lourdes. Leur structure alv\u00e9olaire bien pens\u00e9e garantit une r\u00e9partition optimale de la charge et en fait la solution parfaite pour votre projet. Faites confiance \u00e0 la qualit\u00e9 et \u00e0 la pr\u00e9cision de Feinwerk pour r\u00e9aliser vos projets avec succ\u00e8s et en toute s\u00e9curit\u00e9.   <\/p>\n<p>[\/et_pb_text][\/et_pb_column][et_pb_column type=&#8221;1_2&#8243; _builder_version=&#8221;4.24.0&#8243; _module_preset=&#8221;default&#8221; custom_css_main_element=&#8221;margin:auto;&#8221; global_colors_info=&#8221;{}&#8221;][et_pb_image src=&#8221;https:\/\/www.kranabstuetzplatten.com\/wp-content\/uploads\/2024\/09\/DSC0153-Bearbeitet.webp&#8221; title_text=&#8221;_DSC0153-Bearbeitet&#8221; _builder_version=&#8221;4.27.4&#8243; _module_preset=&#8221;default&#8221; dvmd_acat_aria_label=&#8221;Blauer Mobilkran im Arbeitseinsatz mit eingesetzten blauen Kranabst\u00fctzplatten auf unebenem Gel\u00e4nde \u2013 demonstriert sichere Lastverteilung und stabilen Stand unter realen Baustellenbedingungen&#8221; border_radii=&#8221;on|10px|10px|10px|10px&#8221; global_colors_info=&#8221;{}&#8221;][\/et_pb_image][\/et_pb_column][\/et_pb_row][\/et_pb_section][et_pb_section fb_built=&#8221;1&#8243; _builder_version=&#8221;4.27.0&#8243; _module_preset=&#8221;default&#8221; global_colors_info=&#8221;{}&#8221;][et_pb_row column_structure=&#8221;1_4,3_4&#8243; make_equal=&#8221;on&#8221; custom_padding_last_edited=&#8221;on|phone&#8221; _builder_version=&#8221;4.27.4&#8243; _module_preset=&#8221;default&#8221; max_width=&#8221;1600px&#8221; custom_padding_tablet=&#8221;&#8221; custom_padding_phone=&#8221;0px||||false|false&#8221; global_colors_info=&#8221;{}&#8221;][et_pb_column type=&#8221;1_4&#8243; _builder_version=&#8221;4.24.0&#8243; _module_preset=&#8221;default&#8221; global_colors_info=&#8221;{}&#8221;][et_pb_text _builder_version=&#8221;4.27.4&#8243; _module_preset=&#8221;default&#8221; global_colors_info=&#8221;{}&#8221;]<\/p>\n<h2>Livraison dans le monde entier<\/h2>\n<p>[\/et_pb_text][et_pb_text _builder_version=&#8221;4.27.4&#8243; _module_preset=&#8221;default&#8221; global_colors_info=&#8221;{}&#8221;]<\/p>\n<p>Nos plaques d&#8217;appui pour grues sont utilis\u00e9es sur des chantiers partout dans le monde, de l&#8217;Europe \u00e0 l&#8217;Australie. Nous livrons en toute fiabilit\u00e9 l\u00e0 o\u00f9 vous avez besoin de nous. <\/p>\n<p>[\/et_pb_text][\/et_pb_column][et_pb_column type=&#8221;3_4&#8243; _builder_version=&#8221;4.24.0&#8243; _module_preset=&#8221;default&#8221; custom_css_main_element=&#8221;margin:auto;&#8221; global_colors_info=&#8221;{}&#8221;][et_pb_code _builder_version=&#8221;4.27.4&#8243; _module_preset=&#8221;default&#8221; background_video_mp4=&#8221;https:\/\/www.kranabstuetzplatten.com\/wp-content\/uploads\/2025\/07\/feinwerk-world-map-2.mp4&#8243; min_height=&#8221;580px&#8221; global_colors_info=&#8221;{}&#8221;][\/et_pb_code][\/et_pb_column][\/et_pb_row][\/et_pb_section][et_pb_section fb_built=&#8221;1&#8243; custom_padding_last_edited=&#8221;on|phone&#8221; _builder_version=&#8221;4.24.2&#8243; _module_preset=&#8221;default&#8221; custom_padding_tablet=&#8221;&#8221; custom_padding_phone=&#8221;20px||||false|false&#8221; global_colors_info=&#8221;{}&#8221;][et_pb_row column_structure=&#8221;1_2,1_2&#8243; make_equal=&#8221;on&#8221; custom_padding_last_edited=&#8221;on|phone&#8221; _builder_version=&#8221;4.24.2&#8243; _module_preset=&#8221;default&#8221; max_width=&#8221;1600px&#8221; custom_padding_tablet=&#8221;&#8221; custom_padding_phone=&#8221;0px||||false|false&#8221; global_colors_info=&#8221;{}&#8221;][et_pb_column type=&#8221;1_2&#8243; _builder_version=&#8221;4.24.0&#8243; _module_preset=&#8221;default&#8221; global_colors_info=&#8221;{}&#8221;][et_pb_text _builder_version=&#8221;4.24.0&#8243; _module_preset=&#8221;default&#8221; global_colors_info=&#8221;{}&#8221;]<\/p>\n<h2>La durabilit\u00e9 en point de mire. Panneaux avec un potentiel d&#8217;\u00e9conomie de CO2<\/h2>\n<p>[\/et_pb_text][\/et_pb_column][et_pb_column type=&#8221;1_2&#8243; _builder_version=&#8221;4.24.0&#8243; _module_preset=&#8221;default&#8221; custom_css_main_element=&#8221;margin:auto;&#8221; global_colors_info=&#8221;{}&#8221;][et_pb_text _builder_version=&#8221;4.24.0&#8243; _module_preset=&#8221;default&#8221; global_colors_info=&#8221;{}&#8221;]<\/p>\n<p>Feinwerk mise sur la durabilit\u00e9 en proposant des plaques qui sont non seulement robustes et durables, mais qui contribuent \u00e9galement \u00e0 la r\u00e9duction des \u00e9missions de CO2. En r\u00e9duisant le poids de nos plaques de 20%, nous r\u00e9duisons la consommation d&#8217;\u00e9nergie pendant le transport et l&#8217;utilisation. Cela permet de r\u00e9duire de mani\u00e8re significative l&#8217;empreinte carbone de vos projets.  <\/p>\n<p>Choisissez les panneaux Feinwerk et profitez d&#8217;une solution respectueuse de l&#8217;environnement qui allie parfaitement durabilit\u00e9 et performance.<\/p>\n<p>[\/et_pb_text][\/et_pb_column][\/et_pb_row][et_pb_row column_structure=&#8221;1_3,1_3,1_3&#8243; make_equal=&#8221;on&#8221; custom_padding_last_edited=&#8221;on|phone&#8221; _builder_version=&#8221;4.24.2&#8243; _module_preset=&#8221;default&#8221; max_width=&#8221;1600px&#8221; custom_padding_tablet=&#8221;&#8221; custom_padding_phone=&#8221;0px||0px||false|false&#8221; global_colors_info=&#8221;{}&#8221;][et_pb_column type=&#8221;1_3&#8243; _builder_version=&#8221;4.24.0&#8243; _module_preset=&#8221;default&#8221; custom_padding=&#8221;20px||20px||true|false&#8221; global_colors_info=&#8221;{}&#8221;][et_pb_code _builder_version=&#8221;4.27.4&#8243; _module_preset=&#8221;default&#8221; background_image=&#8221;https:\/\/www.kranabstuetzplatten.com\/wp-content\/uploads\/2024\/02\/kopfmedia_feinwerk-group-kranabstuetzplatten-2000px-15.webp&#8221; background_position=&#8221;center_right&#8221; background_horizontal_offset=&#8221;61%&#8221; min_height=&#8221;600px&#8221; min_height_tablet=&#8221;400px&#8221; min_height_phone=&#8221;400px&#8221; min_height_last_edited=&#8221;on|tablet&#8221; custom_margin_tablet=&#8221;&#8221; custom_margin_phone=&#8221;||-32px||false|false&#8221; custom_margin_last_edited=&#8221;on|phone&#8221; dvmd_acat_aria_label=&#8221;Schwei\u00dfer in voller Schutzausr\u00fcstung f\u00fchrt Schleifarbeiten an einer Metallplatte durch, Funken fliegen im Vordergrund&#8221; border_radii=&#8221;on|10px|10px|10px|10px&#8221; global_colors_info=&#8221;{}&#8221;][\/et_pb_code][\/et_pb_column][et_pb_column type=&#8221;1_3&#8243; _builder_version=&#8221;4.24.0&#8243; _module_preset=&#8221;default&#8221; custom_padding=&#8221;20px||20px||true|false&#8221; custom_css_main_element=&#8221;margin:auto;&#8221; global_colors_info=&#8221;{}&#8221;][et_pb_code _builder_version=&#8221;4.27.4&#8243; _module_preset=&#8221;default&#8221; background_image=&#8221;https:\/\/www.kranabstuetzplatten.com\/wp-content\/uploads\/2024\/02\/kopfmedia_feinwerk-group-kranabstuetzplatten-full-16-retusche_2000px.webp&#8221; background_position=&#8221;bottom_center&#8221; min_height=&#8221;600px&#8221; min_height_tablet=&#8221;400px&#8221; min_height_phone=&#8221;400px&#8221; min_height_last_edited=&#8221;on|desktop&#8221; dvmd_acat_aria_label=&#8221;Gro\u00dfe Kranabst\u00fctzplatte wird mit Kranhaken in einer Werkhalle bewegt, im Hintergrund Maschinen und Werkstatteinrichtung&#8221; border_radii=&#8221;on|10px|10px|10px|10px&#8221; global_colors_info=&#8221;{}&#8221;][\/et_pb_code][\/et_pb_column][et_pb_column type=&#8221;1_3&#8243; _builder_version=&#8221;4.24.0&#8243; _module_preset=&#8221;default&#8221; custom_padding=&#8221;20px||20px||true|false&#8221; custom_css_main_element=&#8221;margin:auto;&#8221; global_colors_info=&#8221;{}&#8221;][et_pb_code _builder_version=&#8221;4.27.4&#8243; _module_preset=&#8221;default&#8221; background_image=&#8221;https:\/\/www.kranabstuetzplatten.com\/wp-content\/uploads\/2024\/02\/kopfmedia_feinwerk-group-kranabstuetzplatten-2000px-2.webp&#8221; background_position=&#8221;center_right&#8221; background_horizontal_offset=&#8221;44%&#8221; min_height=&#8221;600px&#8221; min_height_tablet=&#8221;400px&#8221; min_height_phone=&#8221;400px&#8221; min_height_last_edited=&#8221;on|tablet&#8221; dvmd_acat_aria_label=&#8221;Schwei\u00dfer mit Schutzhelm und Rauchabsaugung schwei\u00dft an einer massiven Kranabst\u00fctzplatte, Funken und Schwei\u00dfrauch sichtbar&#8221; border_radii=&#8221;on|10px|10px|10px|10px&#8221; global_colors_info=&#8221;{}&#8221;][\/et_pb_code][\/et_pb_column][\/et_pb_row][\/et_pb_section][et_pb_section fb_built=&#8221;1&#8243; _builder_version=&#8221;4.24.2&#8243; _module_preset=&#8221;default&#8221; global_colors_info=&#8221;{}&#8221;][et_pb_row column_structure=&#8221;1_2,1_2&#8243; make_equal=&#8221;on&#8221; _builder_version=&#8221;4.24.0&#8243; _module_preset=&#8221;default&#8221; background_color=&#8221;gcid-900d4a25-5d4d-4445-b994-67d8dc7f68c1&#8243; max_width=&#8221;1600px&#8221; custom_margin=&#8221;||||false|false&#8221; custom_padding=&#8221;0px|0px|0px|0px|true|true&#8221; border_radii=&#8221;on|10px|10px|10px|10px&#8221; global_colors_info=&#8221;{%22gcid-900d4a25-5d4d-4445-b994-67d8dc7f68c1%22:%91%22background_color%22%93}&#8221;][et_pb_column type=&#8221;1_2&#8243; _builder_version=&#8221;4.24.0&#8243; _module_preset=&#8221;default&#8221; custom_padding=&#8221;40px|40px|40px|40px|true|true&#8221; custom_css_main_element=&#8221;margin: auto;&#8221; global_colors_info=&#8221;{}&#8221;][et_pb_text _builder_version=&#8221;4.24.0&#8243; _module_preset=&#8221;default&#8221; header_text_color=&#8221;gcid-5ea6f707-7589-495b-ac14-f55a09689654&#8243; global_colors_info=&#8221;{%22gcid-5ea6f707-7589-495b-ac14-f55a09689654%22:%91%22header_text_color%22%93}&#8221;]<\/p>\n<h2>Demandez un entretien de conseil :<br \/>Laissez-vous guider par nos<br \/>Conseils d&#8217;experts<\/h2>\n<p>[\/et_pb_text][et_pb_text _builder_version=&#8221;4.24.2&#8243; _module_preset=&#8221;default&#8221; link_option_url=&#8221;https:\/\/www.kranabstuetzplatten.com\/fr\/contact\/&#8221; global_colors_info=&#8221;{}&#8221;]<\/p>\n<p><a href=\"https:\/\/www.kranabstuetzplatten.com\/fr\/contact\/\" class=\"btn-link\">Demandez maintenant<\/a><\/p>\n<p>[\/et_pb_text][\/et_pb_column][et_pb_column type=&#8221;1_2&#8243; _builder_version=&#8221;4.24.0&#8243; _module_preset=&#8221;default&#8221; custom_css_main_element=&#8221;margin: auto;&#8221; global_colors_info=&#8221;{}&#8221;][et_pb_code _builder_version=&#8221;4.27.4&#8243; _module_preset=&#8221;default&#8221; background_image=&#8221;https:\/\/www.kranabstuetzplatten.com\/wp-content\/uploads\/2024\/01\/kopfmedia-feinwerk-martin-huber-scaled.webp&#8221; background_position=&#8221;top_center&#8221; height=&#8221;600px&#8221; height_tablet=&#8221;400px&#8221; height_phone=&#8221;400px&#8221; height_last_edited=&#8221;on|tablet&#8221; background_last_edited=&#8221;on|phone&#8221; background_position_phone=&#8221;bottom_right&#8221; background_horizontal_offset_phone=&#8221;30%&#8221; dvmd_acat_aria_label=&#8221;Portr\u00e4t eines Gesch\u00e4ftsmanns mit Brille in dunkelblauem Anzug und wei\u00dfem Hemd, steht vor neutralem grauen Hintergrund und blickt freundlich in die Kamera&#8221; border_radii=&#8221;off|10px|10px||&#8221; global_colors_info=&#8221;{}&#8221;][\/et_pb_code][\/et_pb_column][\/et_pb_row][\/et_pb_section][et_pb_section fb_built=&#8221;1&#8243; custom_padding_last_edited=&#8221;on|phone&#8221; _builder_version=&#8221;4.24.2&#8243; _module_preset=&#8221;default&#8221; custom_padding_tablet=&#8221;&#8221; custom_padding_phone=&#8221;||20px||false|false&#8221; global_colors_info=&#8221;{}&#8221;][et_pb_row column_structure=&#8221;1_4,1_4,1_4,1_4&#8243; make_equal=&#8221;on&#8221; _builder_version=&#8221;4.24.0&#8243; _module_preset=&#8221;default&#8221; max_width=&#8221;1600px&#8221; global_colors_info=&#8221;{}&#8221;][et_pb_column type=&#8221;1_4&#8243; _builder_version=&#8221;4.24.0&#8243; _module_preset=&#8221;default&#8221; global_colors_info=&#8221;{}&#8221;][et_pb_text content_tablet=&#8221;<\/p>\n<h3><strong>Feinwerk Group : 40 ans<\/strong><br \/><strong>Expertise de l&apos;acier qualit\u00e9<\/strong><\/h3>\n<p>&#8221; content_phone=&#8221;<\/p>\n<h3><b>Feinwerk Group : 40 ans<br \/>\nExpertise de l&apos;acier qualit\u00e9<\/b><\/h3>\n<p>&#8221; content_last_edited=&#8221;on|phone&#8221; _builder_version=&#8221;4.24.2&#8243; _module_preset=&#8221;default&#8221; custom_margin=&#8221;||30px|||&#8221; global_colors_info=&#8221;{}&#8221;]<\/p>\n<h4>Feinwerk Group : 40 ans<br \/>Expertise de l&#8217;acier  qualit\u00e9<\/h4>\n<p>[\/et_pb_text][et_pb_text _builder_version=&#8221;4.24.2&#8243; _module_preset=&#8221;default&#8221; global_colors_info=&#8221;{}&#8221;]<\/p>\n<p>Avec plus de quatre d\u00e9cennies d&#8217;exp\u00e9rience dans le traitement de l&#8217;acier, nous garantissons une qualit\u00e9 100% \u00ab Made in Germany \u00bb. Nos travaux remplissent les plus hautes exigences . Certifications d\u00b4apr\u00e8s DIN EN 1090-2 EXC-3 DIN EN ISO 9001 DIN ISO 3834-2 <\/p>\n<p>[\/et_pb_text][\/et_pb_column][et_pb_column type=&#8221;1_4&#8243; _builder_version=&#8221;4.24.0&#8243; _module_preset=&#8221;default&#8221; global_colors_info=&#8221;{}&#8221;][et_pb_text content_tablet=&#8221;<\/p>\n<h3><strong>Plaques de support de grue :<\/strong><br \/><strong>S\u00e9curit\u00e9 stabilit\u00e9<\/strong><\/h3>\n<p>&#8221; content_phone=&#8221;<\/p>\n<h3><b>Plaques de support de grue :<br \/>\nS\u00e9curit\u00e9 stabilit\u00e9<\/b><\/h3>\n<p>&#8221; content_last_edited=&#8221;on|desktop&#8221; _builder_version=&#8221;4.24.2&#8243; _module_preset=&#8221;default&#8221; custom_margin=&#8221;||30px|||&#8221; global_colors_info=&#8221;{}&#8221;]<\/p>\n<h4>Plaques de support de grue :<br \/>\nS\u00e9curit\u00e9 stabilit\u00e9<\/h4>\n<p>[\/et_pb_text][et_pb_text _builder_version=&#8221;4.24.2&#8243; _module_preset=&#8221;default&#8221; global_colors_info=&#8221;{}&#8221;]Nous garantissons une s\u00e9curit\u00e9 et une stabilit\u00e9 maximales gr\u00e2ce \u00e0 des plaques d&#8217;appui de grue sur mesure pour les grues mobiles et les grues sur chenilles. Nos solutions certifi\u00e9es optimisent la r\u00e9partition des charges sur tous les supports en les adaptant sp\u00e9cifiquement \u00e0 vos besoins afin d&#8217;obtenir une fiabilit\u00e9 maximale.[\/et_pb_text][\/et_pb_column][et_pb_column type=&#8221;1_4&#8243; _builder_version=&#8221;4.24.0&#8243; _module_preset=&#8221;default&#8221; global_colors_info=&#8221;{}&#8221;][et_pb_text content_tablet=&#8221;<\/p>\n<h3><strong>Structure alv\u00e9olaire innovante<\/strong><br \/><strong>pour la l\u00e9g\u00e8ret\u00e9 la capacit\u00e9 de charge<\/strong><\/h3>\n<p>&#8221; content_phone=&#8221;<\/p>\n<h3><b>Structure alv\u00e9olaire innovante<br \/>\npour la l\u00e9g\u00e8ret\u00e9 la capacit\u00e9 de charge<\/b><\/h3>\n<p>&#8221; content_last_edited=&#8221;on|phone&#8221; _builder_version=&#8221;4.24.2&#8243; _module_preset=&#8221;default&#8221; custom_margin=&#8221;||30px|||&#8221; global_colors_info=&#8221;{}&#8221;]<\/p>\n<h4>Structure alv\u00e9olaire innovante<br \/>pour la l\u00e9g\u00e8ret\u00e9  la capacit\u00e9 de charge<\/h4>\n<p>[\/et_pb_text][et_pb_text _builder_version=&#8221;4.24.0&#8243; _module_preset=&#8221;default&#8221; global_colors_info=&#8221;{}&#8221;]<\/p>\n<p>Gr\u00e2ce \u00e0 notre structure en nid d&#8217;abeilles sp\u00e9cialement con\u00e7ue, nos panneaux de grue offrent une combinaison exceptionnelle de capacit\u00e9 de charge maximale et de poids minimal. Cette structure unique garantit non seulement une capacit\u00e9 de charge \u00e9lev\u00e9e, mais aussi une r\u00e9partition efficace de la charge, ce qui augmente encore la s\u00e9curit\u00e9 et la long\u00e9vit\u00e9 des panneaux. <\/p>\n<p>[\/et_pb_text][\/et_pb_column][et_pb_column type=&#8221;1_4&#8243; _builder_version=&#8221;4.24.0&#8243; _module_preset=&#8221;default&#8221; global_colors_info=&#8221;{}&#8221;][et_pb_text content_tablet=&#8221;<\/p>\n<h3><strong>Des solutions personnalis\u00e9es<\/strong><br \/><strong>pour vos exigences<\/strong><\/h3>\n<p>&#8221; content_phone=&#8221;<\/p>\n<h3><b>Des solutions personnalis\u00e9es<br \/>\npour vos exigences<\/b><\/h3>\n<p>&#8221; content_last_edited=&#8221;on|phone&#8221; _builder_version=&#8221;4.24.2&#8243; _module_preset=&#8221;default&#8221; custom_margin=&#8221;||30px|||&#8221; global_colors_info=&#8221;{}&#8221;]<\/p>\n<h4>Des solutions personnalis\u00e9es<br \/>pour vos exigences<\/h4>\n<p>[\/et_pb_text][et_pb_text _builder_version=&#8221;4.24.0&#8243; _module_preset=&#8221;default&#8221; global_colors_info=&#8221;{}&#8221;]<\/p>\n<p>Des dimensions sp\u00e9ciales aux mod\u00e8les sp\u00e9cifiques, nous proposons des plaques de r\u00e9partition de charge sur mesure. Que ce soit 1,2 x 1,0 x 0,16 m avec une charge d&#8217;appui de 50 tonnes ou 8,0 x 2,4 x 0,2 m pour 300 tonnes, nous avons la plaque de grue qui convient. <\/p>\n<p>[\/et_pb_text][\/et_pb_column][\/et_pb_row][\/et_pb_section][et_pb_section fb_built=&#8221;1&#8243; _builder_version=&#8221;4.24.2&#8243; _module_preset=&#8221;default&#8221; global_colors_info=&#8221;{}&#8221;][et_pb_row column_structure=&#8221;1_2,1_2&#8243; make_equal=&#8221;on&#8221; _builder_version=&#8221;4.24.0&#8243; _module_preset=&#8221;default&#8221; background_color=&#8221;gcid-900d4a25-5d4d-4445-b994-67d8dc7f68c1&#8243; max_width=&#8221;1600px&#8221; custom_margin=&#8221;||||false|false&#8221; custom_padding=&#8221;|45px|0px|45px|false|true&#8221; border_radii=&#8221;on|10px|10px|10px|10px&#8221; global_colors_info=&#8221;{%22gcid-900d4a25-5d4d-4445-b994-67d8dc7f68c1%22:%91%22background_color%22%93}&#8221;][et_pb_column type=&#8221;1_2&#8243; _builder_version=&#8221;4.24.0&#8243; _module_preset=&#8221;default&#8221; custom_css_main_element=&#8221;margin: auto;&#8221; global_colors_info=&#8221;{}&#8221;][et_pb_text _builder_version=&#8221;4.24.0&#8243; _module_preset=&#8221;default&#8221; header_text_color=&#8221;gcid-5ea6f707-7589-495b-ac14-f55a09689654&#8243; global_colors_info=&#8221;{%22gcid-5ea6f707-7589-495b-ac14-f55a09689654%22:%91%22header_text_color%22%93}&#8221;]<\/p>\n<h2>Configurez d\u00e8s maintenant votre<br \/>Plaque d&#8217;appui de grue avec une capacit\u00e9 de charge jusqu&#8217;\u00e0 300 tonnes<\/h2>\n<p>[\/et_pb_text][et_pb_text _builder_version=&#8221;4.24.2&#8243; _module_preset=&#8221;default&#8221; custom_margin=&#8221;||50px||false|false&#8221; link_option_url=&#8221;https:\/\/www.kranabstuetzplatten.com\/fr\/configurateur\/&#8221; global_colors_info=&#8221;{}&#8221;]<\/p>\n<p><a href=\"https:\/\/www.kranabstuetzplatten.com\/fr\/configurateur\/\" class=\"btn-link dark\">Configurer maintenant<br \/><\/a><\/p>\n<p>[\/et_pb_text][\/et_pb_column][et_pb_column type=&#8221;1_2&#8243; _builder_version=&#8221;4.24.0&#8243; _module_preset=&#8221;default&#8221; custom_css_main_element=&#8221;margin: auto;&#8221; global_colors_info=&#8221;{}&#8221;][et_pb_code _builder_version=&#8221;4.27.4&#8243; _module_preset=&#8221;default&#8221; background_image=&#8221;https:\/\/www.kranabstuetzplatten.com\/wp-content\/uploads\/2025\/07\/feinwerk-configurator-mockup-germany.webp&#8221; background_position=&#8221;top_center&#8221; height=&#8221;600px&#8221; height_tablet=&#8221;300px&#8221; height_phone=&#8221;300px&#8221; height_last_edited=&#8221;on|tablet&#8221; dvmd_acat_aria_label=&#8221;Bild von der Kranabst\u00fctzplatten Konfigurator-Seite&#8221; border_radii=&#8221;off|10px|10px||&#8221; global_colors_info=&#8221;{}&#8221;][\/et_pb_code][\/et_pb_column][\/et_pb_row][\/et_pb_section][et_pb_section fb_built=&#8221;1&#8243; _builder_version=&#8221;4.24.2&#8243; _module_preset=&#8221;default&#8221; global_colors_info=&#8221;{}&#8221;][et_pb_row make_equal=&#8221;on&#8221; _builder_version=&#8221;4.24.0&#8243; _module_preset=&#8221;default&#8221; max_width=&#8221;1600px&#8221; custom_margin=&#8221;||||false|false&#8221; custom_padding=&#8221;50px|20px|50px|20px|true|true&#8221; border_radii=&#8221;on|10px|10px|10px|10px&#8221; border_width_all=&#8221;1px&#8221; border_color_all=&#8221;gcid-5ea6f707-7589-495b-ac14-f55a09689654&#8243; global_colors_info=&#8221;{%22gcid-5ea6f707-7589-495b-ac14-f55a09689654%22:%91%22border_color_all%22%93}&#8221;][et_pb_column type=&#8221;4_4&#8243; _builder_version=&#8221;4.24.0&#8243; _module_preset=&#8221;default&#8221; custom_css_main_element=&#8221;margin: auto;&#8221; global_colors_info=&#8221;{}&#8221;][et_pb_text _builder_version=&#8221;4.24.0&#8243; _module_preset=&#8221;default&#8221; text_text_color=&#8221;gcid-5ea6f707-7589-495b-ac14-f55a09689654&#8243; header_text_color=&#8221;gcid-5ea6f707-7589-495b-ac14-f55a09689654&#8243; global_colors_info=&#8221;{%22gcid-5ea6f707-7589-495b-ac14-f55a09689654%22:%91%22header_text_color%22,%22text_text_color%22%93}&#8221;]<\/p>\n<p>Les plaques d&#8217;appui pour les b\u00e9quilles de grue sont essentielles pour assurer la stabilit\u00e9 des grues. Ils aident \u00e0 r\u00e9partir le poids de mani\u00e8re optimale et \u00e9vitent que le poids lourd de la grue ne s&#8217;enfonce dans le sol ou n&#8217;endommage fortement le sol. Il existe des cales en acier et en plastique. Nous garantissons une s\u00e9curit\u00e9 et une stabilit\u00e9 maximales gr\u00e2ce \u00e0 des plaques d&#8217;appui de grue sur mesure pour les grues mobiles et sur chenilles. Nos solutions certifi\u00e9es optimisent la r\u00e9partition des charges sur tous les supports en les adaptant sp\u00e9cifiquement \u00e0 vos exigences pour une fiabilit\u00e9 maximale.   <\/p>\n<p>[\/et_pb_text][\/et_pb_column][\/et_pb_row][\/et_pb_section]<\/p>\n","protected":false},"excerpt":{"rendered":"<p>Des plaques de calage \/ r\u00e9partition de qualit\u00e9 superieure pour une s\u00e9curit\u00e9 maximale De Feinwerk GroupLes plaques sont mises en oeuvre lors du d\u00e9ploiement de grues sur des sols de mauvaises qualit\u00e9s. Elles permettent de saugarder le sol et delivrent une securite accrue lors du levage Feinwerk est votre fabricant de plaques de calage \/ [&hellip;]<\/p>\n","protected":false},"author":1,"featured_media":4173,"parent":0,"menu_order":0,"comment_status":"closed","ping_status":"closed","template":"","meta":{"_acf_changed":false,"_et_pb_use_builder":"on","_et_pb_old_content":"","_et_gb_content_width":"","inline_featured_image":false,"footnotes":""},"class_list":["post-2751","page","type-page","status-publish","has-post-thumbnail","hentry"],"acf":[],"tag_names":[],"category_names":[],"thumbnail":"https:\/\/www.kranabstuetzplatten.com\/wp-content\/uploads\/2024\/09\/DSC0153-Bearbeitet.webp","_links":{"self":[{"href":"https:\/\/www.kranabstuetzplatten.com\/fr\/wp-json\/wp\/v2\/pages\/2751","targetHints":{"allow":["GET"]}}],"collection":[{"href":"https:\/\/www.kranabstuetzplatten.com\/fr\/wp-json\/wp\/v2\/pages"}],"about":[{"href":"https:\/\/www.kranabstuetzplatten.com\/fr\/wp-json\/wp\/v2\/types\/page"}],"author":[{"embeddable":true,"href":"https:\/\/www.kranabstuetzplatten.com\/fr\/wp-json\/wp\/v2\/users\/1"}],"replies":[{"embeddable":true,"href":"https:\/\/www.kranabstuetzplatten.com\/fr\/wp-json\/wp\/v2\/comments?post=2751"}],"version-history":[{"count":65,"href":"https:\/\/www.kranabstuetzplatten.com\/fr\/wp-json\/wp\/v2\/pages\/2751\/revisions"}],"predecessor-version":[{"id":7401,"href":"https:\/\/www.kranabstuetzplatten.com\/fr\/wp-json\/wp\/v2\/pages\/2751\/revisions\/7401"}],"wp:featuredmedia":[{"embeddable":true,"href":"https:\/\/www.kranabstuetzplatten.com\/fr\/wp-json\/wp\/v2\/media\/4173"}],"wp:attachment":[{"href":"https:\/\/www.kranabstuetzplatten.com\/fr\/wp-json\/wp\/v2\/media?parent=2751"}],"curies":[{"name":"wp","href":"https:\/\/api.w.org\/{rel}","templated":true}]}}