{"id":3061,"date":"2024-01-29T11:32:20","date_gmt":"2024-01-29T10:32:20","guid":{"rendered":"https:\/\/next.kranabstuetzplatten.com\/pintura\/"},"modified":"2025-07-02T07:58:20","modified_gmt":"2025-07-02T05:58:20","slug":"pintura","status":"publish","type":"page","link":"https:\/\/www.kranabstuetzplatten.com\/es\/pintura\/","title":{"rendered":"Pintura"},"content":{"rendered":"<p>[et_pb_section fb_built=&#8221;1&#8243; custom_padding_last_edited=&#8221;on|phone&#8221; _builder_version=&#8221;4.24.2&#8243; _module_preset=&#8221;default&#8221; custom_margin=&#8221;||||false|false&#8221; custom_margin_tablet=&#8221;||||false|false&#8221; custom_margin_phone=&#8221;||||false|true&#8221; custom_margin_last_edited=&#8221;on|phone&#8221; custom_padding=&#8221;||||false|false&#8221; custom_padding_tablet=&#8221;||0px||false|false&#8221; custom_padding_phone=&#8221;||0px||false|false&#8221; global_colors_info=&#8221;{}&#8221;][et_pb_row make_equal=&#8221;on&#8221; _builder_version=&#8221;4.24.0&#8243; _module_preset=&#8221;default&#8221; max_width=&#8221;1600px&#8221; min_height=&#8221;400px&#8221; min_height_tablet=&#8221;200px&#8221; min_height_phone=&#8221;&#8221; min_height_last_edited=&#8221;on|tablet&#8221; custom_margin=&#8221;100px||||false|false&#8221; custom_padding=&#8221;25px|0px|25px|0px|true|true&#8221; global_colors_info=&#8221;{}&#8221;][et_pb_column type=&#8221;4_4&#8243; _builder_version=&#8221;4.24.0&#8243; _module_preset=&#8221;default&#8221; custom_css_main_element=&#8221;margin: auto;&#8221; global_colors_info=&#8221;{}&#8221;][et_pb_text _builder_version=&#8221;4.24.0&#8243; _module_preset=&#8221;default&#8221; header_text_color=&#8221;gcid-5ea6f707-7589-495b-ac14-f55a09689654&#8243; global_colors_info=&#8221;{%22gcid-5ea6f707-7589-495b-ac14-f55a09689654%22:%91%22header_text_color%22%93}&#8221;]<\/p>\n<h1 style=\"text-align: center;\">Pintura<\/h1>\n<p>[\/et_pb_text][et_pb_text _builder_version=&#8221;4.24.0&#8243; _module_preset=&#8221;default&#8221; header_5_text_color=&#8221;gcid-5fff3dbb-f849-4bc0-a4a8-65251b0d45ee&#8221; global_colors_info=&#8221;{%22gcid-5fff3dbb-f849-4bc0-a4a8-65251b0d45ee%22:%91%22header_5_text_color%22%93}&#8221;]<\/p>\n<h5 style=\"text-align: center;\">Selecci\u00f3n de colores RAL y pinturas especiales<\/h5>\n<p>[\/et_pb_text][\/et_pb_column][\/et_pb_row][\/et_pb_section][et_pb_section fb_built=&#8221;1&#8243; _builder_version=&#8221;4.24.2&#8243; _module_preset=&#8221;default&#8221; custom_margin_tablet=&#8221;&#8221; custom_margin_phone=&#8221;||||false|true&#8221; custom_margin_last_edited=&#8221;on|phone&#8221; global_colors_info=&#8221;{}&#8221;][et_pb_row column_structure=&#8221;1_2,1_2&#8243; custom_padding_last_edited=&#8221;on|phone&#8221; _builder_version=&#8221;4.24.2&#8243; _module_preset=&#8221;default&#8221; max_width=&#8221;1600px&#8221; custom_padding=&#8221;||||false|false&#8221; custom_padding_tablet=&#8221;||||false|false&#8221; custom_padding_phone=&#8221;0px||0px||false|false&#8221; global_colors_info=&#8221;{}&#8221;][et_pb_column type=&#8221;1_2&#8243; _builder_version=&#8221;4.24.0&#8243; _module_preset=&#8221;default&#8221; custom_css_main_element=&#8221;margin:auto;&#8221; global_colors_info=&#8221;{}&#8221;][et_pb_text _builder_version=&#8221;4.24.0&#8243; _module_preset=&#8221;default&#8221; header_5_text_color=&#8221;gcid-5ea6f707-7589-495b-ac14-f55a09689654&#8243; global_colors_info=&#8221;{%22gcid-5ea6f707-7589-495b-ac14-f55a09689654%22:%91%22header_5_text_color%22%93}&#8221;]<\/p>\n<h2>Selecci\u00f3n de colores RAL: <br \/>Individualidad en cada matiz<\/h2>\n<p>[\/et_pb_text][et_pb_code _builder_version=&#8221;4.24.0&#8243; _module_preset=&#8221;default&#8221; global_colors_info=&#8221;{}&#8221;]<\/p>\n<div class=\"badge-container\"><!-- [et_pb_line_break_holder] -->    <\/p>\n<div class=\"badge badge-transparent badge-text-highlight\"><!-- [et_pb_line_break_holder] -->        <span class=\"feinwerk-icon-check\"><\/span><!-- [et_pb_line_break_holder] -->        <span>Posibilidad de utilizar toda la paleta de colores RAL<\/span><!-- [et_pb_line_break_holder] -->    <\/div>\n<p><!-- [et_pb_line_break_holder] -->    <\/p>\n<div class=\"badge badge-transparent badge-text-highlight\"><!-- [et_pb_line_break_holder] -->        <span class=\"feinwerk-icon-check\"><\/span><!-- [et_pb_line_break_holder] -->        <span>Posibilidad de logotipo propio<\/span><!-- [et_pb_line_break_holder] -->    <\/div>\n<p><!-- [et_pb_line_break_holder] -->    <\/p>\n<div class=\"badge badge-transparent badge-text-highlight\"><!-- [et_pb_line_break_holder] -->        <span class=\"feinwerk-icon-plus-circle\"><\/span><!-- [et_pb_line_break_holder] -->        <span>Se pueden pintar marcas para indicar el punto de carga exacto<\/span><!-- [et_pb_line_break_holder] -->    <\/div>\n<p><!-- [et_pb_line_break_holder] -->    <\/p>\n<div><\/div>\n<p><!-- [et_pb_line_break_holder] --><\/div>\n<p>[\/et_pb_code][\/et_pb_column][et_pb_column type=&#8221;1_2&#8243; _builder_version=&#8221;4.24.0&#8243; _module_preset=&#8221;default&#8221; custom_css_main_element=&#8221;margin:auto;&#8221; global_colors_info=&#8221;{}&#8221;][et_pb_text _builder_version=&#8221;4.24.0&#8243; _module_preset=&#8221;default&#8221; global_colors_info=&#8221;{}&#8221;]<\/p>\n<p>Conf\u00ede no s\u00f3lo en la estabilidad y calidad de nuestras placas de soporte para gr\u00faas, sino tambi\u00e9n en su dise\u00f1o exclusivo. Puede encargarnos las placas de soporte de gr\u00faa en el color de su empresa. Sum\u00e9rjase en la variedad de colores RAL y presente su empresa con una imagen coherente y profesional. Ya sean tonos sutiles o atrevidos colores corporativos, con nosotros puede poner el color en juego y destacar entre la multitud.   <\/p>\n<p>[\/et_pb_text][\/et_pb_column][\/et_pb_row][\/et_pb_section][et_pb_section fb_built=&#8221;1&#8243; _builder_version=&#8221;4.24.2&#8243; _module_preset=&#8221;default&#8221; custom_margin_tablet=&#8221;&#8221; custom_margin_phone=&#8221;||||false|true&#8221; custom_margin_last_edited=&#8221;on|phone&#8221; custom_padding=&#8221;0px||0px||false|false&#8221; global_colors_info=&#8221;{}&#8221;][et_pb_row _builder_version=&#8221;4.24.0&#8243; _module_preset=&#8221;default&#8221; max_width=&#8221;1600px&#8221; global_colors_info=&#8221;{}&#8221;][et_pb_column type=&#8221;4_4&#8243; _builder_version=&#8221;4.24.0&#8243; _module_preset=&#8221;default&#8221; custom_css_main_element=&#8221;margin:auto;&#8221; global_colors_info=&#8221;{}&#8221;][et_pb_code _builder_version=&#8221;4.27.4&#8243; _module_preset=&#8221;default&#8221; hover_enabled=&#8221;0&#8243; dvmd_acat_aria_label=&#8221;Kranabst\u00fctzplatte im Online-Konfigurator mit der Option zur Auswahl der RAL-Farbe. Die Platte zeigt Hebe- und Stapelpunkte und ist mit dem feinwerk Group Logo versehen. Visualisiert wird die individuelle Farbgestaltung im Konfigurationstool&#8221; global_colors_info=&#8221;{}&#8221; sticky_enabled=&#8221;0&#8243;]<div id=\"vue-wordpress-app-80f48c1d-14ca-4bca-9944-36568727547d\" data-app-url=\"https:\/\/www.kranabstuetzplatten.com\" data-fcaptcha-sitekey=\"FCMHA65IB64SV3PL\" data-lang=\"es\" data-component=\"crane-support-color-preview\" data-cranesupportcolorpreview=\"{&quot;configuratorPath&quot;:&quot;\/configurator\/&quot;, &quot;imageSuffix&quot;:&quot;.webp&quot;, &quot;defaultImageUrl&quot;: &quot;https:\/\/www.kranabstuetzplatten.com\/wp-content\/themes\/Divi_Child_Theme\/assets\/images\/render_ral9005.webp&quot;, &quot;showColours&quot;:[&quot;RAL1004&quot;,&quot;RAL1007&quot;,&quot;RAL1021&quot;,&quot;RAL1023&quot;,&quot;RAL1028&quot;,&quot;RAL2000&quot;,&quot;RAL2004&quot;,&quot;RAL2009&quot;,&quot;RAL2011&quot;,&quot;RAL3000&quot;,&quot;RAL3001&quot;,&quot;RAL3002&quot;,&quot;RAL3004&quot;,&quot;RAL3020&quot;,&quot;RAL5002&quot;,&quot;RAL5005&quot;,&quot;RAL5010&quot;,&quot;RAL5011&quot;,&quot;RAL5013&quot;,&quot;RAL5015&quot;,&quot;RAL5017&quot;,&quot;RAL6005&quot;,&quot;RAL6024&quot;,&quot;RAL7001&quot;,&quot;RAL7011&quot;,&quot;RAL7012&quot;,&quot;RAL7040&quot;,&quot;RAL9005&quot;]}\"><\/div>[\/et_pb_code][\/et_pb_column][\/et_pb_row][\/et_pb_section][et_pb_section fb_built=&#8221;1&#8243; _builder_version=&#8221;4.24.2&#8243; _module_preset=&#8221;default&#8221; custom_margin_tablet=&#8221;&#8221; custom_margin_phone=&#8221;||||false|true&#8221; custom_margin_last_edited=&#8221;on|phone&#8221; global_colors_info=&#8221;{}&#8221;][et_pb_row column_structure=&#8221;2_5,3_5&#8243; _builder_version=&#8221;4.24.2&#8243; _module_preset=&#8221;default&#8221; background_color=&#8221;gcid-900d4a25-5d4d-4445-b994-67d8dc7f68c1&#8243; max_width=&#8221;1600px&#8221; custom_margin_tablet=&#8221;&#8221; custom_margin_phone=&#8221;&#8221; custom_margin_last_edited=&#8221;on|desktop&#8221; custom_padding=&#8221;50px|50px|50px|50px|true|true&#8221; border_radii=&#8221;on|10px|10px|10px|10px&#8221; global_colors_info=&#8221;{%22gcid-900d4a25-5d4d-4445-b994-67d8dc7f68c1%22:%91%22background_color%22%93}&#8221;][et_pb_column type=&#8221;2_5&#8243; _builder_version=&#8221;4.24.0&#8243; _module_preset=&#8221;default&#8221; custom_css_main_element=&#8221;margin:auto;&#8221; global_colors_info=&#8221;{}&#8221;][et_pb_text _builder_version=&#8221;4.24.2&#8243; _module_preset=&#8221;default&#8221; header_2_text_color=&#8221;gcid-5ea6f707-7589-495b-ac14-f55a09689654&#8243; header_5_text_color=&#8221;gcid-5ea6f707-7589-495b-ac14-f55a09689654&#8243; custom_margin=&#8221;||20px||false|false&#8221; global_colors_info=&#8221;{%22gcid-5ea6f707-7589-495b-ac14-f55a09689654%22:%91%22header_5_text_color%22,%22header_2_text_color%22%93}&#8221;]<\/p>\n<h2>Cumplimiento de sus peticiones especiales: pintura especial y requisitos especiales de pintura<\/h2>\n<p>[\/et_pb_text][et_pb_text _builder_version=&#8221;4.24.0&#8243; _module_preset=&#8221;default&#8221; header_4_text_color=&#8221;gcid-5ea6f707-7589-495b-ac14-f55a09689654&#8243; custom_margin_tablet=&#8221;||30px||false|false&#8221; custom_margin_phone=&#8221;&#8221; custom_margin_last_edited=&#8221;on|tablet&#8221; global_colors_info=&#8221;{%22gcid-5ea6f707-7589-495b-ac14-f55a09689654%22:%91%22header_4_text_color%22%93}&#8221;]<\/p>\n<h4 class=\"feinwerk-icon-feinwerk-logo\"><\/h4>\n<p>[\/et_pb_text][\/et_pb_column][et_pb_column type=&#8221;3_5&#8243; _builder_version=&#8221;4.24.0&#8243; _module_preset=&#8221;default&#8221; custom_css_main_element=&#8221;margin:auto;&#8221; global_colors_info=&#8221;{}&#8221;][et_pb_text _builder_version=&#8221;4.24.2&#8243; _module_preset=&#8221;default&#8221; global_colors_info=&#8221;{}&#8221;]<\/p>\n<p>En Feinwerk sabemos que los detalles marcan la diferencia. Por eso, adem\u00e1s de la selecci\u00f3n de colores RAL est\u00e1ndar, tambi\u00e9n ofrecemos opciones de pintura individuales, incluida la imprimaci\u00f3n. Tanto si desea un color espec\u00edfico como si tiene requisitos especiales de pintura, nuestro servicio est\u00e1 dise\u00f1ado para satisfacer sus necesidades concretas. Gracias a nuestra experiencia en pinturas especiales y a la capacidad de aplicar con precisi\u00f3n requisitos especiales, le garantizamos que el producto final cumplir\u00e1 exactamente sus expectativas. Conf\u00ede en nuestra calidad y flexibilidad para hacer realidad su visi\u00f3n.    <\/p>\n<p>[\/et_pb_text][\/et_pb_column][\/et_pb_row][\/et_pb_section][et_pb_section fb_built=&#8221;1&#8243; _builder_version=&#8221;4.24.2&#8243; _module_preset=&#8221;default&#8221; global_colors_info=&#8221;{}&#8221;][et_pb_row _builder_version=&#8221;4.24.2&#8243; _module_preset=&#8221;default&#8221; max_width=&#8221;1600px&#8221; global_colors_info=&#8221;{}&#8221;][et_pb_column type=&#8221;4_4&#8243; _builder_version=&#8221;4.24.2&#8243; _module_preset=&#8221;default&#8221; global_colors_info=&#8221;{}&#8221;][et_pb_code _builder_version=&#8221;4.27.4&#8243; _module_preset=&#8221;default&#8221; background_video_mp4=&#8221;https:\/\/www.kranabstuetzplatten.com\/wp-content\/uploads\/2024\/03\/feinwerk-kranabstuetzplatten-lackierung-4k-retusche-v3_3cbr.mp4&#8243; background_video_pause_outside_viewport=&#8221;off&#8221; min_height=&#8221;80vh&#8221; hover_enabled=&#8221;0&#8243; dvmd_acat_aria_label=&#8221;Video zeigt den Lackierprozess einer Kranabst\u00fctzplatte in einer industriellen Lackierkabine. Eine gelbe Oberfl\u00e4chenfarbe wird auf eine zuvor grundierte Platte mit rotem Rand aufgetragen, um eine widerstandsf\u00e4hige und langlebige Beschichtung zu gew\u00e4hrleisten&#8221; border_radii=&#8221;on|20px|20px|20px|20px&#8221; global_colors_info=&#8221;{}&#8221; sticky_enabled=&#8221;0&#8243;][\/et_pb_code][\/et_pb_column][\/et_pb_row][\/et_pb_section][et_pb_section fb_built=&#8221;1&#8243; _builder_version=&#8221;4.24.2&#8243; _module_preset=&#8221;default&#8221; custom_margin_tablet=&#8221;&#8221; custom_margin_phone=&#8221;||||false|true&#8221; custom_margin_last_edited=&#8221;on|phone&#8221; locked=&#8221;off&#8221; global_colors_info=&#8221;{}&#8221;][et_pb_row column_structure=&#8221;1_2,1_2&#8243; make_equal=&#8221;on&#8221; custom_padding_last_edited=&#8221;on|phone&#8221; _builder_version=&#8221;4.24.2&#8243; _module_preset=&#8221;default&#8221; max_width=&#8221;1600px&#8221; custom_padding_tablet=&#8221;&#8221; custom_padding_phone=&#8221;0px||0px||false|false&#8221; global_colors_info=&#8221;{}&#8221;][et_pb_column type=&#8221;1_2&#8243; _builder_version=&#8221;4.24.0&#8243; _module_preset=&#8221;default&#8221; custom_css_main_element=&#8221;margin:auto;&#8221; global_colors_info=&#8221;{}&#8221;][et_pb_text _builder_version=&#8221;4.24.2&#8243; _module_preset=&#8221;default&#8221; global_colors_info=&#8221;{}&#8221;]<\/p>\n<h2>La seguridad laboral ante todo:<br \/>\nOfrecemos revestimientos antideslizantes<\/h2>\n<p>[\/et_pb_text][et_pb_code _builder_version=&#8221;4.24.2&#8243; _module_preset=&#8221;default&#8221; custom_padding_tablet=&#8221;&#8221; custom_padding_phone=&#8221;||12px||false|false&#8221; custom_padding_last_edited=&#8221;on|phone&#8221; global_colors_info=&#8221;{}&#8221;]<\/p>\n<div class=\"badge-container\"><!-- [et_pb_line_break_holder] -->    <\/p>\n<div class=\"badge badge-transparent badge-text-highlight\"><!-- [et_pb_line_break_holder] -->        <span class=\"feinwerk-icon-shield-check\"><\/span><!-- [et_pb_line_break_holder] -->        <span>Mayor seguridad<\/span><!-- [et_pb_line_break_holder] -->    <\/div>\n<p><!-- [et_pb_line_break_holder] -->    <\/p>\n<div class=\"badge badge-transparent badge-text-highlight\"><!-- [et_pb_line_break_holder] -->        <span class=\"feinwerk-icon-check\"><\/span><!-- [et_pb_line_break_holder] -->        <span>Longevidad garantizada<\/span><!-- [et_pb_line_break_holder] -->    <\/div>\n<p><!-- [et_pb_line_break_holder] -->    <\/p>\n<div class=\"badge badge-transparent badge-text-highlight\"><!-- [et_pb_line_break_holder] -->        <span class=\"feinwerk-icon-plus\"><\/span><!-- [et_pb_line_break_holder] -->        <span>Probado en obras de construcci\u00f3n<\/span><!-- [et_pb_line_break_holder] -->    <\/div>\n<p><!-- [et_pb_line_break_holder] -->    <\/p>\n<div><\/div>\n<p><!-- [et_pb_line_break_holder] --><\/div>\n<p>[\/et_pb_code][\/et_pb_column][et_pb_column type=&#8221;1_2&#8243; _builder_version=&#8221;4.24.0&#8243; _module_preset=&#8221;default&#8221; custom_css_main_element=&#8221;margin:auto;&#8221; global_colors_info=&#8221;{}&#8221;][et_pb_text _builder_version=&#8221;4.24.2&#8243; _module_preset=&#8221;default&#8221; global_colors_info=&#8221;{}&#8221;]La seguridad es primordial, sobre todo cuando se utilizan placas de apoyo para gr\u00faas en obras de construcci\u00f3n. Para minimizar el riesgo de deslizamiento y garantizar la m\u00e1xima seguridad, ofrecemos revestimientos antideslizantes de primera clase. Estos recubrimientos est\u00e1n especialmente dise\u00f1ados para aumentar significativamente la adherencia a las placas de apoyo de las gr\u00faas, reducir el riesgo de accidentes y crear un entorno de trabajo seguro. Nuestros revestimientos antideslizantes se caracterizan por su robustez y durabilidad, y est\u00e1n especialmente adaptados a las dif\u00edciles condiciones de las obras. Conf\u00eda en Feinwerk para aumentar la seguridad en tu obra con nuestras soluciones antideslizantes de eficacia probada.[\/et_pb_text][\/et_pb_column][\/et_pb_row][\/et_pb_section][et_pb_section fb_built=&#8221;1&#8243; _builder_version=&#8221;4.24.2&#8243; _module_preset=&#8221;default&#8221; custom_margin_tablet=&#8221;&#8221; custom_margin_phone=&#8221;||||false|true&#8221; custom_margin_last_edited=&#8221;on|phone&#8221; global_colors_info=&#8221;{}&#8221;][et_pb_row column_structure=&#8221;1_4,1_4,1_4,1_4&#8243; use_custom_gutter=&#8221;on&#8221; gutter_width=&#8221;2&#8243; make_equal=&#8221;on&#8221; _builder_version=&#8221;4.24.2&#8243; _module_preset=&#8221;default&#8221; max_width=&#8221;1600px&#8221; global_colors_info=&#8221;{}&#8221;][et_pb_column type=&#8221;1_4&#8243; _builder_version=&#8221;4.24.2&#8243; _module_preset=&#8221;default&#8221; global_colors_info=&#8221;{}&#8221;][et_pb_image src=&#8221;https:\/\/www.kranabstuetzplatten.com\/wp-content\/uploads\/2024\/02\/feinwerk-kranabstuetzplatten_showcase_2000px-29.webp&#8221; title_text=&#8221;feinwerk-kranabstuetzplatten_showcase_2000px-29&#8243; module_class=&#8221;pa-image-1-1&#8243; _builder_version=&#8221;4.27.4&#8243; _module_preset=&#8221;default&#8221; hover_enabled=&#8221;0&#8243; dvmd_acat_aria_label=&#8221;Vier gr\u00fcne Kranabst\u00fctzplatten mit orangen Stapelfixierungen auf einer Palette gestapelt, deutlich sichtbar ist das feinwerk Group Logo auf jeder Platte.&#8221; border_radii=&#8221;on|10px|10px|10px|10px&#8221; global_colors_info=&#8221;{}&#8221; sticky_enabled=&#8221;0&#8243;][\/et_pb_image][\/et_pb_column][et_pb_column type=&#8221;1_4&#8243; _builder_version=&#8221;4.24.2&#8243; _module_preset=&#8221;default&#8221; global_colors_info=&#8221;{}&#8221;][et_pb_image src=&#8221;https:\/\/www.kranabstuetzplatten.com\/wp-content\/uploads\/2024\/02\/kopfmedia_feinwerk-group-kranabstuetzplatten-2000px-23.webp&#8221; title_text=&#8221;kopfmedia_feinwerk-group-kranabstuetzplatten-2000px-23&#8243; module_class=&#8221;pa-image-1-1&#8243; _builder_version=&#8221;4.27.4&#8243; _module_preset=&#8221;default&#8221; hover_enabled=&#8221;0&#8243; dvmd_acat_aria_label=&#8221;Zwei blaue Kranabst\u00fctzplatten werden mit Seilz\u00fcgen an einem Kranhaken hochgehoben, umgeben von Lagerhalle und Maschinenpark.&#8221; border_radii=&#8221;on|10px|10px|10px|10px&#8221; global_colors_info=&#8221;{}&#8221; sticky_enabled=&#8221;0&#8243;][\/et_pb_image][\/et_pb_column][et_pb_column type=&#8221;1_4&#8243; _builder_version=&#8221;4.24.2&#8243; _module_preset=&#8221;default&#8221; global_colors_info=&#8221;{}&#8221;][et_pb_image src=&#8221;https:\/\/www.kranabstuetzplatten.com\/wp-content\/uploads\/2024\/02\/kopfmedia_feinwerk-group-kranabstuetzplatten-2000px-9.webp&#8221; title_text=&#8221;kopfmedia_feinwerk-group-kranabstuetzplatten-2000px-9&#8243; module_class=&#8221;pa-image-1-1&#8243; _builder_version=&#8221;4.27.4&#8243; _module_preset=&#8221;default&#8221; hover_enabled=&#8221;0&#8243; dvmd_acat_aria_label=&#8221;Vier gr\u00fcne Kranabst\u00fctzplatten mit roten Hebepunkten auf einer Palette gestapelt, seitlich ist das feinwerk Group Logo angebracht.&#8221; border_radii=&#8221;on|10px|10px|10px|10px&#8221; global_colors_info=&#8221;{}&#8221; sticky_enabled=&#8221;0&#8243;][\/et_pb_image][\/et_pb_column][et_pb_column type=&#8221;1_4&#8243; _builder_version=&#8221;4.24.2&#8243; _module_preset=&#8221;default&#8221; global_colors_info=&#8221;{}&#8221;][et_pb_image src=&#8221;https:\/\/www.kranabstuetzplatten.com\/wp-content\/uploads\/2024\/02\/kopfmedia_feinwerk-group-kranabstuetzplatten-2000px-11.webp&#8221; title_text=&#8221;kopfmedia_feinwerk-group-kranabstuetzplatten-2000px-11&#8243; module_class=&#8221;pa-image-1-1&#8243; _builder_version=&#8221;4.27.4&#8243; _module_preset=&#8221;default&#8221; hover_enabled=&#8221;0&#8243; dvmd_acat_aria_label=&#8221;Nahaufnahme der orangen Stapelfixierungen auf einer gr\u00fcnen Kranabst\u00fctzplatte, die Fixierungen sind ge\u00f6ffnet und dienen der sicheren Stapelung&#8221; border_radii=&#8221;on|10px|10px|10px|10px&#8221; global_colors_info=&#8221;{}&#8221; sticky_enabled=&#8221;0&#8243;][\/et_pb_image][\/et_pb_column][\/et_pb_row][et_pb_row column_structure=&#8221;1_4,1_4,1_4,1_4&#8243; use_custom_gutter=&#8221;on&#8221; gutter_width=&#8221;2&#8243; make_equal=&#8221;on&#8221; _builder_version=&#8221;4.24.2&#8243; _module_preset=&#8221;default&#8221; max_width=&#8221;1600px&#8221; global_colors_info=&#8221;{}&#8221;][et_pb_column type=&#8221;1_4&#8243; _builder_version=&#8221;4.24.2&#8243; _module_preset=&#8221;default&#8221; global_colors_info=&#8221;{}&#8221;][et_pb_image src=&#8221;https:\/\/www.kranabstuetzplatten.com\/wp-content\/uploads\/2024\/02\/kopfmedia_feinwerk-group-kranabstuetzplatten-2000px-13.webp&#8221; title_text=&#8221;kopfmedia_feinwerk-group-kranabstuetzplatten-2000px-13&#8243; module_class=&#8221;pa-image-1-1&#8243; _builder_version=&#8221;4.27.4&#8243; _module_preset=&#8221;default&#8221; hover_enabled=&#8221;0&#8243; dvmd_acat_aria_label=&#8221;Mehrere gelbe Kranabst\u00fctzplatten mit roten Hebepunkten stehen auf einer Palette im Au\u00dfenbereich vor einer gr\u00fcnen Platte im Vordergrund&#8221; border_radii=&#8221;on|10px|10px|10px|10px&#8221; global_colors_info=&#8221;{}&#8221; sticky_enabled=&#8221;0&#8243;][\/et_pb_image][\/et_pb_column][et_pb_column type=&#8221;1_4&#8243; _builder_version=&#8221;4.24.2&#8243; _module_preset=&#8221;default&#8221; global_colors_info=&#8221;{}&#8221;][et_pb_image src=&#8221;https:\/\/www.kranabstuetzplatten.com\/wp-content\/uploads\/2024\/02\/kopfmedia_feinwerk-group-kranabstuetzplatten-2000px-10.webp&#8221; title_text=&#8221;kopfmedia_feinwerk-group-kranabstuetzplatten-2000px-10&#8243; module_class=&#8221;pa-image-1-1&#8243; _builder_version=&#8221;4.27.4&#8243; _module_preset=&#8221;default&#8221; hover_enabled=&#8221;0&#8243; dvmd_acat_aria_label=&#8221;Vier orangefarbene Kranabst\u00fctzplatten mit eingepr\u00e4gtem feinwerk Group Logo auf einer Palette gestapelt, Hebepunkte an der Seite sichtbar.&#8221; border_radii=&#8221;on|10px|10px|10px|10px&#8221; global_colors_info=&#8221;{}&#8221; sticky_enabled=&#8221;0&#8243;][\/et_pb_image][\/et_pb_column][et_pb_column type=&#8221;1_4&#8243; _builder_version=&#8221;4.24.2&#8243; _module_preset=&#8221;default&#8221; global_colors_info=&#8221;{}&#8221;][et_pb_image src=&#8221;https:\/\/www.kranabstuetzplatten.com\/wp-content\/uploads\/2024\/02\/kopfmedia_feinwerk-group-kranabstuetzplatten-2000px-20.webp&#8221; title_text=&#8221;kopfmedia_feinwerk-group-kranabstuetzplatten-2000px-20&#8243; module_class=&#8221;pa-image-1-1&#8243; _builder_version=&#8221;4.27.4&#8243; _module_preset=&#8221;default&#8221; hover_enabled=&#8221;0&#8243; dvmd_acat_aria_label=&#8221;Gestapelte Kranabst\u00fctzplatten in grau, orange und gr\u00fcn im Au\u00dfenlagerbereich der feinwerk Group, Hintergrund mit Firmenlogo und B\u00e4umen.&#8221; border_radii=&#8221;on|10px|10px|10px|10px&#8221; global_colors_info=&#8221;{}&#8221; sticky_enabled=&#8221;0&#8243;][\/et_pb_image][\/et_pb_column][et_pb_column type=&#8221;1_4&#8243; _builder_version=&#8221;4.24.2&#8243; _module_preset=&#8221;default&#8221; global_colors_info=&#8221;{}&#8221;][et_pb_image src=&#8221;https:\/\/www.kranabstuetzplatten.com\/wp-content\/uploads\/2024\/02\/kopfmedia_feinwerk-group-kranabstuetzplatten-2000px-15-1.webp&#8221; title_text=&#8221;kopfmedia_feinwerk-group-kranabstuetzplatten-2000px-15&#8243; module_class=&#8221;pa-image-1-1&#8243; _builder_version=&#8221;4.27.4&#8243; _module_preset=&#8221;default&#8221; hover_enabled=&#8221;0&#8243; dvmd_acat_aria_label=&#8221;Vier silbergraue Kranabst\u00fctzplatten mit orangen Hebepunkten auf einer Holzpalette, dahinter orangefarbene Platten, gestapelt im Au\u00dfenbereich.&#8221; border_radii=&#8221;on|10px|10px|10px|10px&#8221; global_colors_info=&#8221;{}&#8221; sticky_enabled=&#8221;0&#8243;][\/et_pb_image][\/et_pb_column][\/et_pb_row][\/et_pb_section][et_pb_section fb_built=&#8221;1&#8243; _builder_version=&#8221;4.24.2&#8243; _module_preset=&#8221;default&#8221; custom_margin=&#8221;||||false|false&#8221; custom_margin_tablet=&#8221;||||false|false&#8221; custom_margin_phone=&#8221;||||false|true&#8221; custom_margin_last_edited=&#8221;on|phone&#8221; global_colors_info=&#8221;{}&#8221;][et_pb_row column_structure=&#8221;1_2,1_2&#8243; make_equal=&#8221;on&#8221; custom_padding_last_edited=&#8221;on|phone&#8221; _builder_version=&#8221;4.24.2&#8243; _module_preset=&#8221;default&#8221; background_color=&#8221;gcid-900d4a25-5d4d-4445-b994-67d8dc7f68c1&#8243; max_width=&#8221;1600px&#8221; custom_margin=&#8221;||||false|false&#8221; custom_margin_tablet=&#8221;||||false|false&#8221; custom_margin_phone=&#8221;||||false|false&#8221; custom_margin_last_edited=&#8221;on|phone&#8221; custom_padding=&#8221;0px|0px|0px|0px|false|true&#8221; custom_padding_tablet=&#8221;50px||||false|true&#8221; custom_padding_phone=&#8221;50px||||false|true&#8221; border_radii=&#8221;on|10px|10px|10px|10px&#8221; global_colors_info=&#8221;{%22gcid-900d4a25-5d4d-4445-b994-67d8dc7f68c1%22:%91%22background_color%22%93}&#8221;][et_pb_column type=&#8221;1_2&#8243; _builder_version=&#8221;4.24.2&#8243; _module_preset=&#8221;default&#8221; custom_padding=&#8221;|45px||45px|false|true&#8221; custom_css_main_element=&#8221;margin: auto;&#8221; global_colors_info=&#8221;{}&#8221;][et_pb_text _builder_version=&#8221;4.24.0&#8243; _module_preset=&#8221;default&#8221; header_text_color=&#8221;gcid-5ea6f707-7589-495b-ac14-f55a09689654&#8243; global_colors_info=&#8221;{%22gcid-5ea6f707-7589-495b-ac14-f55a09689654%22:%91%22header_text_color%22%93}&#8221;]<\/p>\n<h2>Su logotipo en la placa de soporte de la gr\u00faa<\/h2>\n<p>[\/et_pb_text][et_pb_text _builder_version=&#8221;4.24.2&#8243; _module_preset=&#8221;default&#8221; custom_padding=&#8221;||10px||false|false&#8221; custom_padding_tablet=&#8221;||10px||false|false&#8221; custom_padding_phone=&#8221;||10px||false|false&#8221; custom_padding_last_edited=&#8221;on|tablet&#8221; global_colors_info=&#8221;{}&#8221;]<\/p>\n<p>Personalice su placa de soporte de gr\u00faa con su propio logotipo. En Feinwerk Technologies le ofrecemos la posibilidad de personalizar sus placas de soporte para gr\u00faas no s\u00f3lo desde el punto de vista funcional, sino tambi\u00e9n visual. <\/p>\n<p>[\/et_pb_text][\/et_pb_column][et_pb_column type=&#8221;1_2&#8243; _builder_version=&#8221;4.24.2&#8243; _module_preset=&#8221;default&#8221; custom_css_main_element=&#8221;margin: auto;&#8221; global_colors_info=&#8221;{}&#8221;][et_pb_code _builder_version=&#8221;4.27.4&#8243; _module_preset=&#8221;default&#8221; background_image=&#8221;https:\/\/www.kranabstuetzplatten.com\/wp-content\/uploads\/2024\/02\/kopfmedia_feinwerk-group-kranabstuetzplatten_ihre_Werbung.jpg&#8221; background_position=&#8221;top_center&#8221; height=&#8221;420px&#8221; height_tablet=&#8221;300px&#8221; height_phone=&#8221;200px&#8221; height_last_edited=&#8221;on|phone&#8221; hover_enabled=&#8221;0&#8243; dvmd_acat_aria_label=&#8221;Zwei nebeneinanderliegende blaue Kranabst\u00fctzplatten mit dem Schriftzug &#8216;Ihre Werbung&#8217; auf Metallplaketten. Die Platten sind auf einem gepflasterten Untergrund gestapelt und zeigen die M\u00f6glichkeit zur individuellen Logoplatzierung auf den Produkten von Feinwerk Technologies.%22  Wenn du m\u00f6chtest, kann ich dir auch einen passenden aria-label-Text f\u00fcr kombinierte Inhalte oder andere individuelle Anpassungen schreiben.&#8221; border_radii=&#8221;on|10px|10px|10px|10px&#8221; global_colors_info=&#8221;{}&#8221; sticky_enabled=&#8221;0&#8243;][\/et_pb_code][\/et_pb_column][\/et_pb_row][\/et_pb_section][et_pb_section fb_built=&#8221;1&#8243; _builder_version=&#8221;4.24.2&#8243; _module_preset=&#8221;default&#8221; custom_margin_tablet=&#8221;&#8221; custom_margin_phone=&#8221;||||false|true&#8221; custom_margin_last_edited=&#8221;on|phone&#8221; custom_padding=&#8221;20px||20px||false|false&#8221; global_colors_info=&#8221;{}&#8221;][et_pb_row _builder_version=&#8221;4.24.0&#8243; _module_preset=&#8221;default&#8221; global_colors_info=&#8221;{}&#8221;][et_pb_column type=&#8221;4_4&#8243; _builder_version=&#8221;4.24.0&#8243; _module_preset=&#8221;default&#8221; global_colors_info=&#8221;{}&#8221;][et_pb_text _builder_version=&#8221;4.24.0&#8243; _module_preset=&#8221;default&#8221; header_2_text_color=&#8221;gcid-5ea6f707-7589-495b-ac14-f55a09689654&#8243; global_colors_info=&#8221;{%22gcid-5ea6f707-7589-495b-ac14-f55a09689654%22:%91%22header_2_text_color%22%93}&#8221;]<\/p>\n<h2 style=\"text-align: center;\">Configure su placa<br \/>con una capacidad de carga de hasta 300 toneladas<\/h2>\n<p>[\/et_pb_text][et_pb_text _builder_version=&#8221;4.24.0&#8243; _module_preset=&#8221;default&#8221; custom_margin=&#8221;||50px||false|false&#8221; global_colors_info=&#8221;{}&#8221;]<\/p>\n<p style=\"text-align: center;\"><a class=\"btn-link\" href=\"https:\/\/www.kranabstuetzplatten.com\/es\/configurador\/\">Configurar ahora<\/a><\/p>\n<p>[\/et_pb_text][\/et_pb_column][\/et_pb_row][\/et_pb_section]<\/p>\n","protected":false},"excerpt":{"rendered":"<p>PinturaSelecci\u00f3n de colores RAL y pinturas especialesSelecci\u00f3n de colores RAL: Individualidad en cada matizConf\u00ede no s\u00f3lo en la estabilidad y calidad de nuestras placas de soporte para gr\u00faas, sino tambi\u00e9n en su dise\u00f1o exclusivo. Puede encargarnos las placas de soporte de gr\u00faa en el color de su empresa. Sum\u00e9rjase en la variedad de colores RAL [&hellip;]<\/p>\n","protected":false},"author":1,"featured_media":1966,"parent":0,"menu_order":0,"comment_status":"closed","ping_status":"closed","template":"","meta":{"_acf_changed":false,"_et_pb_use_builder":"on","_et_pb_old_content":"","_et_gb_content_width":"","inline_featured_image":false,"footnotes":""},"class_list":["post-3061","page","type-page","status-publish","has-post-thumbnail","hentry"],"acf":[],"tag_names":[],"category_names":[],"thumbnail":"https:\/\/www.kranabstuetzplatten.com\/wp-content\/uploads\/2024\/02\/kopfmedia_feinwerk-group-kranabstuetzplatten-2000px-19.webp","_links":{"self":[{"href":"https:\/\/www.kranabstuetzplatten.com\/es\/wp-json\/wp\/v2\/pages\/3061","targetHints":{"allow":["GET"]}}],"collection":[{"href":"https:\/\/www.kranabstuetzplatten.com\/es\/wp-json\/wp\/v2\/pages"}],"about":[{"href":"https:\/\/www.kranabstuetzplatten.com\/es\/wp-json\/wp\/v2\/types\/page"}],"author":[{"embeddable":true,"href":"https:\/\/www.kranabstuetzplatten.com\/es\/wp-json\/wp\/v2\/users\/1"}],"replies":[{"embeddable":true,"href":"https:\/\/www.kranabstuetzplatten.com\/es\/wp-json\/wp\/v2\/comments?post=3061"}],"version-history":[{"count":10,"href":"https:\/\/www.kranabstuetzplatten.com\/es\/wp-json\/wp\/v2\/pages\/3061\/revisions"}],"predecessor-version":[{"id":6597,"href":"https:\/\/www.kranabstuetzplatten.com\/es\/wp-json\/wp\/v2\/pages\/3061\/revisions\/6597"}],"wp:featuredmedia":[{"embeddable":true,"href":"https:\/\/www.kranabstuetzplatten.com\/es\/wp-json\/wp\/v2\/media\/1966"}],"wp:attachment":[{"href":"https:\/\/www.kranabstuetzplatten.com\/es\/wp-json\/wp\/v2\/media?parent=3061"}],"curies":[{"name":"wp","href":"https:\/\/api.w.org\/{rel}","templated":true}]}}