{"id":5992,"date":"2024-01-29T11:32:20","date_gmt":"2024-01-29T10:32:20","guid":{"rendered":"https:\/\/www.kranabstuetzplatten.com\/sustainability\/"},"modified":"2025-07-02T07:36:24","modified_gmt":"2025-07-02T05:36:24","slug":"sustainability","status":"publish","type":"page","link":"https:\/\/www.kranabstuetzplatten.com\/cs\/sustainability\/","title":{"rendered":"Udr\u017eitelnost"},"content":{"rendered":"<p>[et_pb_section fb_built=&#8221;1&#8243; custom_padding_last_edited=&#8221;on|phone&#8221; _builder_version=&#8221;4.24.2&#8243; _module_preset=&#8221;default&#8221; custom_margin=&#8221;||||false|false&#8221; custom_margin_tablet=&#8221;||||false|false&#8221; custom_margin_phone=&#8221;||||false|true&#8221; custom_margin_last_edited=&#8221;on|phone&#8221; custom_padding_tablet=&#8221;||0px||false|false&#8221; custom_padding_phone=&#8221;||0px||false|false&#8221; global_colors_info=&#8221;{}&#8221;][et_pb_row make_equal=&#8221;on&#8221; _builder_version=&#8221;4.24.0&#8243; _module_preset=&#8221;default&#8221; max_width=&#8221;1600px&#8221; min_height=&#8221;400px&#8221; min_height_tablet=&#8221;200px&#8221; min_height_phone=&#8221;&#8221; min_height_last_edited=&#8221;on|tablet&#8221; custom_margin=&#8221;100px||||false|false&#8221; custom_padding=&#8221;25px|0px|25px|0px|true|true&#8221; global_colors_info=&#8221;{}&#8221;][et_pb_column type=&#8221;4_4&#8243; _builder_version=&#8221;4.24.0&#8243; _module_preset=&#8221;default&#8221; custom_css_main_element=&#8221;margin: auto;&#8221; global_colors_info=&#8221;{}&#8221;][et_pb_text _builder_version=&#8221;4.24.0&#8243; _module_preset=&#8221;default&#8221; header_text_color=&#8221;gcid-5ea6f707-7589-495b-ac14-f55a09689654&#8243; global_colors_info=&#8221;{%22gcid-5ea6f707-7589-495b-ac14-f55a09689654%22:%91%22header_text_color%22%93}&#8221;]<\/p>\n<h1 style=\"text-align: center;\">Udr\u017eitelnost<\/h1>\n<p>[\/et_pb_text][et_pb_text _builder_version=&#8221;4.24.0&#8243; _module_preset=&#8221;default&#8221; header_5_text_color=&#8221;gcid-5fff3dbb-f849-4bc0-a4a8-65251b0d45ee&#8221; global_colors_info=&#8221;{%22gcid-5fff3dbb-f849-4bc0-a4a8-65251b0d45ee%22:%91%22header_5_text_color%22%93}&#8221;]<\/p>\n<h5 style=\"text-align: center;\">\u00daspory CO2 a budoucnost<\/h5>\n<p>[\/et_pb_text][\/et_pb_column][\/et_pb_row][\/et_pb_section][et_pb_section fb_built=&#8221;1&#8243; _builder_version=&#8221;4.24.2&#8243; _module_preset=&#8221;default&#8221; custom_margin_tablet=&#8221;&#8221; custom_margin_phone=&#8221;||||false|true&#8221; custom_margin_last_edited=&#8221;on|phone&#8221; custom_padding=&#8221;||0px||false|false&#8221; global_colors_info=&#8221;{}&#8221;][et_pb_row column_structure=&#8221;1_2,1_2&#8243; _builder_version=&#8221;4.24.0&#8243; _module_preset=&#8221;default&#8221; max_width=&#8221;1600px&#8221; global_colors_info=&#8221;{}&#8221;][et_pb_column type=&#8221;1_2&#8243; _builder_version=&#8221;4.24.0&#8243; _module_preset=&#8221;default&#8221; custom_css_main_element=&#8221;margin:auto;&#8221; global_colors_info=&#8221;{}&#8221;][et_pb_text _builder_version=&#8221;4.24.0&#8243; _module_preset=&#8221;default&#8221; header_5_text_color=&#8221;gcid-5ea6f707-7589-495b-ac14-f55a09689654&#8243; global_colors_info=&#8221;{%22gcid-5ea6f707-7589-495b-ac14-f55a09689654%22:%91%22header_5_text_color%22%93}&#8221;]<\/p>\n<h2>\u00daspory CO2: m\u011b\u0159iteln\u00e9 \u00fasp\u011bchy<\/h2>\n<p>[\/et_pb_text][\/et_pb_column][et_pb_column type=&#8221;1_2&#8243; _builder_version=&#8221;4.24.0&#8243; _module_preset=&#8221;default&#8221; custom_css_main_element=&#8221;margin:auto;&#8221; global_colors_info=&#8221;{}&#8221;][et_pb_text _builder_version=&#8221;4.24.2&#8243; _module_preset=&#8221;default&#8221; global_colors_info=&#8221;{}&#8221;]<\/p>\n<p>Ve spole\u010dnosti Feinwerk Technologies m\u011b\u0159\u00edme sv\u016fj \u00fasp\u011bch nejen podle ekonomick\u00fdch ukazatel\u016f, ale tak\u00e9 podle na\u0161eho p\u0159\u00edsp\u011bvku k ochran\u011b \u017eivotn\u00edho prost\u0159ed\u00ed. V\u00fdvojem leh\u010d\u00edch a \u00fa\u010dinn\u011bj\u0161\u00edch nosn\u00fdch desek je\u0159\u00e1b\u016f aktivn\u011b p\u0159isp\u00edv\u00e1me ke sni\u017eov\u00e1n\u00ed emis\u00ed CO2. Na\u0161e iniciativy na sn\u00ed\u017een\u00ed emis\u00ed CO2 jsou jasn\u00fdm z\u00e1vazkem v\u016f\u010di na\u0161\u00ed planet\u011b a ukazuj\u00ed, \u017ee vysok\u00e1 v\u00fdkonnost a ekologick\u00e1 udr\u017eitelnost mohou j\u00edt ruku v ruce.  <\/p>\n<p>[\/et_pb_text][\/et_pb_column][\/et_pb_row][et_pb_row column_structure=&#8221;1_2,1_2&#8243; use_custom_gutter=&#8221;on&#8221; gutter_width=&#8221;2&#8243; make_equal=&#8221;on&#8221; _builder_version=&#8221;4.24.0&#8243; _module_preset=&#8221;default&#8221; max_width=&#8221;1600px&#8221; global_colors_info=&#8221;{}&#8221;][et_pb_column type=&#8221;1_2&#8243; _builder_version=&#8221;4.24.0&#8243; _module_preset=&#8221;default&#8221; background_color=&#8221;gcid-900d4a25-5d4d-4445-b994-67d8dc7f68c1&#8243; border_radii=&#8221;on|10px|10px|10px|10px&#8221; global_colors_info=&#8221;{%22gcid-900d4a25-5d4d-4445-b994-67d8dc7f68c1%22:%91%22background_color%22%93}&#8221;][et_pb_text content_tablet=&#8221;<\/p>\n<div class=%22kab-details-container%22>\n<h2>Podp\u011brn\u00e9 desky je\u0159\u00e1bu<\/h2>\n<div class=%22badge-container%22>\n<div class=%22badge badge-white%22><span class=%22feinwerk-icon-feather%22><\/span>V\u00fdkonnostn\u00ed varianta<\/div>\n<div class=%22badge badge-blue%22>a\u017e -20 % hmotnosti<\/div>\n<div class=%22badge badge-green%22><span class=%22feinwerk-icon-leaf%22><\/span>Sn\u00ed\u017een\u00ed emis\u00ed CO2<\/div>\n<\/div>\n<\/div>\n<p>&#8221; content_phone=&#8221;<\/p>\n<div class=%22kab-details-container%22>\n<h2 style=%22text-align: left;%22>Podp\u011brn\u00e9 desky je\u0159\u00e1bu<\/h2>\n<div class=%22badge-container%22>\n<div class=%22badge badge-white%22 style=%22text-align: left;%22><span class=%22feinwerk-icon-feather%22><\/span>V\u00fdkonnostn\u00ed varianta<\/div>\n<div class=%22badge badge-blue%22 style=%22text-align: left;%22>a\u017e -20 % hmotnosti<\/div>\n<div class=%22badge badge-green%22 style=%22text-align: left;%22><span class=%22feinwerk-icon-leaf%22><\/span>Sn\u00ed\u017een\u00ed emis\u00ed CO2<\/div>\n<\/div>\n<\/div>\n<p>&#8221; content_last_edited=&#8221;on|phone&#8221; _builder_version=&#8221;4.24.2&#8243; _module_preset=&#8221;default&#8221; custom_padding=&#8221;40px|40px|40px|40px|true|true&#8221; custom_css_main_element=&#8221;display:flex;||align-items:center;||justify-content:center;||height: 100%;&#8221; custom_css_free_form=&#8221;.kab-details-container{||  display:grid;||  grid-template-columns: 1fr 1fr;||  align-items: center;||  gap: 20px;||}||||@media(max-width: 1400px){||  .kab-details-container{||    grid-template-columns: 1fr;||  }||}&#8221; global_colors_info=&#8221;{}&#8221;]<\/p>\n<div class=\"kab-details-container\">\n<h2>V\u00fdhody<\/h2>\n<div class=\"badge-container\">\n<div class=\"badge badge-white\"><span class=\"feinwerk-icon-feather\"><\/span>V\u00fdkonnostn\u00ed varianta<\/div>\n<div class=\"badge badge-blue\">a\u017e -20 % hmotnosti<\/div>\n<div class=\"badge badge-green\"><span class=\"feinwerk-icon-leaf\"><\/span>Sn\u00ed\u017een\u00ed emis\u00ed CO2<\/div>\n<\/div>\n<\/div>\n<p>[\/et_pb_text][\/et_pb_column][et_pb_column type=&#8221;1_2&#8243; _builder_version=&#8221;4.24.0&#8243; _module_preset=&#8221;default&#8221; background_color=&#8221;gcid-900d4a25-5d4d-4445-b994-67d8dc7f68c1&#8243; border_radii=&#8221;on|10px|10px|10px|10px&#8221; global_colors_info=&#8221;{%22gcid-900d4a25-5d4d-4445-b994-67d8dc7f68c1%22:%91%22background_color%22%93}&#8221;][et_pb_image src=&#8221; https:\/\/www.kranabstuetzplatten.com\/wp-content\/uploads\/2025\/07\/kopfmedia_Feinwerk-Anschalg-3_uebersicht.537.webp&#8221; title_text=&#8221;head_media_fine_work_crane_support_plates_A3_overview.36&#8243; _builder_version=&#8221;4.27.4&#8243; _module_preset=&#8221;default&#8221; dvmd_acat_aria_label=&#8221;Produktabbildung einer wei\u00dfen Kranabst\u00fctzplatte der Feinwerk Group mit blauem Anschlagpunkt. Daneben werden drei Vorteile hervorgehoben: Performance-Variante, bis zu 20 Prozent Gewichtsreduktion und CO2-Reduzierung.&#8221; global_colors_info=&#8221;{}&#8221;][\/et_pb_image][\/et_pb_column][\/et_pb_row][et_pb_row _builder_version=&#8221;4.24.0&#8243; _module_preset=&#8221;default&#8221; max_width=&#8221;1600px&#8221; global_colors_info=&#8221;{}&#8221;][et_pb_column type=&#8221;4_4&#8243; _builder_version=&#8221;4.24.0&#8243; _module_preset=&#8221;default&#8221; custom_css_main_element=&#8221;margin:auto;&#8221; global_colors_info=&#8221;{}&#8221;][et_pb_code _builder_version=&#8221;4.27.4&#8243; _module_preset=&#8221;default&#8221; background_image=&#8221;https:\/\/www.kranabstuetzplatten.com\/wp-content\/uploads\/2024\/02\/feinwerk_nachhaltigkeit-min.jpg&#8221; min_height=&#8221;500px&#8221; dvmd_acat_aria_label=&#8221;Panoramaaufnahme eines bewaldeten Mittelgebirges mit nebelverhangenen H\u00fcgeln. Symbolisiert die Umweltfreundlichkeit und Nachhaltigkeit der Produkte von Feinwerk Technologies.&#8221; border_radii=&#8221;on|10px|10px|10px|10px&#8221; global_colors_info=&#8221;{}&#8221;][\/et_pb_code][\/et_pb_column][\/et_pb_row][\/et_pb_section][et_pb_section fb_built=&#8221;1&#8243; _builder_version=&#8221;4.24.2&#8243; _module_preset=&#8221;default&#8221; custom_margin_tablet=&#8221;&#8221; custom_margin_phone=&#8221;||||false|true&#8221; custom_margin_last_edited=&#8221;on|phone&#8221; global_colors_info=&#8221;{}&#8221;][et_pb_row column_structure=&#8221;1_3,2_3&#8243; _builder_version=&#8221;4.24.2&#8243; _module_preset=&#8221;default&#8221; background_color=&#8221;gcid-900d4a25-5d4d-4445-b994-67d8dc7f68c1&#8243; max_width=&#8221;1600px&#8221; custom_padding=&#8221;50px|50px|50px|50px|true|true&#8221; border_radii=&#8221;on|10px|10px|10px|10px&#8221; global_colors_info=&#8221;{%22gcid-900d4a25-5d4d-4445-b994-67d8dc7f68c1%22:%91%22background_color%22%93}&#8221;][et_pb_column type=&#8221;1_3&#8243; _builder_version=&#8221;4.24.0&#8243; _module_preset=&#8221;default&#8221; custom_css_main_element=&#8221;margin:auto;&#8221; global_colors_info=&#8221;{}&#8221;][et_pb_text _builder_version=&#8221;4.24.0&#8243; _module_preset=&#8221;default&#8221; header_2_text_color=&#8221;gcid-5ea6f707-7589-495b-ac14-f55a09689654&#8243; header_5_text_color=&#8221;gcid-5ea6f707-7589-495b-ac14-f55a09689654&#8243; custom_margin=&#8221;||20px||false|false&#8221; global_colors_info=&#8221;{%22gcid-5ea6f707-7589-495b-ac14-f55a09689654%22:%91%22header_5_text_color%22,%22header_2_text_color%22%93}&#8221;]<\/p>\n<h2>Na\u0161e cesta vp\u0159ed: udr\u017eitelnost jako trval\u00e1 cesta<\/h2>\n<p>[\/et_pb_text][et_pb_text _builder_version=&#8221;4.24.0&#8243; _module_preset=&#8221;default&#8221; header_4_text_color=&#8221;gcid-5ea6f707-7589-495b-ac14-f55a09689654&#8243; custom_margin_tablet=&#8221;||30px||false|false&#8221; custom_margin_phone=&#8221;||30px||false|false&#8221; custom_margin_last_edited=&#8221;on|tablet&#8221; global_colors_info=&#8221;{%22gcid-5ea6f707-7589-495b-ac14-f55a09689654%22:%91%22header_4_text_color%22%93}&#8221;]<\/p>\n<h4 class=\"feinwerk-icon-feinwerk-logo\"><\/h4>\n<p>[\/et_pb_text][\/et_pb_column][et_pb_column type=&#8221;2_3&#8243; _builder_version=&#8221;4.24.0&#8243; _module_preset=&#8221;default&#8221; custom_css_main_element=&#8221;margin:auto;&#8221; global_colors_info=&#8221;{}&#8221;][et_pb_text _builder_version=&#8221;4.24.2&#8243; _module_preset=&#8221;default&#8221; global_colors_info=&#8221;{}&#8221;]<\/p>\n<p>Udr\u017eitelnost ve spole\u010dnosti Feinwerk Technologies je trval\u00fd proces. V\u017edy se sna\u017e\u00edme d\u00e1le zlep\u0161ovat na\u0161e v\u00fdrobky, procesy a postupy, abychom sn\u00ed\u017eili na\u0161i ekologickou stopu. Na\u0161e vize do budoucna zahrnuje inovativn\u00ed projekty a iniciativy, jejich\u017e c\u00edlem je posunout hranice toho, co je z hlediska udr\u017eitelnosti mo\u017en\u00e9. Zveme na\u0161e z\u00e1kazn\u00edky a partnery, aby se k n\u00e1m na t\u00e9to cest\u011b p\u0159ipojili a spole\u010dn\u011b s n\u00e1mi vytvo\u0159ili udr\u017eiteln\u011bj\u0161\u00ed budoucnost.   <\/p>\n<p>[\/et_pb_text][\/et_pb_column][\/et_pb_row][\/et_pb_section]<\/p>\n","protected":false},"excerpt":{"rendered":"<p>Udr\u017eitelnost\u00daspory CO2 a budoucnost\u00daspory CO2: m\u011b\u0159iteln\u00e9 \u00fasp\u011bchyVe spole\u010dnosti Feinwerk Technologies m\u011b\u0159\u00edme sv\u016fj \u00fasp\u011bch nejen podle ekonomick\u00fdch ukazatel\u016f, ale tak\u00e9 podle na\u0161eho p\u0159\u00edsp\u011bvku k ochran\u011b \u017eivotn\u00edho prost\u0159ed\u00ed. V\u00fdvojem leh\u010d\u00edch a \u00fa\u010dinn\u011bj\u0161\u00edch nosn\u00fdch desek je\u0159\u00e1b\u016f aktivn\u011b p\u0159isp\u00edv\u00e1me ke sni\u017eov\u00e1n\u00ed emis\u00ed CO2. Na\u0161e iniciativy na sn\u00ed\u017een\u00ed emis\u00ed CO2 jsou jasn\u00fdm z\u00e1vazkem v\u016f\u010di na\u0161\u00ed planet\u011b a ukazuj\u00ed, \u017ee vysok\u00e1 [&hellip;]<\/p>\n","protected":false},"author":1,"featured_media":5993,"parent":0,"menu_order":0,"comment_status":"closed","ping_status":"closed","template":"","meta":{"_acf_changed":false,"_et_pb_use_builder":"on","_et_pb_old_content":"","_et_gb_content_width":"","inline_featured_image":false,"footnotes":""},"class_list":["post-5992","page","type-page","status-publish","has-post-thumbnail","hentry"],"acf":[],"tag_names":[],"category_names":[],"thumbnail":"https:\/\/www.kranabstuetzplatten.com\/wp-content\/uploads\/2024\/02\/feinwerk_nachhaltigkeit-min.jpg","_links":{"self":[{"href":"https:\/\/www.kranabstuetzplatten.com\/cs\/wp-json\/wp\/v2\/pages\/5992","targetHints":{"allow":["GET"]}}],"collection":[{"href":"https:\/\/www.kranabstuetzplatten.com\/cs\/wp-json\/wp\/v2\/pages"}],"about":[{"href":"https:\/\/www.kranabstuetzplatten.com\/cs\/wp-json\/wp\/v2\/types\/page"}],"author":[{"embeddable":true,"href":"https:\/\/www.kranabstuetzplatten.com\/cs\/wp-json\/wp\/v2\/users\/1"}],"replies":[{"embeddable":true,"href":"https:\/\/www.kranabstuetzplatten.com\/cs\/wp-json\/wp\/v2\/comments?post=5992"}],"version-history":[{"count":3,"href":"https:\/\/www.kranabstuetzplatten.com\/cs\/wp-json\/wp\/v2\/pages\/5992\/revisions"}],"predecessor-version":[{"id":6497,"href":"https:\/\/www.kranabstuetzplatten.com\/cs\/wp-json\/wp\/v2\/pages\/5992\/revisions\/6497"}],"wp:featuredmedia":[{"embeddable":true,"href":"https:\/\/www.kranabstuetzplatten.com\/cs\/wp-json\/wp\/v2\/media\/5993"}],"wp:attachment":[{"href":"https:\/\/www.kranabstuetzplatten.com\/cs\/wp-json\/wp\/v2\/media?parent=5992"}],"curies":[{"name":"wp","href":"https:\/\/api.w.org\/{rel}","templated":true}]}}